{"id":13086,"date":"2020-09-10T09:46:20","date_gmt":"2020-09-10T07:46:20","guid":{"rendered":"https:\/\/empiezapori.com\/disseny-grafic\/disseny-editorial-i-catalegs\/"},"modified":"2022-08-31T11:22:16","modified_gmt":"2022-08-31T09:22:16","slug":"disseny-editorial-i-catalegs","status":"publish","type":"page","link":"https:\/\/empiezapori.com\/ca\/disseny-grafic\/disseny-editorial-i-catalegs\/","title":{"rendered":"Disseny editorial i cat\u00e0legs"},"content":{"rendered":"\n<div class=\"wp-block-columns is-layout-flex wp-container-core-columns-is-layout-28f84493 wp-block-columns-is-layout-flex\">\n<div class=\"wp-block-column is-layout-flow wp-block-column-is-layout-flow\">\n<figure class=\"wp-block-image alignleft size-large is-resized\"><img decoding=\"async\" src=\"http:\/\/empiezapori.es\/wp-content\/uploads\/2020\/09\/ico-editorial-y-catalogos.svg\" alt=\"Disseny editorial i cat\u00e0legs\" class=\"wp-image-5257\" width=\"75\" height=\"75\"\/><\/figure>\n\n\n\n<p>Produ\u00efm qualsevol tipus de publicaci\u00f3 de disseny editorial, com ara cat\u00e0legs, revistes, llibres i fulletons. Encarregant-nos de tot all\u00f2 necessari, disseny, maquetaci\u00f3, fotografia, redacci\u00f3 i traducci\u00f3. Convertim documents a e-book, combinem bases de dades i automatitzem el proc\u00e9s. Si tens una botiga online a Prestashop extraiem les dades i les preparem per treballar-les a Indesign per a la maquetaci\u00f3 del cat\u00e0leg o revista.<\/p>\n<\/div>\n\n\n\n<div class=\"wp-block-column is-layout-flow wp-block-column-is-layout-flow\">\n<blockquote class=\"wp-block-quote is-layout-flow wp-block-quote-is-layout-flow\">\n<p>Experts en maquetaci\u00f3 de cat\u00e0legs i revistes des de fa m\u00e9s de 20 anys.<\/p>\n<\/blockquote>\n<\/div>\n<\/div>\n\n\n\n<div style=\"height:80px\" aria-hidden=\"true\" class=\"wp-block-spacer\"><\/div>\n\n\n\n<div class=\"wp-block-columns is-layout-flex wp-container-core-columns-is-layout-28f84493 wp-block-columns-is-layout-flex\">\n<div class=\"wp-block-column is-layout-flow wp-block-column-is-layout-flow\">\n<h2 class=\"wp-block-heading\">Disseny de cat\u00e0legs<\/h2>\n\n\n\n<p>El <strong>disseny de cat\u00e0legs<\/strong> de serveis consisteix a elaborar un producte de <strong>disseny gr\u00e0fic<\/strong> que presenta <strong>productes o serveis<\/strong> als teus clients potencials. El que m\u00e9s ens importa en emprendre aquest treball \u00e9s establir una <strong>harmonia entre el text, les imatges i els colors<\/strong> .<\/p>\n\n\n\n<p>La maquetaci\u00f3 de cat\u00e0legs presenta a la companyia b\u00e9 sigui en una edici\u00f3 impresa jo en l\u00ednia. Un cat\u00e0leg descriu la l\u00ednia general de productes o serveis que ofereixes als teus clients i s&#8217;ha de dissenyar d&#8217;acord amb els millors est\u00e0ndards de <strong>qualitat t\u00e8cnica i est\u00e8tica<\/strong> .<\/p>\n<\/div>\n\n\n\n<div class=\"wp-block-column is-layout-flow wp-block-column-is-layout-flow\">\n<h3 class=\"wp-block-heading\">Disseny de cat\u00e0legs per a empreses<\/h3>\n\n\n\n<p>Per crear un cat\u00e0leg, \u00e9s indispensable que el dissenyador tingui una combinaci\u00f3 de <strong>creativitat<\/strong> i <strong>experi\u00e8ncia<\/strong> . El nostre equip uneix totes dues qualitats perqu\u00e8 el seu cat\u00e0leg atregui l&#8217;atenci\u00f3 i permeti mostrar f\u00e0cilment la informaci\u00f3. El nostre equip interioritza la <strong>cultura d&#8217;empresa<\/strong> per fer el disseny m\u00e9s fidel a la l\u00ednia est\u00e8tica de l&#8217;empresa.<\/p>\n\n\n\n<p><strong>Empiezapori<\/strong> amb m\u00e9s de 20 anys d&#8217;experi\u00e8ncia, en disseny de cat\u00e0legs, maquetaci\u00f3 de llibres, revistes, diaris, car\u00e0tules, portades, packaging i qualsevol tipus de suport que requereixi disseny gr\u00e0fic, us ofereix la qualitat i confian\u00e7a per realitzar qualsevol projecte.<\/p>\n<\/div>\n<\/div>\n\n\n\n<h3 class=\"wp-block-heading\">Maquetaci\u00f3 de cat\u00e0legs<\/h3>\n\n\n\n<p>La <strong>maquetaci\u00f3 i disseny de cat\u00e0legs<\/strong> i documents corporatius exigeix el domini de diferents aspectes, com ara eines ofim\u00e0tiques, bases de dades, plugins que ens permeten automatitzar tasques i reduir el nombre d&#8217;errors.<\/p>\n\n\n\n<div style=\"height:80px\" aria-hidden=\"true\" class=\"wp-block-spacer\"><\/div>\n\n\n\n<div class=\"wp-block-columns eplus-h42kpe is-layout-flex wp-container-core-columns-is-layout-28f84493 wp-block-columns-is-layout-flex\">\n<div class=\"wp-block-column eplus-SZM6AP is-layout-flow wp-block-column-is-layout-flow\">\n<div class=\"wp-block-uagb-info-box uagb-block-33855675 uagb-infobox__content-wrap  uagb-infobox_cta-type-all uagb-infobox-icon-above-title uagb-infobox-image-valign-top\"><a href=\"https:\/\/empiezapori.com\/ca\/disseny-grafic\/disseny-editorial-i-catalegs\/maquetacio-de-catalegs-revistes-i-llibres\/\" class=\"uagb-infobox-link-wrap uagb-infbox__link-to-all\" target=\"_self\" aria-label=\"Infobox Link\" rel=\"noopener noreferrer\"><\/a><div class=\"uagb-ifb-content\"><div class=\"uagb-ifb-image-content\"><img decoding=\"async\" src=\"https:\/\/empiezapori.es\/wp-content\/uploads\/2020\/12\/empiezapori-maquetacion-catalogo-faro-360x360-1.png\" alt=\"\"\/><\/div><div class=\"uagb-ifb-title-wrap\"><h4 class=\"uagb-ifb-title\">Maquetaci\u00f3 de cat\u00e0legs, revistes i llibres<\/h4><\/div><p class=\"uagb-ifb-desc\">Disseny i maquetaci\u00f3 de cat\u00e0legs dempresa, de producte, revistes i llibres.<\/p><div class=\"uagb-ifb-button-wrapper wp-block-button\"><\/div><\/div><\/div>\n<\/div>\n\n\n\n<div class=\"wp-block-column eplus-Mp4IgM is-layout-flow wp-block-column-is-layout-flow\">\n<div class=\"wp-block-uagb-info-box uagb-block-2f94e98e uagb-infobox__content-wrap  uagb-infobox_cta-type-all uagb-infobox-icon-above-title uagb-infobox-image-valign-top uagb-infobox__outer-wrap\"><a href=\"https:\/\/empiezapori.com\/ca\/disseny-grafic\/disseny-editorial-i-catalegs\/sincronitzacio-de-catalegs-amb-bases-de-dades\/\" class=\"uagb-infobox-link-wrap uagb-infbox__link-to-all\" target=\"_self\" aria-label=\"Infobox Link\" rel=\"noopener noreferrer\"><\/a><div class=\"uagb-ifb-content\"><div class=\"uagb-ifb-image-content\"><img decoding=\"async\" src=\"https:\/\/empiezapori.es\/wp-content\/uploads\/2017\/02\/empiezapori-maquetacion-catalogo-puma.png\" alt=\"\"\/><\/div><div class=\"uagb-ifb-title-wrap\"><h4 class=\"uagb-ifb-title\">Sincronitzaci\u00f3 de cat\u00e0legs amb bases de dades<\/h4><\/div><p class=\"uagb-ifb-desc\">Ideal per a grans vol\u00f2mens o canvis molt r\u00e0pids.<\/p><div class=\"uagb-ifb-button-wrapper wp-block-button\"><\/div><\/div><\/div>\n<\/div>\n\n\n\n<div class=\"wp-block-column eplus-406YK7 is-layout-flow wp-block-column-is-layout-flow\">\n<div class=\"wp-block-uagb-info-box uagb-block-59fccbd8 uagb-infobox__content-wrap  uagb-infobox_cta-type-all uagb-infobox-icon-above-title uagb-infobox-image-valign-top uagb-infobox__outer-wrap\"><a href=\"https:\/\/empiezapori.com\/ca\/disseny-grafic\/disseny-editorial-i-catalegs\/sincronitzacio-botiga-online-prestashop-a-cataleg-en-paper\/\" class=\"uagb-infobox-link-wrap uagb-infbox__link-to-all\" target=\"_self\" aria-label=\"Infobox Link\" rel=\"noopener noreferrer\"><\/a><div class=\"uagb-ifb-content\"><div class=\"uagb-ifb-image-content\"><img decoding=\"async\" src=\"https:\/\/empiezapori.es\/wp-content\/uploads\/2020\/12\/empiezapori-sincronizacion-tienda-online-a-catalogo-360x360-1.jpg\" alt=\"\"\/><\/div><div class=\"uagb-ifb-title-wrap\"><h4 class=\"uagb-ifb-title\">Sincronitzaci\u00f3 botiga Prestashop amb cat\u00e0leg en paper<\/h4><\/div><p class=\"uagb-ifb-desc\">Si tens el teu comer\u00e7 on-line realitzat amb Prestashop i necessites fer un cat\u00e0leg f\u00edsic pot ser la teva opci\u00f3.<\/p><div class=\"uagb-ifb-button-wrapper wp-block-button\"><\/div><\/div><\/div>\n<\/div>\n<\/div>\n\n\n\n<div style=\"height:80px\" aria-hidden=\"true\" class=\"wp-block-spacer\"><\/div>\n\n\n\n<h2 class=\"wp-block-heading\">Projectes de disseny editorial i de cat\u00e0legs realitzats<\/h2>\n\n\n<div class=\"wp-block-visual-portfolio\">\n<div class=\"vp-portfolio vp-uid-448f27d8 vp-id-I3mwj\"\n\tdata-vp-layout=\"masonry\" data-vp-content-source=\"post-based\" data-vp-items-style=\"fade\" data-vp-items-click-action=\"url\" data-vp-items-gap=\"15\" data-vp-items-gap-vertical=\"\" data-vp-pagination=\"load-more\" data-vp-next-page-url=\"https:\/\/empiezapori.com\/ca\/wp-json\/wp\/v2\/pages\/13086?vp_page=2\" data-vp-masonry-columns=\"3\" >\n\t<div class=\"vp-portfolio__preloader-wrap\">\n\t\t<div class=\"vp-portfolio__preloader\">\n\t\t\t<img decoding=\"async\" loading=\"eager\" src=\"https:\/\/empiezapori.com\/wp-content\/plugins\/visual-portfolio\/assets\/images\/logo-dark.svg\" alt=\"Visual Portfolio, Posts &amp; Image Gallery for WordPress\" width=\"20\" height=\"20\" data-skip-lazy>\n\t\t<\/div>\n\t<\/div>\n\t\t<div class=\"vp-portfolio__items-wrap\">\n\t\t\t\n<div class=\"vp-portfolio__items vp-portfolio__items-style-fade vp-portfolio__items-show-overlay-hover\">\n\n\t\t<article\t\tclass=\"vp-portfolio__item-wrap post-41558 portfolio type-portfolio status-publish format-standard has-post-thumbnail hentry portfolio_category-disseny-editorial-i-catalegs portfolio_category-disseny-grafic portfolio_tag-barcelona-ca vp-portfolio__item-uid-a3760be9\" data-vp-filter=\"disseny-editorial-i-catalegs,disseny-grafic\" \t\t>\n\t\t\t\t\t\t\t\t\t<figure class=\"vp-portfolio__item\">\n\t\t\t\t\n<div class=\"vp-portfolio__item-img-wrap\">\n\t<div class=\"vp-portfolio__item-img\">\n\t\t\t<a\n\t\thref=\"https:\/\/empiezapori.com\/ca\/portfolio\/presentacion-interactiva-para-marketplaces-de-momabikes\/\"\n\t\taria-label=\"Presentaci\u00f3 Interactiva per a Marketplaces de Momabikes\" \t>\n\t\n\t\t<noscript><img alt=\"\" decoding=\"async\" width=\"1200\" height=\"900\" data-skip-lazy src=\"https:\/\/empiezapori.com\/wp-content\/uploads\/2025\/08\/presentacion-momabikes-empiezapori-2.jpg\" class=\"wp-image-41551\" alt=\"\" srcset=\"https:\/\/empiezapori.com\/wp-content\/uploads\/2025\/08\/presentacion-momabikes-empiezapori-2.jpg 1200w, https:\/\/empiezapori.com\/wp-content\/uploads\/2025\/08\/presentacion-momabikes-empiezapori-2-300x225.jpg 300w, https:\/\/empiezapori.com\/wp-content\/uploads\/2025\/08\/presentacion-momabikes-empiezapori-2-1024x768.jpg 1024w, https:\/\/empiezapori.com\/wp-content\/uploads\/2025\/08\/presentacion-momabikes-empiezapori-2-768x576.jpg 768w, https:\/\/empiezapori.com\/wp-content\/uploads\/2025\/08\/presentacion-momabikes-empiezapori-2-500x375.jpg 500w, https:\/\/empiezapori.com\/wp-content\/uploads\/2025\/08\/presentacion-momabikes-empiezapori-2-800x600.jpg 800w\" sizes=\"(max-width: 1200px) 100vw, 1200px\" \/><\/noscript><img alt=\"\" fetchpriority=\"high\" decoding=\"async\" width=\"1200\" height=\"900\" src=\"https:\/\/empiezapori.com\/wp-content\/uploads\/2025\/08\/presentacion-momabikes-empiezapori-2.jpg\" class=\"wp-image-41551 vp-lazyload\" alt srcset=\"data:image\/svg+xml;base64,PHN2ZyB3aWR0aD0iMTIwMCIgaGVpZ2h0PSI5MDAiIHZpZXdCb3g9IjAgMCAxMjAwIDkwMCIgZmlsbD0ibm9uZSIgeG1sbnM9Imh0dHA6Ly93d3cudzMub3JnLzIwMDAvc3ZnIj48L3N2Zz4=\" data-src=\"https:\/\/empiezapori.com\/wp-content\/uploads\/2025\/08\/presentacion-momabikes-empiezapori-2.jpg\" data-srcset=\"https:\/\/empiezapori.com\/wp-content\/uploads\/2025\/08\/presentacion-momabikes-empiezapori-2.jpg 1200w, https:\/\/empiezapori.com\/wp-content\/uploads\/2025\/08\/presentacion-momabikes-empiezapori-2-300x225.jpg 300w, https:\/\/empiezapori.com\/wp-content\/uploads\/2025\/08\/presentacion-momabikes-empiezapori-2-1024x768.jpg 1024w, https:\/\/empiezapori.com\/wp-content\/uploads\/2025\/08\/presentacion-momabikes-empiezapori-2-768x576.jpg 768w, https:\/\/empiezapori.com\/wp-content\/uploads\/2025\/08\/presentacion-momabikes-empiezapori-2-500x375.jpg 500w, https:\/\/empiezapori.com\/wp-content\/uploads\/2025\/08\/presentacion-momabikes-empiezapori-2-800x600.jpg 800w\" data-sizes=\"auto\" loading=\"eager\">\n\t\t<\/a>\t<\/div>\n<\/div>\n\t<figcaption class=\"vp-portfolio__item-overlay vp-portfolio__item-overlay-text-align-center\">\n\t\t<div class=\"vp-portfolio__item-meta-wrap vp-portfolio__custom-scrollbar\">\n\t\t\t\t<a\n\t\thref=\"https:\/\/empiezapori.com\/ca\/portfolio\/presentacion-interactiva-para-marketplaces-de-momabikes\/\"\n\t\ttabindex=\"-1\" class=\"vp-portfolio__item-meta\" aria-label=\"Presentaci\u00f3 Interactiva per a Marketplaces de Momabikes\" \t>\n\t\n\n<div class=\"vp-portfolio__item-meta-categories\">\n\t\t\t<div class=\"vp-portfolio__item-meta-category\">\n\t\t\t\t<span\t\t\t>\n\tDisseny editorial i cat\u00e0legs<\/span>\t\t<\/div>\n\t\t<\/div>\n\n\n<h2 class=\"vp-portfolio__item-meta-title\">\n\tPresentaci\u00f3 Interactiva per a Marketplaces de Momabikes<\/h2>\n<\/a>\t\t<\/div>\n\t<\/figcaption>\n\t\t\t<\/figure>\n\t\t\t\t\t<\/article>\n\t\t\n\t\t<article\t\tclass=\"vp-portfolio__item-wrap post-38919 portfolio type-portfolio status-publish format-standard has-post-thumbnail hentry portfolio_category-disseny-editorial-i-catalegs portfolio_category-disseny-grafic portfolio_tag-barcelona-ca vp-portfolio__item-uid-762f9485\" data-vp-filter=\"disseny-editorial-i-catalegs,disseny-grafic\" \t\t>\n\t\t\t\t\t\t\t\t\t<figure class=\"vp-portfolio__item\">\n\t\t\t\t\n<div class=\"vp-portfolio__item-img-wrap\">\n\t<div class=\"vp-portfolio__item-img\">\n\t\t\t<a\n\t\thref=\"https:\/\/empiezapori.com\/ca\/portfolio\/disseny-i-maquetacio-editorial-per-a-col%c2%b7legi-de-metges-de-barcelona\/\"\n\t\taria-label=\"Disseny i Maquetaci\u00f3 editorial per a Col\u00b7legi de Metges de Barcelona\" \t>\n\t\n\t\t<noscript><img alt=\"\" decoding=\"async\" width=\"1200\" height=\"800\" data-skip-lazy src=\"https:\/\/empiezapori.com\/wp-content\/uploads\/2025\/04\/1016369_OJK93M1.jpg\" class=\"wp-image-38924\" alt=\"\" srcset=\"https:\/\/empiezapori.com\/wp-content\/uploads\/2025\/04\/1016369_OJK93M1.jpg 1200w, https:\/\/empiezapori.com\/wp-content\/uploads\/2025\/04\/1016369_OJK93M1-300x200.jpg 300w, https:\/\/empiezapori.com\/wp-content\/uploads\/2025\/04\/1016369_OJK93M1-1024x683.jpg 1024w, https:\/\/empiezapori.com\/wp-content\/uploads\/2025\/04\/1016369_OJK93M1-768x512.jpg 768w, https:\/\/empiezapori.com\/wp-content\/uploads\/2025\/04\/1016369_OJK93M1-500x333.jpg 500w, https:\/\/empiezapori.com\/wp-content\/uploads\/2025\/04\/1016369_OJK93M1-800x533.jpg 800w\" sizes=\"(max-width: 1200px) 100vw, 1200px\" \/><\/noscript><img alt=\"\" decoding=\"async\" width=\"1200\" height=\"800\" src=\"https:\/\/empiezapori.com\/wp-content\/uploads\/2025\/04\/1016369_OJK93M1.jpg\" class=\"wp-image-38924 vp-lazyload\" alt srcset=\"data:image\/svg+xml;base64,PHN2ZyB3aWR0aD0iMTIwMCIgaGVpZ2h0PSI4MDAiIHZpZXdCb3g9IjAgMCAxMjAwIDgwMCIgZmlsbD0ibm9uZSIgeG1sbnM9Imh0dHA6Ly93d3cudzMub3JnLzIwMDAvc3ZnIj48L3N2Zz4=\" data-src=\"https:\/\/empiezapori.com\/wp-content\/uploads\/2025\/04\/1016369_OJK93M1.jpg\" data-srcset=\"https:\/\/empiezapori.com\/wp-content\/uploads\/2025\/04\/1016369_OJK93M1.jpg 1200w, https:\/\/empiezapori.com\/wp-content\/uploads\/2025\/04\/1016369_OJK93M1-300x200.jpg 300w, https:\/\/empiezapori.com\/wp-content\/uploads\/2025\/04\/1016369_OJK93M1-1024x683.jpg 1024w, https:\/\/empiezapori.com\/wp-content\/uploads\/2025\/04\/1016369_OJK93M1-768x512.jpg 768w, https:\/\/empiezapori.com\/wp-content\/uploads\/2025\/04\/1016369_OJK93M1-500x333.jpg 500w, https:\/\/empiezapori.com\/wp-content\/uploads\/2025\/04\/1016369_OJK93M1-800x533.jpg 800w\" data-sizes=\"auto\" loading=\"eager\">\n\t\t<\/a>\t<\/div>\n<\/div>\n\t<figcaption class=\"vp-portfolio__item-overlay vp-portfolio__item-overlay-text-align-center\">\n\t\t<div class=\"vp-portfolio__item-meta-wrap vp-portfolio__custom-scrollbar\">\n\t\t\t\t<a\n\t\thref=\"https:\/\/empiezapori.com\/ca\/portfolio\/disseny-i-maquetacio-editorial-per-a-col%c2%b7legi-de-metges-de-barcelona\/\"\n\t\ttabindex=\"-1\" class=\"vp-portfolio__item-meta\" aria-label=\"Disseny i Maquetaci\u00f3 editorial per a Col\u00b7legi de Metges de Barcelona\" \t>\n\t\n\n<div class=\"vp-portfolio__item-meta-categories\">\n\t\t\t<div class=\"vp-portfolio__item-meta-category\">\n\t\t\t\t<span\t\t\t>\n\tDisseny editorial i cat\u00e0legs<\/span>\t\t<\/div>\n\t\t<\/div>\n\n\n<h2 class=\"vp-portfolio__item-meta-title\">\n\tDisseny i Maquetaci\u00f3 editorial per a Col\u00b7legi de Metges de Barcelona<\/h2>\n<\/a>\t\t<\/div>\n\t<\/figcaption>\n\t\t\t<\/figure>\n\t\t\t\t\t<\/article>\n\t\t\n\t\t<article\t\tclass=\"vp-portfolio__item-wrap post-38885 portfolio type-portfolio status-publish format-standard has-post-thumbnail hentry portfolio_category-disseny-editorial-i-catalegs portfolio_category-disseny-grafic portfolio_tag-barcelona-ca vp-portfolio__item-uid-af9909d0\" data-vp-filter=\"disseny-editorial-i-catalegs,disseny-grafic\" \t\t>\n\t\t\t\t\t\t\t\t\t<figure class=\"vp-portfolio__item\">\n\t\t\t\t\n<div class=\"vp-portfolio__item-img-wrap\">\n\t<div class=\"vp-portfolio__item-img\">\n\t\t\t<a\n\t\thref=\"https:\/\/empiezapori.com\/ca\/portfolio\/maquetacio-de-cataleg-per-a-marc-marin\/\"\n\t\taria-label=\"Maquetaci\u00f3 de cat\u00e0leg per a Marc Mar\u00edn\" \t>\n\t\n\t\t<noscript><img alt=\"\" decoding=\"async\" width=\"1200\" height=\"900\" data-skip-lazy src=\"https:\/\/empiezapori.com\/wp-content\/uploads\/2025\/04\/empiezapori-marc-marti-libro-sistemas-operativos-2.jpg\" class=\"wp-image-38889\" alt=\"\" srcset=\"https:\/\/empiezapori.com\/wp-content\/uploads\/2025\/04\/empiezapori-marc-marti-libro-sistemas-operativos-2.jpg 1200w, https:\/\/empiezapori.com\/wp-content\/uploads\/2025\/04\/empiezapori-marc-marti-libro-sistemas-operativos-2-300x225.jpg 300w, https:\/\/empiezapori.com\/wp-content\/uploads\/2025\/04\/empiezapori-marc-marti-libro-sistemas-operativos-2-1024x768.jpg 1024w, https:\/\/empiezapori.com\/wp-content\/uploads\/2025\/04\/empiezapori-marc-marti-libro-sistemas-operativos-2-768x576.jpg 768w, https:\/\/empiezapori.com\/wp-content\/uploads\/2025\/04\/empiezapori-marc-marti-libro-sistemas-operativos-2-500x375.jpg 500w, https:\/\/empiezapori.com\/wp-content\/uploads\/2025\/04\/empiezapori-marc-marti-libro-sistemas-operativos-2-800x600.jpg 800w\" sizes=\"(max-width: 1200px) 100vw, 1200px\" \/><\/noscript><img alt=\"\" decoding=\"async\" width=\"1200\" height=\"900\" src=\"https:\/\/empiezapori.com\/wp-content\/uploads\/2025\/04\/empiezapori-marc-marti-libro-sistemas-operativos-2.jpg\" class=\"wp-image-38889 vp-lazyload\" alt srcset=\"data:image\/svg+xml;base64,PHN2ZyB3aWR0aD0iMTIwMCIgaGVpZ2h0PSI5MDAiIHZpZXdCb3g9IjAgMCAxMjAwIDkwMCIgZmlsbD0ibm9uZSIgeG1sbnM9Imh0dHA6Ly93d3cudzMub3JnLzIwMDAvc3ZnIj48L3N2Zz4=\" data-src=\"https:\/\/empiezapori.com\/wp-content\/uploads\/2025\/04\/empiezapori-marc-marti-libro-sistemas-operativos-2.jpg\" data-srcset=\"https:\/\/empiezapori.com\/wp-content\/uploads\/2025\/04\/empiezapori-marc-marti-libro-sistemas-operativos-2.jpg 1200w, https:\/\/empiezapori.com\/wp-content\/uploads\/2025\/04\/empiezapori-marc-marti-libro-sistemas-operativos-2-300x225.jpg 300w, https:\/\/empiezapori.com\/wp-content\/uploads\/2025\/04\/empiezapori-marc-marti-libro-sistemas-operativos-2-1024x768.jpg 1024w, https:\/\/empiezapori.com\/wp-content\/uploads\/2025\/04\/empiezapori-marc-marti-libro-sistemas-operativos-2-768x576.jpg 768w, https:\/\/empiezapori.com\/wp-content\/uploads\/2025\/04\/empiezapori-marc-marti-libro-sistemas-operativos-2-500x375.jpg 500w, https:\/\/empiezapori.com\/wp-content\/uploads\/2025\/04\/empiezapori-marc-marti-libro-sistemas-operativos-2-800x600.jpg 800w\" data-sizes=\"auto\" loading=\"eager\">\n\t\t<\/a>\t<\/div>\n<\/div>\n\t<figcaption class=\"vp-portfolio__item-overlay vp-portfolio__item-overlay-text-align-center\">\n\t\t<div class=\"vp-portfolio__item-meta-wrap vp-portfolio__custom-scrollbar\">\n\t\t\t\t<a\n\t\thref=\"https:\/\/empiezapori.com\/ca\/portfolio\/maquetacio-de-cataleg-per-a-marc-marin\/\"\n\t\ttabindex=\"-1\" class=\"vp-portfolio__item-meta\" aria-label=\"Maquetaci\u00f3 de cat\u00e0leg per a Marc Mar\u00edn\" \t>\n\t\n\n<div class=\"vp-portfolio__item-meta-categories\">\n\t\t\t<div class=\"vp-portfolio__item-meta-category\">\n\t\t\t\t<span\t\t\t>\n\tDisseny editorial i cat\u00e0legs<\/span>\t\t<\/div>\n\t\t<\/div>\n\n\n<h2 class=\"vp-portfolio__item-meta-title\">\n\tMaquetaci\u00f3 de cat\u00e0leg per a Marc Mar\u00edn<\/h2>\n<\/a>\t\t<\/div>\n\t<\/figcaption>\n\t\t\t<\/figure>\n\t\t\t\t\t<\/article>\n\t\t\n\t\t<article\t\tclass=\"vp-portfolio__item-wrap post-38873 portfolio type-portfolio status-publish format-standard has-post-thumbnail hentry portfolio_category-disseny-editorial-i-catalegs portfolio_category-disseny-grafic portfolio_tag-barcelona-ca vp-portfolio__item-uid-c162b02a\" data-vp-filter=\"disseny-editorial-i-catalegs,disseny-grafic\" \t\t>\n\t\t\t\t\t\t\t\t\t<figure class=\"vp-portfolio__item\">\n\t\t\t\t\n<div class=\"vp-portfolio__item-img-wrap\">\n\t<div class=\"vp-portfolio__item-img\">\n\t\t\t<a\n\t\thref=\"https:\/\/empiezapori.com\/ca\/portfolio\/maquetacio-de-cataleg-per-al-ministeri-deducacio-formacio-professional-i-esports\/\"\n\t\taria-label=\"Maquetaci\u00f3 de cat\u00e0leg per al Ministeri d&#8217;Educaci\u00f3, Formaci\u00f3 Professional i Esports\" \t>\n\t\n\t\t<noscript><img alt=\"\" decoding=\"async\" width=\"1500\" height=\"1500\" data-skip-lazy src=\"https:\/\/empiezapori.com\/wp-content\/uploads\/2025\/04\/empiezapori-ministerio-de-educacions-catalogo-2.jpg\" class=\"wp-image-38877\" alt=\"\" srcset=\"https:\/\/empiezapori.com\/wp-content\/uploads\/2025\/04\/empiezapori-ministerio-de-educacions-catalogo-2.jpg 1500w, https:\/\/empiezapori.com\/wp-content\/uploads\/2025\/04\/empiezapori-ministerio-de-educacions-catalogo-2-300x300.jpg 300w, https:\/\/empiezapori.com\/wp-content\/uploads\/2025\/04\/empiezapori-ministerio-de-educacions-catalogo-2-1024x1024.jpg 1024w, https:\/\/empiezapori.com\/wp-content\/uploads\/2025\/04\/empiezapori-ministerio-de-educacions-catalogo-2-150x150.jpg 150w, https:\/\/empiezapori.com\/wp-content\/uploads\/2025\/04\/empiezapori-ministerio-de-educacions-catalogo-2-768x768.jpg 768w, https:\/\/empiezapori.com\/wp-content\/uploads\/2025\/04\/empiezapori-ministerio-de-educacions-catalogo-2-500x500.jpg 500w, https:\/\/empiezapori.com\/wp-content\/uploads\/2025\/04\/empiezapori-ministerio-de-educacions-catalogo-2-800x800.jpg 800w, https:\/\/empiezapori.com\/wp-content\/uploads\/2025\/04\/empiezapori-ministerio-de-educacions-catalogo-2-1280x1280.jpg 1280w\" sizes=\"(max-width: 1500px) 100vw, 1500px\" \/><\/noscript><img alt=\"\" decoding=\"async\" width=\"1500\" height=\"1500\" src=\"https:\/\/empiezapori.com\/wp-content\/uploads\/2025\/04\/empiezapori-ministerio-de-educacions-catalogo-2.jpg\" class=\"wp-image-38877 vp-lazyload\" alt srcset=\"data:image\/svg+xml;base64,PHN2ZyB3aWR0aD0iMTUwMCIgaGVpZ2h0PSIxNTAwIiB2aWV3Qm94PSIwIDAgMTUwMCAxNTAwIiBmaWxsPSJub25lIiB4bWxucz0iaHR0cDovL3d3dy53My5vcmcvMjAwMC9zdmciPjwvc3ZnPg==\" data-src=\"https:\/\/empiezapori.com\/wp-content\/uploads\/2025\/04\/empiezapori-ministerio-de-educacions-catalogo-2.jpg\" data-srcset=\"https:\/\/empiezapori.com\/wp-content\/uploads\/2025\/04\/empiezapori-ministerio-de-educacions-catalogo-2.jpg 1500w, https:\/\/empiezapori.com\/wp-content\/uploads\/2025\/04\/empiezapori-ministerio-de-educacions-catalogo-2-300x300.jpg 300w, https:\/\/empiezapori.com\/wp-content\/uploads\/2025\/04\/empiezapori-ministerio-de-educacions-catalogo-2-1024x1024.jpg 1024w, https:\/\/empiezapori.com\/wp-content\/uploads\/2025\/04\/empiezapori-ministerio-de-educacions-catalogo-2-150x150.jpg 150w, https:\/\/empiezapori.com\/wp-content\/uploads\/2025\/04\/empiezapori-ministerio-de-educacions-catalogo-2-768x768.jpg 768w, https:\/\/empiezapori.com\/wp-content\/uploads\/2025\/04\/empiezapori-ministerio-de-educacions-catalogo-2-500x500.jpg 500w, https:\/\/empiezapori.com\/wp-content\/uploads\/2025\/04\/empiezapori-ministerio-de-educacions-catalogo-2-800x800.jpg 800w, https:\/\/empiezapori.com\/wp-content\/uploads\/2025\/04\/empiezapori-ministerio-de-educacions-catalogo-2-1280x1280.jpg 1280w\" data-sizes=\"auto\" loading=\"eager\">\n\t\t<\/a>\t<\/div>\n<\/div>\n\t<figcaption class=\"vp-portfolio__item-overlay vp-portfolio__item-overlay-text-align-center\">\n\t\t<div class=\"vp-portfolio__item-meta-wrap vp-portfolio__custom-scrollbar\">\n\t\t\t\t<a\n\t\thref=\"https:\/\/empiezapori.com\/ca\/portfolio\/maquetacio-de-cataleg-per-al-ministeri-deducacio-formacio-professional-i-esports\/\"\n\t\ttabindex=\"-1\" class=\"vp-portfolio__item-meta\" aria-label=\"Maquetaci\u00f3 de cat\u00e0leg per al Ministeri d&#8217;Educaci\u00f3, Formaci\u00f3 Professional i Esports\" \t>\n\t\n\n<div class=\"vp-portfolio__item-meta-categories\">\n\t\t\t<div class=\"vp-portfolio__item-meta-category\">\n\t\t\t\t<span\t\t\t>\n\tDisseny editorial i cat\u00e0legs<\/span>\t\t<\/div>\n\t\t<\/div>\n\n\n<h2 class=\"vp-portfolio__item-meta-title\">\n\tMaquetaci\u00f3 de cat\u00e0leg per al Ministeri d&#8217;Educaci\u00f3, Formaci\u00f3 Professional i Esports<\/h2>\n<\/a>\t\t<\/div>\n\t<\/figcaption>\n\t\t\t<\/figure>\n\t\t\t\t\t<\/article>\n\t\t\n\t\t<article\t\tclass=\"vp-portfolio__item-wrap post-38421 portfolio type-portfolio status-publish format-standard has-post-thumbnail hentry portfolio_category-disseny-editorial-i-catalegs portfolio_category-disseny-grafic portfolio_tag-barcelona-ca vp-portfolio__item-uid-5b01dc27\" data-vp-filter=\"disseny-editorial-i-catalegs,disseny-grafic\" \t\t>\n\t\t\t\t\t\t\t\t\t<figure class=\"vp-portfolio__item\">\n\t\t\t\t\n<div class=\"vp-portfolio__item-img-wrap\">\n\t<div class=\"vp-portfolio__item-img\">\n\t\t\t<a\n\t\thref=\"https:\/\/empiezapori.com\/ca\/portfolio\/maquetacio-de-cataleg-per-a-aecid\/\"\n\t\taria-label=\"Maquetaci\u00f3 de cat\u00e0leg per a AECID\" \t>\n\t\n\t\t<noscript><img alt=\"\" decoding=\"async\" width=\"1200\" height=\"1200\" data-skip-lazy src=\"https:\/\/empiezapori.com\/wp-content\/uploads\/2025\/03\/mockup_catalogo-solo-portada-lomo.jpg\" class=\"wp-image-38427\" alt=\"\" srcset=\"https:\/\/empiezapori.com\/wp-content\/uploads\/2025\/03\/mockup_catalogo-solo-portada-lomo.jpg 1200w, https:\/\/empiezapori.com\/wp-content\/uploads\/2025\/03\/mockup_catalogo-solo-portada-lomo-300x300.jpg 300w, https:\/\/empiezapori.com\/wp-content\/uploads\/2025\/03\/mockup_catalogo-solo-portada-lomo-1024x1024.jpg 1024w, https:\/\/empiezapori.com\/wp-content\/uploads\/2025\/03\/mockup_catalogo-solo-portada-lomo-150x150.jpg 150w, https:\/\/empiezapori.com\/wp-content\/uploads\/2025\/03\/mockup_catalogo-solo-portada-lomo-768x768.jpg 768w, https:\/\/empiezapori.com\/wp-content\/uploads\/2025\/03\/mockup_catalogo-solo-portada-lomo-500x500.jpg 500w, https:\/\/empiezapori.com\/wp-content\/uploads\/2025\/03\/mockup_catalogo-solo-portada-lomo-800x800.jpg 800w\" sizes=\"(max-width: 1200px) 100vw, 1200px\" \/><\/noscript><img alt=\"\" decoding=\"async\" width=\"1200\" height=\"1200\" src=\"https:\/\/empiezapori.com\/wp-content\/uploads\/2025\/03\/mockup_catalogo-solo-portada-lomo.jpg\" class=\"wp-image-38427 vp-lazyload\" alt srcset=\"data:image\/svg+xml;base64,PHN2ZyB3aWR0aD0iMTIwMCIgaGVpZ2h0PSIxMjAwIiB2aWV3Qm94PSIwIDAgMTIwMCAxMjAwIiBmaWxsPSJub25lIiB4bWxucz0iaHR0cDovL3d3dy53My5vcmcvMjAwMC9zdmciPjwvc3ZnPg==\" data-src=\"https:\/\/empiezapori.com\/wp-content\/uploads\/2025\/03\/mockup_catalogo-solo-portada-lomo.jpg\" data-srcset=\"https:\/\/empiezapori.com\/wp-content\/uploads\/2025\/03\/mockup_catalogo-solo-portada-lomo.jpg 1200w, https:\/\/empiezapori.com\/wp-content\/uploads\/2025\/03\/mockup_catalogo-solo-portada-lomo-300x300.jpg 300w, https:\/\/empiezapori.com\/wp-content\/uploads\/2025\/03\/mockup_catalogo-solo-portada-lomo-1024x1024.jpg 1024w, https:\/\/empiezapori.com\/wp-content\/uploads\/2025\/03\/mockup_catalogo-solo-portada-lomo-150x150.jpg 150w, https:\/\/empiezapori.com\/wp-content\/uploads\/2025\/03\/mockup_catalogo-solo-portada-lomo-768x768.jpg 768w, https:\/\/empiezapori.com\/wp-content\/uploads\/2025\/03\/mockup_catalogo-solo-portada-lomo-500x500.jpg 500w, https:\/\/empiezapori.com\/wp-content\/uploads\/2025\/03\/mockup_catalogo-solo-portada-lomo-800x800.jpg 800w\" data-sizes=\"auto\" loading=\"eager\">\n\t\t<\/a>\t<\/div>\n<\/div>\n\t<figcaption class=\"vp-portfolio__item-overlay vp-portfolio__item-overlay-text-align-center\">\n\t\t<div class=\"vp-portfolio__item-meta-wrap vp-portfolio__custom-scrollbar\">\n\t\t\t\t<a\n\t\thref=\"https:\/\/empiezapori.com\/ca\/portfolio\/maquetacio-de-cataleg-per-a-aecid\/\"\n\t\ttabindex=\"-1\" class=\"vp-portfolio__item-meta\" aria-label=\"Maquetaci\u00f3 de cat\u00e0leg per a AECID\" \t>\n\t\n\n<div class=\"vp-portfolio__item-meta-categories\">\n\t\t\t<div class=\"vp-portfolio__item-meta-category\">\n\t\t\t\t<span\t\t\t>\n\tDisseny editorial i cat\u00e0legs<\/span>\t\t<\/div>\n\t\t<\/div>\n\n\n<h2 class=\"vp-portfolio__item-meta-title\">\n\tMaquetaci\u00f3 de cat\u00e0leg per a AECID<\/h2>\n<\/a>\t\t<\/div>\n\t<\/figcaption>\n\t\t\t<\/figure>\n\t\t\t\t\t<\/article>\n\t\t\n\t\t<article\t\tclass=\"vp-portfolio__item-wrap post-38406 portfolio type-portfolio status-publish format-standard has-post-thumbnail hentry portfolio_category-disseny-editorial-i-catalegs portfolio_category-disseny-grafic portfolio_tag-barcelona-ca vp-portfolio__item-uid-f7532b06\" data-vp-filter=\"disseny-editorial-i-catalegs,disseny-grafic\" \t\t>\n\t\t\t\t\t\t\t\t\t<figure class=\"vp-portfolio__item\">\n\t\t\t\t\n<div class=\"vp-portfolio__item-img-wrap\">\n\t<div class=\"vp-portfolio__item-img\">\n\t\t\t<a\n\t\thref=\"https:\/\/empiezapori.com\/ca\/portfolio\/maquetacio-de-cataleg-per-a-kota-hortals\/\"\n\t\taria-label=\"Maquetaci\u00f3 de cat\u00e0leg per a Kota &#8211; Hortals\" \t>\n\t\n\t\t<noscript><img alt=\"\" decoding=\"async\" width=\"1150\" height=\"1046\" data-skip-lazy src=\"https:\/\/empiezapori.com\/wp-content\/uploads\/2025\/03\/empiezapori-bull-constructors-catalogo-kota-2.jpg\" class=\"wp-image-38413\" alt=\"\" srcset=\"https:\/\/empiezapori.com\/wp-content\/uploads\/2025\/03\/empiezapori-bull-constructors-catalogo-kota-2.jpg 1150w, https:\/\/empiezapori.com\/wp-content\/uploads\/2025\/03\/empiezapori-bull-constructors-catalogo-kota-2-300x273.jpg 300w, https:\/\/empiezapori.com\/wp-content\/uploads\/2025\/03\/empiezapori-bull-constructors-catalogo-kota-2-1024x931.jpg 1024w, https:\/\/empiezapori.com\/wp-content\/uploads\/2025\/03\/empiezapori-bull-constructors-catalogo-kota-2-768x699.jpg 768w, https:\/\/empiezapori.com\/wp-content\/uploads\/2025\/03\/empiezapori-bull-constructors-catalogo-kota-2-500x455.jpg 500w, https:\/\/empiezapori.com\/wp-content\/uploads\/2025\/03\/empiezapori-bull-constructors-catalogo-kota-2-800x728.jpg 800w\" sizes=\"(max-width: 1150px) 100vw, 1150px\" \/><\/noscript><img alt=\"\" decoding=\"async\" width=\"1150\" height=\"1046\" src=\"https:\/\/empiezapori.com\/wp-content\/uploads\/2025\/03\/empiezapori-bull-constructors-catalogo-kota-2.jpg\" class=\"wp-image-38413 vp-lazyload\" alt srcset=\"data:image\/svg+xml;base64,PHN2ZyB3aWR0aD0iMTE1MCIgaGVpZ2h0PSIxMDQ2IiB2aWV3Qm94PSIwIDAgMTE1MCAxMDQ2IiBmaWxsPSJub25lIiB4bWxucz0iaHR0cDovL3d3dy53My5vcmcvMjAwMC9zdmciPjwvc3ZnPg==\" data-src=\"https:\/\/empiezapori.com\/wp-content\/uploads\/2025\/03\/empiezapori-bull-constructors-catalogo-kota-2.jpg\" data-srcset=\"https:\/\/empiezapori.com\/wp-content\/uploads\/2025\/03\/empiezapori-bull-constructors-catalogo-kota-2.jpg 1150w, https:\/\/empiezapori.com\/wp-content\/uploads\/2025\/03\/empiezapori-bull-constructors-catalogo-kota-2-300x273.jpg 300w, https:\/\/empiezapori.com\/wp-content\/uploads\/2025\/03\/empiezapori-bull-constructors-catalogo-kota-2-1024x931.jpg 1024w, https:\/\/empiezapori.com\/wp-content\/uploads\/2025\/03\/empiezapori-bull-constructors-catalogo-kota-2-768x699.jpg 768w, https:\/\/empiezapori.com\/wp-content\/uploads\/2025\/03\/empiezapori-bull-constructors-catalogo-kota-2-500x455.jpg 500w, https:\/\/empiezapori.com\/wp-content\/uploads\/2025\/03\/empiezapori-bull-constructors-catalogo-kota-2-800x728.jpg 800w\" data-sizes=\"auto\" loading=\"eager\">\n\t\t<\/a>\t<\/div>\n<\/div>\n\t<figcaption class=\"vp-portfolio__item-overlay vp-portfolio__item-overlay-text-align-center\">\n\t\t<div class=\"vp-portfolio__item-meta-wrap vp-portfolio__custom-scrollbar\">\n\t\t\t\t<a\n\t\thref=\"https:\/\/empiezapori.com\/ca\/portfolio\/maquetacio-de-cataleg-per-a-kota-hortals\/\"\n\t\ttabindex=\"-1\" class=\"vp-portfolio__item-meta\" aria-label=\"Maquetaci\u00f3 de cat\u00e0leg per a Kota &#8211; Hortals\" \t>\n\t\n\n<div class=\"vp-portfolio__item-meta-categories\">\n\t\t\t<div class=\"vp-portfolio__item-meta-category\">\n\t\t\t\t<span\t\t\t>\n\tDisseny editorial i cat\u00e0legs<\/span>\t\t<\/div>\n\t\t<\/div>\n\n\n<h2 class=\"vp-portfolio__item-meta-title\">\n\tMaquetaci\u00f3 de cat\u00e0leg per a Kota &#8211; Hortals<\/h2>\n<\/a>\t\t<\/div>\n\t<\/figcaption>\n\t\t\t<\/figure>\n\t\t\t\t\t<\/article>\n\t\t\n\t\t<article\t\tclass=\"vp-portfolio__item-wrap post-38394 portfolio type-portfolio status-publish format-standard has-post-thumbnail hentry portfolio_category-disseny-editorial-i-catalegs portfolio_category-disseny-grafic portfolio_tag-barcelona-ca vp-portfolio__item-uid-cdd0e7e6\" data-vp-filter=\"disseny-editorial-i-catalegs,disseny-grafic\" \t\t>\n\t\t\t\t\t\t\t\t\t<figure class=\"vp-portfolio__item\">\n\t\t\t\t\n<div class=\"vp-portfolio__item-img-wrap\">\n\t<div class=\"vp-portfolio__item-img\">\n\t\t\t<a\n\t\thref=\"https:\/\/empiezapori.com\/ca\/portfolio\/maquetacio-de-cataleg-per-a-fedefarma-gsn\/\"\n\t\taria-label=\"Maquetaci\u00f3 de cat\u00e0leg per a Fedefarma &#8211; GSN\" \t>\n\t\n\t\t<noscript><img alt=\"\" decoding=\"async\" width=\"1200\" height=\"1091\" data-skip-lazy src=\"https:\/\/empiezapori.com\/wp-content\/uploads\/2025\/03\/empiezapori-fedefarma-catalogo-gns-3.jpg\" class=\"wp-image-38397\" alt=\"\" srcset=\"https:\/\/empiezapori.com\/wp-content\/uploads\/2025\/03\/empiezapori-fedefarma-catalogo-gns-3.jpg 1200w, https:\/\/empiezapori.com\/wp-content\/uploads\/2025\/03\/empiezapori-fedefarma-catalogo-gns-3-300x273.jpg 300w, https:\/\/empiezapori.com\/wp-content\/uploads\/2025\/03\/empiezapori-fedefarma-catalogo-gns-3-1024x931.jpg 1024w, https:\/\/empiezapori.com\/wp-content\/uploads\/2025\/03\/empiezapori-fedefarma-catalogo-gns-3-768x698.jpg 768w, https:\/\/empiezapori.com\/wp-content\/uploads\/2025\/03\/empiezapori-fedefarma-catalogo-gns-3-500x455.jpg 500w, https:\/\/empiezapori.com\/wp-content\/uploads\/2025\/03\/empiezapori-fedefarma-catalogo-gns-3-800x727.jpg 800w\" sizes=\"(max-width: 1200px) 100vw, 1200px\" \/><\/noscript><img alt=\"\" decoding=\"async\" width=\"1200\" height=\"1091\" src=\"https:\/\/empiezapori.com\/wp-content\/uploads\/2025\/03\/empiezapori-fedefarma-catalogo-gns-3.jpg\" class=\"wp-image-38397 vp-lazyload\" alt srcset=\"data:image\/svg+xml;base64,PHN2ZyB3aWR0aD0iMTIwMCIgaGVpZ2h0PSIxMDkxIiB2aWV3Qm94PSIwIDAgMTIwMCAxMDkxIiBmaWxsPSJub25lIiB4bWxucz0iaHR0cDovL3d3dy53My5vcmcvMjAwMC9zdmciPjwvc3ZnPg==\" data-src=\"https:\/\/empiezapori.com\/wp-content\/uploads\/2025\/03\/empiezapori-fedefarma-catalogo-gns-3.jpg\" data-srcset=\"https:\/\/empiezapori.com\/wp-content\/uploads\/2025\/03\/empiezapori-fedefarma-catalogo-gns-3.jpg 1200w, https:\/\/empiezapori.com\/wp-content\/uploads\/2025\/03\/empiezapori-fedefarma-catalogo-gns-3-300x273.jpg 300w, https:\/\/empiezapori.com\/wp-content\/uploads\/2025\/03\/empiezapori-fedefarma-catalogo-gns-3-1024x931.jpg 1024w, https:\/\/empiezapori.com\/wp-content\/uploads\/2025\/03\/empiezapori-fedefarma-catalogo-gns-3-768x698.jpg 768w, https:\/\/empiezapori.com\/wp-content\/uploads\/2025\/03\/empiezapori-fedefarma-catalogo-gns-3-500x455.jpg 500w, https:\/\/empiezapori.com\/wp-content\/uploads\/2025\/03\/empiezapori-fedefarma-catalogo-gns-3-800x727.jpg 800w\" data-sizes=\"auto\" loading=\"eager\">\n\t\t<\/a>\t<\/div>\n<\/div>\n\t<figcaption class=\"vp-portfolio__item-overlay vp-portfolio__item-overlay-text-align-center\">\n\t\t<div class=\"vp-portfolio__item-meta-wrap vp-portfolio__custom-scrollbar\">\n\t\t\t\t<a\n\t\thref=\"https:\/\/empiezapori.com\/ca\/portfolio\/maquetacio-de-cataleg-per-a-fedefarma-gsn\/\"\n\t\ttabindex=\"-1\" class=\"vp-portfolio__item-meta\" aria-label=\"Maquetaci\u00f3 de cat\u00e0leg per a Fedefarma &#8211; GSN\" \t>\n\t\n\n<div class=\"vp-portfolio__item-meta-categories\">\n\t\t\t<div class=\"vp-portfolio__item-meta-category\">\n\t\t\t\t<span\t\t\t>\n\tDisseny editorial i cat\u00e0legs<\/span>\t\t<\/div>\n\t\t<\/div>\n\n\n<h2 class=\"vp-portfolio__item-meta-title\">\n\tMaquetaci\u00f3 de cat\u00e0leg per a Fedefarma &#8211; GSN<\/h2>\n<\/a>\t\t<\/div>\n\t<\/figcaption>\n\t\t\t<\/figure>\n\t\t\t\t\t<\/article>\n\t\t\n\t\t<article\t\tclass=\"vp-portfolio__item-wrap post-38324 portfolio type-portfolio status-publish format-standard has-post-thumbnail hentry portfolio_category-disseny-editorial-i-catalegs portfolio_category-disseny-grafic portfolio_tag-barcelona-ca vp-portfolio__item-uid-2e243e2d\" data-vp-filter=\"disseny-editorial-i-catalegs,disseny-grafic\" \t\t>\n\t\t\t\t\t\t\t\t\t<figure class=\"vp-portfolio__item\">\n\t\t\t\t\n<div class=\"vp-portfolio__item-img-wrap\">\n\t<div class=\"vp-portfolio__item-img\">\n\t\t\t<a\n\t\thref=\"https:\/\/empiezapori.com\/ca\/portfolio\/maquetacio-de-cataleg-per-a-savant-chemical\/\"\n\t\taria-label=\"Maquetaci\u00f3 de cat\u00e0leg per a Savant Chemical\" \t>\n\t\n\t\t<noscript><img alt=\"\" decoding=\"async\" width=\"1000\" height=\"667\" data-skip-lazy src=\"https:\/\/empiezapori.com\/wp-content\/uploads\/2025\/03\/empiezapori-savant-chemical-catalogo1.jpg\" class=\"wp-image-38327\" alt=\"\" srcset=\"https:\/\/empiezapori.com\/wp-content\/uploads\/2025\/03\/empiezapori-savant-chemical-catalogo1.jpg 1000w, https:\/\/empiezapori.com\/wp-content\/uploads\/2025\/03\/empiezapori-savant-chemical-catalogo1-300x200.jpg 300w, https:\/\/empiezapori.com\/wp-content\/uploads\/2025\/03\/empiezapori-savant-chemical-catalogo1-768x512.jpg 768w, https:\/\/empiezapori.com\/wp-content\/uploads\/2025\/03\/empiezapori-savant-chemical-catalogo1-500x334.jpg 500w, https:\/\/empiezapori.com\/wp-content\/uploads\/2025\/03\/empiezapori-savant-chemical-catalogo1-800x534.jpg 800w\" sizes=\"(max-width: 1000px) 100vw, 1000px\" \/><\/noscript><img alt=\"\" decoding=\"async\" width=\"1000\" height=\"667\" src=\"https:\/\/empiezapori.com\/wp-content\/uploads\/2025\/03\/empiezapori-savant-chemical-catalogo1.jpg\" class=\"wp-image-38327 vp-lazyload\" alt srcset=\"data:image\/svg+xml;base64,PHN2ZyB3aWR0aD0iMTAwMCIgaGVpZ2h0PSI2NjciIHZpZXdCb3g9IjAgMCAxMDAwIDY2NyIgZmlsbD0ibm9uZSIgeG1sbnM9Imh0dHA6Ly93d3cudzMub3JnLzIwMDAvc3ZnIj48L3N2Zz4=\" data-src=\"https:\/\/empiezapori.com\/wp-content\/uploads\/2025\/03\/empiezapori-savant-chemical-catalogo1.jpg\" data-srcset=\"https:\/\/empiezapori.com\/wp-content\/uploads\/2025\/03\/empiezapori-savant-chemical-catalogo1.jpg 1000w, https:\/\/empiezapori.com\/wp-content\/uploads\/2025\/03\/empiezapori-savant-chemical-catalogo1-300x200.jpg 300w, https:\/\/empiezapori.com\/wp-content\/uploads\/2025\/03\/empiezapori-savant-chemical-catalogo1-768x512.jpg 768w, https:\/\/empiezapori.com\/wp-content\/uploads\/2025\/03\/empiezapori-savant-chemical-catalogo1-500x334.jpg 500w, https:\/\/empiezapori.com\/wp-content\/uploads\/2025\/03\/empiezapori-savant-chemical-catalogo1-800x534.jpg 800w\" data-sizes=\"auto\" loading=\"eager\">\n\t\t<\/a>\t<\/div>\n<\/div>\n\t<figcaption class=\"vp-portfolio__item-overlay vp-portfolio__item-overlay-text-align-center\">\n\t\t<div class=\"vp-portfolio__item-meta-wrap vp-portfolio__custom-scrollbar\">\n\t\t\t\t<a\n\t\thref=\"https:\/\/empiezapori.com\/ca\/portfolio\/maquetacio-de-cataleg-per-a-savant-chemical\/\"\n\t\ttabindex=\"-1\" class=\"vp-portfolio__item-meta\" aria-label=\"Maquetaci\u00f3 de cat\u00e0leg per a Savant Chemical\" \t>\n\t\n\n<div class=\"vp-portfolio__item-meta-categories\">\n\t\t\t<div class=\"vp-portfolio__item-meta-category\">\n\t\t\t\t<span\t\t\t>\n\tDisseny editorial i cat\u00e0legs<\/span>\t\t<\/div>\n\t\t<\/div>\n\n\n<h2 class=\"vp-portfolio__item-meta-title\">\n\tMaquetaci\u00f3 de cat\u00e0leg per a Savant Chemical<\/h2>\n<\/a>\t\t<\/div>\n\t<\/figcaption>\n\t\t\t<\/figure>\n\t\t\t\t\t<\/article>\n\t\t\n\t\t<article\t\tclass=\"vp-portfolio__item-wrap post-34646 portfolio type-portfolio status-publish format-standard has-post-thumbnail hentry portfolio_category-disseny-editorial-i-catalegs portfolio_category-disseny-grafic portfolio_tag-barcelona-ca vp-portfolio__item-uid-da6d85d4\" data-vp-filter=\"disseny-editorial-i-catalegs,disseny-grafic\" \t\t>\n\t\t\t\t\t\t\t\t\t<figure class=\"vp-portfolio__item\">\n\t\t\t\t\n<div class=\"vp-portfolio__item-img-wrap\">\n\t<div class=\"vp-portfolio__item-img\">\n\t\t\t<a\n\t\thref=\"https:\/\/empiezapori.com\/ca\/portfolio\/disseny-i-maquetacio-del-cataleg-de-vehicles-refrigerats-per-a-frigicoll\/\"\n\t\taria-label=\"Disseny i Maquetaci\u00f3 del Cat\u00e0leg de Vehicles Refrigerats per a Frigicoll\" \t>\n\t\n\t\t<noscript><img alt=\"\" decoding=\"async\" width=\"1000\" height=\"667\" data-skip-lazy src=\"https:\/\/empiezapori.com\/wp-content\/uploads\/2024\/11\/empiezapori-scoobic-frigicoll-catalogo.jpg\" class=\"wp-image-34651\" alt=\"\" srcset=\"https:\/\/empiezapori.com\/wp-content\/uploads\/2024\/11\/empiezapori-scoobic-frigicoll-catalogo.jpg 1000w, https:\/\/empiezapori.com\/wp-content\/uploads\/2024\/11\/empiezapori-scoobic-frigicoll-catalogo-300x200.jpg 300w, https:\/\/empiezapori.com\/wp-content\/uploads\/2024\/11\/empiezapori-scoobic-frigicoll-catalogo-768x512.jpg 768w, https:\/\/empiezapori.com\/wp-content\/uploads\/2024\/11\/empiezapori-scoobic-frigicoll-catalogo-500x334.jpg 500w, https:\/\/empiezapori.com\/wp-content\/uploads\/2024\/11\/empiezapori-scoobic-frigicoll-catalogo-800x534.jpg 800w\" sizes=\"(max-width: 1000px) 100vw, 1000px\" \/><\/noscript><img alt=\"\" decoding=\"async\" width=\"1000\" height=\"667\" src=\"https:\/\/empiezapori.com\/wp-content\/uploads\/2024\/11\/empiezapori-scoobic-frigicoll-catalogo.jpg\" class=\"wp-image-34651 vp-lazyload\" alt srcset=\"data:image\/svg+xml;base64,PHN2ZyB3aWR0aD0iMTAwMCIgaGVpZ2h0PSI2NjciIHZpZXdCb3g9IjAgMCAxMDAwIDY2NyIgZmlsbD0ibm9uZSIgeG1sbnM9Imh0dHA6Ly93d3cudzMub3JnLzIwMDAvc3ZnIj48L3N2Zz4=\" data-src=\"https:\/\/empiezapori.com\/wp-content\/uploads\/2024\/11\/empiezapori-scoobic-frigicoll-catalogo.jpg\" data-srcset=\"https:\/\/empiezapori.com\/wp-content\/uploads\/2024\/11\/empiezapori-scoobic-frigicoll-catalogo.jpg 1000w, https:\/\/empiezapori.com\/wp-content\/uploads\/2024\/11\/empiezapori-scoobic-frigicoll-catalogo-300x200.jpg 300w, https:\/\/empiezapori.com\/wp-content\/uploads\/2024\/11\/empiezapori-scoobic-frigicoll-catalogo-768x512.jpg 768w, https:\/\/empiezapori.com\/wp-content\/uploads\/2024\/11\/empiezapori-scoobic-frigicoll-catalogo-500x334.jpg 500w, https:\/\/empiezapori.com\/wp-content\/uploads\/2024\/11\/empiezapori-scoobic-frigicoll-catalogo-800x534.jpg 800w\" data-sizes=\"auto\" loading=\"eager\">\n\t\t<\/a>\t<\/div>\n<\/div>\n\t<figcaption class=\"vp-portfolio__item-overlay vp-portfolio__item-overlay-text-align-center\">\n\t\t<div class=\"vp-portfolio__item-meta-wrap vp-portfolio__custom-scrollbar\">\n\t\t\t\t<a\n\t\thref=\"https:\/\/empiezapori.com\/ca\/portfolio\/disseny-i-maquetacio-del-cataleg-de-vehicles-refrigerats-per-a-frigicoll\/\"\n\t\ttabindex=\"-1\" class=\"vp-portfolio__item-meta\" aria-label=\"Disseny i Maquetaci\u00f3 del Cat\u00e0leg de Vehicles Refrigerats per a Frigicoll\" \t>\n\t\n\n<div class=\"vp-portfolio__item-meta-categories\">\n\t\t\t<div class=\"vp-portfolio__item-meta-category\">\n\t\t\t\t<span\t\t\t>\n\tDisseny editorial i cat\u00e0legs<\/span>\t\t<\/div>\n\t\t<\/div>\n\n\n<h2 class=\"vp-portfolio__item-meta-title\">\n\tDisseny i Maquetaci\u00f3 del Cat\u00e0leg de Vehicles Refrigerats per a Frigicoll<\/h2>\n<\/a>\t\t<\/div>\n\t<\/figcaption>\n\t\t\t<\/figure>\n\t\t\t\t\t<\/article>\n\t\t\n<\/div>\n\t\t<\/div>\n\t\t\t\t<div class=\"vp-portfolio__layout-elements vp-portfolio__layout-elements-bottom vp-portfolio__layout-elements-align-center\">\n\t\t\t\t<div class=\"vp-portfolio__pagination-wrap\">\n\t\t\n<div class=\"vp-pagination vp-pagination__style-minimal\" data-vp-pagination-type=\"load-more\">\n\t<div class=\"vp-pagination__item\">\n\t\t<a class=\"vp-pagination__load-more\" href=\"https:\/\/empiezapori.com\/ca\/wp-json\/wp\/v2\/pages\/13086?vp_page=2\">\n\t\t\t<span>Carregar m\u00e9s<\/span>\n\t\t\t<span class=\"vp-pagination__load-more-loading\"><span class=\"vp-spinner\"><\/span><span class=\"vp-screen-reader-text\"> Carregant m\u00e9s&#8230;<\/span><\/span>\n\t\t\t<span class=\"vp-pagination__load-more-no-more\">Has arribat al final de la llista<\/span>\n\t\t<\/a>\n\t<\/div>\n<\/div>\n\t\t<\/div>\n\t\t\t\t<\/div>\n\t\t\n<\/div>\n<\/div>\n\n\n<div style=\"height:80px\" aria-hidden=\"true\" class=\"wp-block-spacer\"><\/div>\n\n\n\n<hr class=\"wp-block-separator has-css-opacity alignfull is-style-wide\"\/>\n\n<div class=\"wp-block-uagb-container uagb-block-c1ccc4ad alignfull uagb-is-root-container\"><div class=\"uagb-container-inner-blocks-wrap\">\n<div class=\"wp-block-columns is-layout-flex wp-container-core-columns-is-layout-28f84493 wp-block-columns-is-layout-flex\">\n<div class=\"wp-block-column is-layout-flow wp-block-column-is-layout-flow\">\n<h3 class=\"wp-block-heading\" id=\"contacto\">Contacte<\/h3>\n\n\nVols m\u00e9s informaci\u00f3 sobre Disseny editorial i cat\u00e0legs?\n\n\n\n<p><\/p><p id=\"block-803feaa3-52f5-47f0-8483-5da7a8b3d8a3\">Contacta amb nosaltres sense comprom\u00eds<br\/>T&#8217;assessorarem personalment<\/p>\n\n\n\n<p>C\/Font 16, local 5<br\/>08960 Sant Just Desvern<br\/>BARCELONA (Spain)<br\/><a href=\"tel:+34934700037\">+34 93 470 00 37<\/a><br\/><a href=\"mailto:info@empiezapori.com\">info@empiezapori.com<\/a><\/p>\n<\/div>\n\n\n\n<div class=\"wp-block-column is-layout-flow wp-block-column-is-layout-flow\">\t\t\t\t<div class = \"wp-block-uagb-cf7-styler uagb-cf7-styler__outer-wrap uagb-block-89c818f6   \">\n\t\t\t\t\t<div class = \"uagb-cf7-styler__align-left uagb-cf7-styler__field-style-underline uagb-cf7-styler__btn-align-left uagb-cf7-styler__btn-align-tablet- uagb-cf7-styler__btn-align-mobile- uagb-cf7-styler__highlight-style-default uagb-cf7-styler__check-style-enabled\">\n\t\t\t\t\t\n<div class=\"wpcf7 no-js\" id=\"wpcf7-f13083-o1\" lang=\"ca\" dir=\"ltr\" data-wpcf7-id=\"13083\">\n<div class=\"screen-reader-response\"><p role=\"status\" aria-live=\"polite\" aria-atomic=\"true\"><\/p> <ul><\/ul><\/div>\n<form action=\"\/ca\/wp-json\/wp\/v2\/pages\/13086#wpcf7-f13083-o1\" method=\"post\" class=\"wpcf7-form init\" aria-label=\"Formulari de contacte\" novalidate=\"novalidate\" data-status=\"init\">\n<fieldset class=\"hidden-fields-container\"><input type=\"hidden\" name=\"_wpcf7\" value=\"13083\" \/><input type=\"hidden\" name=\"_wpcf7_version\" value=\"6.1.5\" \/><input type=\"hidden\" name=\"_wpcf7_locale\" value=\"ca\" \/><input type=\"hidden\" name=\"_wpcf7_unit_tag\" value=\"wpcf7-f13083-o1\" \/><input type=\"hidden\" name=\"_wpcf7_container_post\" value=\"0\" \/><input type=\"hidden\" name=\"_wpcf7_posted_data_hash\" value=\"\" \/><input type=\"hidden\" name=\"_wpcf7_recaptcha_response\" value=\"\" \/>\n<\/fieldset>\n<p><label> Nom*<br \/>\n<span class=\"wpcf7-form-control-wrap\" data-name=\"nombre\"><input size=\"40\" maxlength=\"400\" class=\"wpcf7-form-control wpcf7-text wpcf7-validates-as-required\" aria-required=\"true\" aria-invalid=\"false\" placeholder=\"El teu nom\" value=\"\" type=\"text\" name=\"nombre\" \/><\/span> <\/label>\n<\/p>\n<div class=\"wp-block-columns\">\n\t<div class=\"wp-block-column\">\n\t\t<p><label> Correu electr\u00f2nic*<br \/>\n<span class=\"wpcf7-form-control-wrap\" data-name=\"email\"><input size=\"40\" maxlength=\"400\" class=\"wpcf7-form-control wpcf7-email wpcf7-validates-as-required wpcf7-text wpcf7-validates-as-email\" aria-required=\"true\" aria-invalid=\"false\" placeholder=\"El teu correu\" value=\"\" type=\"email\" name=\"email\" \/><\/span> <\/label>\n\t\t<\/p>\n\t<\/div>\n\t<div class=\"wp-block-column\">\n\t\t<p><label> Tel\u00e8fon*<br \/>\n<span class=\"wpcf7-form-control-wrap\" data-name=\"telefono\"><input size=\"40\" maxlength=\"400\" class=\"wpcf7-form-control wpcf7-tel wpcf7-validates-as-required wpcf7-text wpcf7-validates-as-tel\" aria-required=\"true\" aria-invalid=\"false\" placeholder=\"El teu tel\u00e8fon\" value=\"\" type=\"tel\" name=\"telefono\" \/><\/span> <\/label>\n\t\t<\/p>\n\t<\/div>\n<\/div>\n<p><label> Missatge<br \/>\n<span class=\"wpcf7-form-control-wrap\" data-name=\"mensaje\"><textarea cols=\"40\" rows=\"3\" maxlength=\"2000\" class=\"wpcf7-form-control wpcf7-textarea\" aria-invalid=\"false\" placeholder=\"Escriu aqu\u00ed una breu descripci\u00f3\" name=\"mensaje\"><\/textarea><\/span> <\/label><br \/>\n*Camps obligatoris\n<\/p>\n<p>El registre de la web implica l&#8217;acceptaci\u00f3 del vostre <a href=\"\/aviso-legal\/\" target=\"blank\">Av\u00eds Legal<\/a> .<br \/>\n<span class=\"wpcf7-form-control-wrap\" data-name=\"acepto\"><span class=\"wpcf7-form-control wpcf7-acceptance\"><span class=\"wpcf7-list-item\"><label><input type=\"checkbox\" name=\"acepto\" value=\"1\" aria-invalid=\"false\" \/><span class=\"wpcf7-list-item-label\">S\u00ed, Accepto*<\/span><\/label><\/span><\/span><\/span><br \/>\n<input class=\"wpcf7-form-control wpcf7-submit has-spinner\" type=\"submit\" value=\"Enviar\" \/>\n<\/p><div class=\"wpcf7-response-output\" aria-hidden=\"true\"><\/div>\n<\/form>\n<\/div>\n\t\t\t\t\t<\/div>\n\t\t\t\t<\/div>\n\t\t\t\t<\/div>\n<\/div>\n\n\n\n<p><\/p>\n<\/div><\/div>\n","protected":false},"excerpt":{"rendered":"<p>Produ\u00efm qualsevol tipus de publicaci\u00f3 de disseny editorial, com ara cat\u00e0legs, revistes, llibres i fulletons. Encarregant-nos de tot all\u00f2 necessari, disseny, maquetaci\u00f3, fotografia, redacci\u00f3 i traducci\u00f3. Convertim documents a e-book, combinem bases de dades i automatitzem el proc\u00e9s. Si tens una botiga online a Prestashop extraiem les dades i les preparem per treballar-les a Indesign [&hellip;]<\/p>\n","protected":false},"author":1,"featured_media":0,"parent":13081,"menu_order":1,"comment_status":"closed","ping_status":"closed","template":"","meta":{"_acf_changed":false,"_seopress_robots_primary_cat":"","_seopress_titles_title":"","_seopress_titles_desc":"Disseny editorial. Maquetem cat\u00e0legs, revistes i llibres. Experts en disseny gr\u00e0fic, web i m\u00e0rqueting en l\u00ednia. Estudi a Sant Just Desvern.","_seopress_robots_index":"","inline_featured_image":false,"_uag_custom_page_level_css":"","_kad_blocks_custom_css":"","_kad_blocks_head_custom_js":"","_kad_blocks_body_custom_js":"","_kad_blocks_footer_custom_js":"","site-sidebar-layout":"default","site-content-layout":"default","ast-site-content-layout":"default","site-content-style":"default","site-sidebar-style":"default","ast-global-header-display":"","ast-banner-title-visibility":"","ast-main-header-display":"","ast-hfb-above-header-display":"","ast-hfb-below-header-display":"","ast-hfb-mobile-header-display":"","site-post-title":"disabled","ast-breadcrumbs-content":"","ast-featured-img":"","footer-sml-layout":"","ast-disable-related-posts":"","theme-transparent-header-meta":"default","adv-header-id-meta":"","stick-header-meta":"default","header-above-stick-meta":"","header-main-stick-meta":"","header-below-stick-meta":"","astra-migrate-meta-layouts":"default","ast-page-background-enabled":"default","ast-page-background-meta":{"desktop":{"background-color":"","background-image":"","background-repeat":"repeat","background-position":"center center","background-size":"auto","background-attachment":"scroll","background-type":"","background-media":"","overlay-type":"","overlay-color":"","overlay-opacity":"","overlay-gradient":""},"tablet":{"background-color":"","background-image":"","background-repeat":"repeat","background-position":"center center","background-size":"auto","background-attachment":"scroll","background-type":"","background-media":"","overlay-type":"","overlay-color":"","overlay-opacity":"","overlay-gradient":""},"mobile":{"background-color":"","background-image":"","background-repeat":"repeat","background-position":"center center","background-size":"auto","background-attachment":"scroll","background-type":"","background-media":"","overlay-type":"","overlay-color":"","overlay-opacity":"","overlay-gradient":""}},"ast-content-background-meta":{"desktop":{"background-color":"var(--ast-global-color-5)","background-image":"","background-repeat":"repeat","background-position":"center center","background-size":"auto","background-attachment":"scroll","background-type":"","background-media":"","overlay-type":"","overlay-color":"","overlay-opacity":"","overlay-gradient":""},"tablet":{"background-color":"var(--ast-global-color-5)","background-image":"","background-repeat":"repeat","background-position":"center center","background-size":"auto","background-attachment":"scroll","background-type":"","background-media":"","overlay-type":"","overlay-color":"","overlay-opacity":"","overlay-gradient":""},"mobile":{"background-color":"var(--ast-global-color-5)","background-image":"","background-repeat":"repeat","background-position":"center center","background-size":"auto","background-attachment":"scroll","background-type":"","background-media":"","overlay-type":"","overlay-color":"","overlay-opacity":"","overlay-gradient":""}},"_vp_format_video_url":"","_vp_image_focal_point":[],"footnotes":""},"class_list":["post-13086","page","type-page","status-publish","hentry"],"acf":[],"taxonomy_info":[],"featured_image_src_large":false,"author_info":{"display_name":"Administrador EXI","author_link":"https:\/\/empiezapori.com\/ca\/author\/empiezapori\/"},"comment_info":0,"uagb_featured_image_src":{"full":false,"thumbnail":false,"medium":false,"medium_large":false,"large":false,"1536x1536":false,"2048x2048":false,"vp_sm":false,"vp_md":false,"vp_lg":false,"vp_xl":false,"vp_sm_popup":false,"vp_md_popup":false,"vp_xl_popup":false},"uagb_author_info":{"display_name":"Administrador EXI","author_link":"https:\/\/empiezapori.com\/ca\/author\/empiezapori\/"},"uagb_comment_info":0,"uagb_excerpt":"Produ\u00efm qualsevol tipus de publicaci\u00f3 de disseny editorial, com ara cat\u00e0legs, revistes, llibres i fulletons. Encarregant-nos de tot all\u00f2 necessari, disseny, maquetaci\u00f3, fotografia, redacci\u00f3 i traducci\u00f3. Convertim documents a e-book, combinem bases de dades i automatitzem el proc\u00e9s. Si tens una botiga online a Prestashop extraiem les dades i les preparem per treballar-les a Indesign&hellip;","_links":{"self":[{"href":"https:\/\/empiezapori.com\/ca\/wp-json\/wp\/v2\/pages\/13086","targetHints":{"allow":["GET"]}}],"collection":[{"href":"https:\/\/empiezapori.com\/ca\/wp-json\/wp\/v2\/pages"}],"about":[{"href":"https:\/\/empiezapori.com\/ca\/wp-json\/wp\/v2\/types\/page"}],"author":[{"embeddable":true,"href":"https:\/\/empiezapori.com\/ca\/wp-json\/wp\/v2\/users\/1"}],"replies":[{"embeddable":true,"href":"https:\/\/empiezapori.com\/ca\/wp-json\/wp\/v2\/comments?post=13086"}],"version-history":[{"count":0,"href":"https:\/\/empiezapori.com\/ca\/wp-json\/wp\/v2\/pages\/13086\/revisions"}],"up":[{"embeddable":true,"href":"https:\/\/empiezapori.com\/ca\/wp-json\/wp\/v2\/pages\/13081"}],"wp:attachment":[{"href":"https:\/\/empiezapori.com\/ca\/wp-json\/wp\/v2\/media?parent=13086"}],"curies":[{"name":"wp","href":"https:\/\/api.w.org\/{rel}","templated":true}]}}