{"id":37638,"date":"2023-11-16T13:00:44","date_gmt":"2023-11-16T12:00:44","guid":{"rendered":"https:\/\/empiezapori.com\/disseny-grafic\/disseny-editorial-i-catalegs\/disseny-de-catalegs\/"},"modified":"2025-03-28T10:53:46","modified_gmt":"2025-03-28T09:53:46","slug":"disseny-de-catalegs","status":"publish","type":"page","link":"https:\/\/empiezapori.com\/ca\/disseny-grafic\/disseny-editorial-i-catalegs\/disseny-de-catalegs\/","title":{"rendered":"Disseny de cat\u00e0legs"},"content":{"rendered":"\n<div class=\"wp-block-uagb-container uagb-block-8a61ff20 alignfull uagb-is-root-container\"><div class=\"uagb-container-inner-blocks-wrap\">\n<div class=\"wp-block-uagb-container uagb-block-df48f103\">\n<div class=\"wp-block-uagb-advanced-heading uagb-block-3229b09e\"><h1 class=\"uagb-heading-text\">Disseny de Cat\u00e0legs<\/h1><\/div>\n<\/div>\n\n\n\n<div class=\"wp-block-uagb-container uagb-block-688b7b32\">\n<div class=\"wp-block-uagb-container uagb-block-fc506dee\">\n<div class=\"wp-block-uagb-advanced-heading uagb-block-1ba4aa5a\"><p class=\"uagb-heading-text\">Llevamos m\u00e1s de 25 a\u00f1os trabajando en el dise\u00f1o y maquetaci\u00f3n de cat\u00e1logos, revistas y libros.<\/p><\/div>\n\n\n\n<p>La comunicaci\u00f3 digital est\u00e0 en augment cada dia m\u00e9s. Per\u00f2 moltes s\u00f3n les empreses que encara volen mostrar els seus productes o serveis mitjan\u00e7ant un cat\u00e0leg en paper. La m\u00e0gia de <strong>passar p\u00e0gines en un cat\u00e0leg o revista amb un bon paper<\/strong> no \u00e9s semblant a veure un cat\u00e0leg digital.<\/p>\n\n\n\n<div class=\"wp-block-uagb-buttons uagb-buttons__outer-wrap uagb-btn__default-btn uagb-btn-tablet__default-btn uagb-btn-mobile__default-btn uagb-block-b9affc8d\"><div class=\"uagb-buttons__wrap uagb-buttons-layout-wrap \">\n<div class=\"wp-block-uagb-buttons-child uagb-buttons__outer-wrap uagb-block-cc25b379 wp-block-button\"><div class=\"uagb-button__wrapper\"><a class=\"uagb-buttons-repeater wp-block-button__link\" aria-label=\"\" href=\"#contactar\" rel=\"follow noopener\" target=\"_self\" role=\"button\"><div class=\"uagb-button__link\">Demana Pressupost<\/div><\/a><\/div><\/div>\n<\/div><\/div>\n<\/div>\n\n\n\n<div class=\"wp-block-uagb-container uagb-block-2b3cb370\"><\/div>\n<\/div>\n<\/div><\/div>\n\n<div class=\"wp-block-uagb-container uagb-block-674b70b0 alignfull uagb-is-root-container\"><div class=\"uagb-container-inner-blocks-wrap\">\n<div class=\"wp-block-uagb-buttons uagb-buttons__outer-wrap uagb-btn__default-btn uagb-btn-tablet__default-btn uagb-btn-mobile__default-btn uagb-block-0d705e9f\"><div class=\"uagb-buttons__wrap uagb-buttons-layout-wrap \">\n<div class=\"wp-block-uagb-buttons-child uagb-buttons__outer-wrap uagb-block-b0019317 wp-block-button\"><div class=\"uagb-button__wrapper\"><a class=\"uagb-buttons-repeater wp-block-button__link\" aria-label=\"\" href=\"#que\" rel=\"follow noopener\" target=\"_self\" role=\"button\"><div class=\"uagb-button__link\">Qu\u00e8 fem<\/div><\/a><\/div><\/div>\n\n\n\n<div class=\"wp-block-uagb-buttons-child uagb-buttons__outer-wrap uagb-block-99229010 wp-block-button\"><div class=\"uagb-button__wrapper\"><a class=\"uagb-buttons-repeater wp-block-button__link\" aria-label=\"\" href=\"#como\" rel=\"follow noopener\" target=\"_self\" role=\"button\"><div class=\"uagb-button__link\">Com ho fem<\/div><\/a><\/div><\/div>\n\n\n\n<div class=\"wp-block-uagb-buttons-child uagb-buttons__outer-wrap uagb-block-e2862249 wp-block-button\"><div class=\"uagb-button__wrapper\"><a class=\"uagb-buttons-repeater wp-block-button__link\" aria-label=\"\" href=\"#faqs\" rel=\"follow noopener\" target=\"_self\" role=\"button\"><div class=\"uagb-button__link\">FAQs<\/div><\/a><\/div><\/div>\n<\/div><\/div>\n<\/div><\/div>\n\n<div class=\"wp-block-uagb-advanced-heading uagb-block-d78729a6\"><h2 class=\"uagb-heading-text\">Disseny i maquetaci\u00f3 de cat\u00e0legs, revistes i llibres<\/h2><\/div>\n\n<div class=\"wp-block-uagb-container uagb-block-a012c22e alignfull uagb-is-root-container\"><div class=\"uagb-container-inner-blocks-wrap\">\n<div class=\"wp-block-uagb-container uagb-block-d436dd7e\">\n<p>El <strong>disseny de cat\u00e0legs<\/strong> de serveis consisteix a elaborar un producte de <strong>disseny gr\u00e0fic<\/strong> que presenta <strong>productes o serveis<\/strong> als teus clients potencials. El que m\u00e9s ens importa en emprendre aquest treball \u00e9s establir una <strong>harmonia entre el text, les imatges i els colors<\/strong> .<br\/><br\/>Un cat\u00e0leg descriu la l\u00ednia general de productes i serveis que ofereixes als teus clients i s&#8217;ha de dissenyar d&#8217;acord amb els millors est\u00e0ndards de <strong>qualitat t\u00e8cnica i est\u00e8tica<\/strong> .<\/p>\n<\/div>\n\n\n\n<div class=\"wp-block-uagb-container uagb-block-ae93c648\">\n<p>Per crear un cat\u00e0leg, \u00e9s indispensable que el dissenyador tingui una combinaci\u00f3 de <strong>creativitat<\/strong> i <strong>experi\u00e8ncia<\/strong> . El nostre equip t\u00e9 totes dues qualitats perqu\u00e8 el teu cat\u00e0leg atregui l&#8217;atenci\u00f3 i permeti mostrar f\u00e0cilment la informaci\u00f3. El nostre equip interioritza la <strong>cultura d&#8217;empresa<\/strong> per fer el disseny m\u00e9s fidel a la l\u00ednia est\u00e8tica de l&#8217;empresa.<br\/><br\/><strong>Empiezapori<\/strong> amb m\u00e9s de 25 anys d&#8217;experi\u00e8ncia, en disseny de cat\u00e0legs, maquetaci\u00f3 de llibres, revistes, diaris, car\u00e0tules, portades, packaging i qualsevol tipus de suport que requereixi disseny gr\u00e0fic, us ofereix la qualitat i confian\u00e7a per realitzar qualsevol projecte.<\/p>\n<\/div>\n<\/div><\/div>\n\n<div id=\"que\" class=\"wp-block-uagb-container uagb-block-dc934eaf alignfull uagb-is-root-container\"><div class=\"uagb-container-inner-blocks-wrap\">\n<div class=\"wp-block-uagb-advanced-heading uagb-block-32c54e84\"><h3 class=\"uagb-heading-text\"><strong>Qu\u00e8<\/strong> fem<\/h3><\/div>\n<\/div><\/div>\n\n<div class=\"wp-block-uagb-container uagb-block-2defde41 alignfull uagb-is-root-container\"><div class=\"uagb-container-inner-blocks-wrap\">\n<div class=\"wp-block-uagb-container uagb-block-88c74996\">\n<div class=\"wp-block-uagb-container uagb-block-8f457981\">\n<div class=\"wp-block-uagb-info-box uagb-block-39cfd57a uagb-infobox__content-wrap  uagb-infobox-icon-above-title uagb-infobox-image-valign-top\"><div class=\"uagb-ifb-content\"><div class=\"uagb-ifb-image-content\"><img decoding=\"async\" src=\"https:\/\/empiezapori.com\/wp-content\/uploads\/2024\/04\/haier-mockup-catalogo-abierto-2.jpg\" alt=\"\" width=\"270\" height=\"193\" loading=\"lazy\"\/><\/div><div class=\"uagb-ifb-title-wrap\"><h4 class=\"uagb-ifb-title\">Disseny i Maquetaci\u00f3 de Cat\u00e0legs<\/h4><\/div><p class=\"uagb-ifb-desc\">Cat\u00e0legs per a empreses, cat\u00e0legs corporatius, de producte, serveis, mem\u00f2ries, etc.<\/p><\/div><\/div>\n<\/div>\n\n\n\n<div class=\"wp-block-uagb-container uagb-block-81be49c6\">\n<div class=\"wp-block-uagb-info-box uagb-block-ac9fbc13 uagb-infobox__content-wrap  uagb-infobox-icon-above-title uagb-infobox-image-valign-top\"><div class=\"uagb-ifb-content\"><div class=\"uagb-ifb-image-content\"><img decoding=\"async\" src=\"https:\/\/empiezapori.com\/wp-content\/uploads\/2024\/04\/instituto-quirurgico-capilar-empiezapori-maquetacion.jpg\" alt=\"\" width=\"270\" height=\"194\" loading=\"lazy\"\/><\/div><div class=\"uagb-ifb-title-wrap\"><h4 class=\"uagb-ifb-title\">Disseny i Maquetaci\u00f3 de Revistes<\/h4><\/div><p class=\"uagb-ifb-desc\">Revistes sectorials, de viatges, corporatives, maquetaci\u00f3 de revistes peri\u00f2diques.<\/p><\/div><\/div>\n<\/div>\n\n\n\n<div class=\"wp-block-uagb-container uagb-block-9fe1c75d\">\n<div class=\"wp-block-uagb-info-box uagb-block-0a72a17d uagb-infobox__content-wrap  uagb-infobox-icon-above-title uagb-infobox-image-valign-top\"><div class=\"uagb-ifb-content\"><div class=\"uagb-ifb-image-content\"><img decoding=\"async\" src=\"https:\/\/empiezapori.com\/wp-content\/uploads\/2023\/12\/portfolio-libro-paraula-de-metge.jpg\" alt=\"\" width=\"270\" height=\"183\" loading=\"lazy\"\/><\/div><div class=\"uagb-ifb-title-wrap\"><h4 class=\"uagb-ifb-title\">Maquetaci\u00f3 de Llibres<\/h4><\/div><p class=\"uagb-ifb-desc\">Llibres de lectura, acad\u00e8mics, novel\u00b7les, tant per a impressi\u00f3 com per a llibres electr\u00f2nics (e-books).<\/p><\/div><\/div>\n<\/div>\n\n\n\n<div class=\"wp-block-uagb-container uagb-block-437da818\">\n<div class=\"wp-block-uagb-info-box uagb-block-1c9f5108 uagb-infobox__content-wrap  uagb-infobox-icon-above-title uagb-infobox-image-valign-top\"><div class=\"uagb-ifb-content\"><div class=\"uagb-ifb-image-content\"><img decoding=\"async\" src=\"https:\/\/empiezapori.com\/wp-content\/uploads\/2023\/07\/empiezapori-diseno-catalogos-easycatalog.png\" alt=\"\" width=\"270\" height=\"270\" loading=\"lazy\"\/><\/div><div class=\"uagb-ifb-title-wrap\"><h4 class=\"uagb-ifb-title\">Disseny de cat\u00e0legs amb EasyCatalog<\/h4><\/div><p class=\"uagb-ifb-desc\">La clau per a un cat\u00e0leg reeixit rau en la gesti\u00f3 adequada de les dades. <strong>Maquetem cat\u00e0legs amb bases de dades<\/strong> , \u00e9s a dir Ideal per a grans volums o canvis molt r\u00e0pids.<\/p><div class=\"uagb-ifb-button-wrapper wp-block-button\"><a href=\"https:\/\/empiezapori.com\/ca\/disseny-grafic\/disseny-editorial-i-catalegs\/maquetacio-de-catalegs-amb-easycatalog\/\" class=\"uagb-infobox-cta-link wp-block-button__link\" target=\"_blank\" rel=\"noopener noreferrer\" onclick=\"return true;\"><span class=\"uagb-inline-editing\">Llegir m\u00e9s<\/span><\/a><\/div><\/div><\/div>\n<\/div>\n<\/div>\n\n\n\n<div class=\"wp-block-uagb-buttons uagb-buttons__outer-wrap uagb-btn__default-btn uagb-btn-tablet__default-btn uagb-btn-mobile__default-btn uagb-block-fdb94cfb\"><div class=\"uagb-buttons__wrap uagb-buttons-layout-wrap \">\n<div class=\"wp-block-uagb-buttons-child uagb-buttons__outer-wrap uagb-block-65e5cdd6 wp-block-button\"><div class=\"uagb-button__wrapper\"><a class=\"uagb-buttons-repeater wp-block-button__link\" aria-label=\"\" href=\"#portfolio\" rel=\"follow noopener\" target=\"_self\" role=\"button\"><div class=\"uagb-button__link\">Veure exemples al nostre Portfolio<\/div><\/a><\/div><\/div>\n\n\n\n<div class=\"wp-block-uagb-buttons-child uagb-buttons__outer-wrap uagb-block-0ad496f3 wp-block-button\"><div class=\"uagb-button__wrapper\"><a class=\"uagb-buttons-repeater wp-block-button__link\" aria-label=\"\" href=\"#contactar\" rel=\"follow noopener\" target=\"_self\" role=\"button\"><div class=\"uagb-button__link\">CONTACTAR<\/div><\/a><\/div><\/div>\n<\/div><\/div>\n<\/div><\/div>\n\n<div id=\"como\" class=\"wp-block-uagb-container uagb-block-0a4179fd alignfull uagb-is-root-container\"><div class=\"uagb-container-inner-blocks-wrap\">\n<div class=\"wp-block-uagb-container uagb-block-5837d4bc\">\n<div class=\"wp-block-uagb-advanced-heading uagb-block-b43af04e\"><h3 class=\"uagb-heading-text\"><strong>Com ho<\/strong> fem<\/h3><\/div>\n\n\n\n<p>Els nostres valors en fer un cat\u00e0leg o una revista s\u00f3n; primer tenir un disseny cur\u00f3s i actual i segon, que es correspongui amb els valors de la marca i del target objectiu. Tamb\u00e9 \u00e9s important per nosaltres fer una bona estructura del cat\u00e0leg perqu\u00e8 es pugui trobar i llegir tota la informaci\u00f3 sense problemes. Taules de continguts, marcadors de p\u00e0gina, etc.<\/p>\n<\/div>\n<\/div><\/div>\n\n<div class=\"wp-block-uagb-container uagb-block-20c06017 alignfull uagb-is-root-container\"><div class=\"uagb-container-inner-blocks-wrap\">\n<div class=\"wp-block-uagb-container uagb-block-cdf30b84\">\n<div class=\"wp-block-uagb-info-box uagb-block-333c1cc6 uagb-infobox__content-wrap  uagb-infobox-icon-above-title uagb-infobox-image-valign-top\"><div class=\"uagb-ifb-content\"><div class=\"uagb-ifb-icon-wrap\"><svg xmlns=\"https:\/\/www.w3.org\/2000\/svg\" viewbox=\"0 0 512 512\"><path d=\"M0 256C0 114.6 114.6 0 256 0C397.4 0 512 114.6 512 256C512 397.4 397.4 512 256 512C114.6 512 0 397.4 0 256zM371.8 211.8C382.7 200.9 382.7 183.1 371.8 172.2C360.9 161.3 343.1 161.3 332.2 172.2L224 280.4L179.8 236.2C168.9 225.3 151.1 225.3 140.2 236.2C129.3 247.1 129.3 264.9 140.2 275.8L204.2 339.8C215.1 350.7 232.9 350.7 243.8 339.8L371.8 211.8z\"><\/path><\/svg><\/div><div class=\"uagb-ifb-title-wrap\"><h4 class=\"uagb-ifb-title\">An\u00e0lisi i Estudi de Mercat<\/h4><\/div><p class=\"uagb-ifb-desc\">Analitzem i estudiem els cat\u00e0legs propis i de la compet\u00e8ncia.<\/p><\/div><\/div>\n<\/div>\n\n\n\n<div class=\"wp-block-uagb-container uagb-block-b5fdc8c4\">\n<div class=\"wp-block-uagb-info-box uagb-block-fbc38e39 uagb-infobox__content-wrap  uagb-infobox-icon-above-title uagb-infobox-image-valign-top\"><div class=\"uagb-ifb-content\"><div class=\"uagb-ifb-icon-wrap\"><svg xmlns=\"https:\/\/www.w3.org\/2000\/svg\" viewbox=\"0 0 512 512\"><path d=\"M0 256C0 114.6 114.6 0 256 0C397.4 0 512 114.6 512 256C512 397.4 397.4 512 256 512C114.6 512 0 397.4 0 256zM371.8 211.8C382.7 200.9 382.7 183.1 371.8 172.2C360.9 161.3 343.1 161.3 332.2 172.2L224 280.4L179.8 236.2C168.9 225.3 151.1 225.3 140.2 236.2C129.3 247.1 129.3 264.9 140.2 275.8L204.2 339.8C215.1 350.7 232.9 350.7 243.8 339.8L371.8 211.8z\"><\/path><\/svg><\/div><div class=\"uagb-ifb-title-wrap\"><h4 class=\"uagb-ifb-title\">Proposta de disseny  <\/h4><\/div><p class=\"uagb-ifb-desc\">Un cop analitzat el mercat, sestudia el producte i\/o servei del client i es duu a terme la realitzaci\u00f3 de propostes de disseny.<\/p><\/div><\/div>\n<\/div>\n\n\n\n<div class=\"wp-block-uagb-container uagb-block-eb2d0588\">\n<div class=\"wp-block-uagb-info-box uagb-block-21514b74 uagb-infobox__content-wrap  uagb-infobox-icon-above-title uagb-infobox-image-valign-top\"><div class=\"uagb-ifb-content\"><div class=\"uagb-ifb-icon-wrap\"><svg xmlns=\"https:\/\/www.w3.org\/2000\/svg\" viewbox=\"0 0 512 512\"><path d=\"M0 256C0 114.6 114.6 0 256 0C397.4 0 512 114.6 512 256C512 397.4 397.4 512 256 512C114.6 512 0 397.4 0 256zM371.8 211.8C382.7 200.9 382.7 183.1 371.8 172.2C360.9 161.3 343.1 161.3 332.2 172.2L224 280.4L179.8 236.2C168.9 225.3 151.1 225.3 140.2 236.2C129.3 247.1 129.3 264.9 140.2 275.8L204.2 339.8C215.1 350.7 232.9 350.7 243.8 339.8L371.8 211.8z\"><\/path><\/svg><\/div><div class=\"uagb-ifb-title-wrap\"><h4 class=\"uagb-ifb-title\">Aprovaci\u00f3<\/h4><\/div><p class=\"uagb-ifb-desc\">Despr\u00e9s de fer totes les modificacions suggerides pel client, es passa per aprovar el disseny de la p\u00e0gina mestra.<\/p><\/div><\/div>\n<\/div>\n<\/div><\/div>\n\n<div class=\"wp-block-uagb-container uagb-block-8d2e2299 alignfull uagb-is-root-container\"><div class=\"uagb-container-inner-blocks-wrap\">\n<div class=\"wp-block-uagb-container uagb-block-7fc92b13\">\n<div class=\"wp-block-uagb-info-box uagb-block-c0ae2c34 uagb-infobox__content-wrap  uagb-infobox-icon-above-title uagb-infobox-image-valign-top\"><div class=\"uagb-ifb-content\"><div class=\"uagb-ifb-icon-wrap\"><svg xmlns=\"https:\/\/www.w3.org\/2000\/svg\" viewbox=\"0 0 512 512\"><path d=\"M0 256C0 114.6 114.6 0 256 0C397.4 0 512 114.6 512 256C512 397.4 397.4 512 256 512C114.6 512 0 397.4 0 256zM371.8 211.8C382.7 200.9 382.7 183.1 371.8 172.2C360.9 161.3 343.1 161.3 332.2 172.2L224 280.4L179.8 236.2C168.9 225.3 151.1 225.3 140.2 236.2C129.3 247.1 129.3 264.9 140.2 275.8L204.2 339.8C215.1 350.7 232.9 350.7 243.8 339.8L371.8 211.8z\"><\/path><\/svg><\/div><div class=\"uagb-ifb-title-wrap\"><h4 class=\"uagb-ifb-title\">Maquetaci\u00f3<\/h4><\/div><p class=\"uagb-ifb-desc\">La part m\u00e9s laboriosa de la feina. Mantenim un contacte directe amb el client. La pujada de dades al cat\u00e0leg la podem fer directament o vinculant la Base de Dades del client, per aix\u00f2 fem una <a href=\"\/sincronizacion-de-catalogos-con-bases-de-datos\/\" target=\"_blank\" rel=\"noreferrer noopener\">sincronitzaci\u00f3 a mida del cat\u00e0leg amb la Base de Dades<\/a> oa trav\u00e9s d&#8217; <a href=\"\/diseno-de-catalogos-con-easycatalog\/\" target=\"_blank\" rel=\"noreferrer noopener\">EasyCatalog<\/a> . <\/p><\/div><\/div>\n<\/div>\n\n\n\n<div class=\"wp-block-uagb-container uagb-block-208f3ee8\">\n<div class=\"wp-block-uagb-info-box uagb-block-1795ff19 uagb-infobox__content-wrap  uagb-infobox-icon-above-title uagb-infobox-image-valign-top\"><div class=\"uagb-ifb-content\"><div class=\"uagb-ifb-icon-wrap\"><svg xmlns=\"https:\/\/www.w3.org\/2000\/svg\" viewbox=\"0 0 512 512\"><path d=\"M0 256C0 114.6 114.6 0 256 0C397.4 0 512 114.6 512 256C512 397.4 397.4 512 256 512C114.6 512 0 397.4 0 256zM371.8 211.8C382.7 200.9 382.7 183.1 371.8 172.2C360.9 161.3 343.1 161.3 332.2 172.2L224 280.4L179.8 236.2C168.9 225.3 151.1 225.3 140.2 236.2C129.3 247.1 129.3 264.9 140.2 275.8L204.2 339.8C215.1 350.7 232.9 350.7 243.8 339.8L371.8 211.8z\"><\/path><\/svg><\/div><div class=\"uagb-ifb-title-wrap\"><h4 class=\"uagb-ifb-title\">Cobertes o Portades<\/h4><\/div><p class=\"uagb-ifb-desc\">Ens encarreguem tamb\u00e9 del disseny de les cobertes i dels elements que siguin necess\u00e0ries, com a publicitats que s&#8217;hagin d&#8217;introduir dins del cat\u00e0leg o revista.<br\/> Impressi\u00f3:  <\/p><\/div><\/div>\n<\/div>\n\n\n\n<div class=\"wp-block-uagb-container uagb-block-bd645162\">\n<div class=\"wp-block-uagb-info-box uagb-block-c3b2b6ff uagb-infobox__content-wrap  uagb-infobox-icon-above-title uagb-infobox-image-valign-top\"><div class=\"uagb-ifb-content\"><div class=\"uagb-ifb-icon-wrap\"><svg xmlns=\"https:\/\/www.w3.org\/2000\/svg\" viewbox=\"0 0 512 512\"><path d=\"M0 256C0 114.6 114.6 0 256 0C397.4 0 512 114.6 512 256C512 397.4 397.4 512 256 512C114.6 512 0 397.4 0 256zM371.8 211.8C382.7 200.9 382.7 183.1 371.8 172.2C360.9 161.3 343.1 161.3 332.2 172.2L224 280.4L179.8 236.2C168.9 225.3 151.1 225.3 140.2 236.2C129.3 247.1 129.3 264.9 140.2 275.8L204.2 339.8C215.1 350.7 232.9 350.7 243.8 339.8L371.8 211.8z\"><\/path><\/svg><\/div><div class=\"uagb-ifb-title-wrap\"><h4 class=\"uagb-ifb-title\">Impressi\u00f3 del Cat\u00e0leg<\/h4><\/div><p class=\"uagb-ifb-desc\">Un cop acabada la maquetaci\u00f3 de la pe\u00e7a editorial, es duu a terme la impressi\u00f3. Si ja tens la teva impremta, s&#8217;ho passem perqu\u00e8 l&#8217;imprimeixin. En cas que no tinguis impremta, <mark style=\"background-color:rgba(0, 0, 0, 0)\" class=\"has-inline-color has-ast-global-color-0-color\"><a href=\"https:\/\/empiezapori.es\/otros-servicios-graficos-y-web\/impresion\/\">podem assessorar-te i buscar la impremta m\u00e9s adequada pel teu tiratge.<\/a><\/mark><\/p><\/div><\/div>\n<\/div>\n<\/div><\/div>\n\n<div class=\"wp-block-uagb-container uagb-block-aef4d1b2 alignfull uagb-is-root-container\"><div class=\"uagb-container-inner-blocks-wrap\">\n<div class=\"wp-block-uagb-container uagb-block-bb5b692f\">\n<div class=\"wp-block-uagb-advanced-heading uagb-block-691c01b8\"><h2 class=\"uagb-heading-text\"><strong>Per qu\u00e8 un cat\u00e0leg \u00e9s clau per al teu negoci?<\/strong><\/h2><div class=\"uagb-separator\"><\/div><p class=\"uagb-desc-text\">Un cat\u00e0leg ben dissenyat \u00e9s m\u00e9s que un recull de productes o serveis. \u00c9s la <strong>carta de presentaci\u00f3<\/strong> que captiva els teus clients i projecta l&#8217; <strong>ess\u00e8ncia de la teva marca<\/strong> .   <\/p><\/div>\n\n\n\n<div class=\"wp-block-uagb-advanced-heading uagb-block-a0ec5bc8\"><p class=\"uagb-heading-text\">En Empiezapori, fusionamos la <strong>creatividad <\/strong>con m\u00e1s de dos d\u00e9cadas de experiencia en el dise\u00f1o gr\u00e1fico. Con una comprensi\u00f3n profunda de tu empresa, creamos cat\u00e1logos que reflejan tu <strong>identidad <\/strong>y destacan tus <strong>productos o servicios<\/strong>.<\/p><\/div>\n<\/div>\n\n\n\n<div class=\"wp-block-uagb-container uagb-block-3869c07f\">\n<div class=\"wp-block-uagb-image aligncenter uagb-block-1d103bb2 wp-block-uagb-image--layout-default wp-block-uagb-image--effect-static wp-block-uagb-image--align-center\"><figure class=\"wp-block-uagb-image__figure\"><img decoding=\"async\" srcset=\"https:\/\/empiezapori.com\/wp-content\/uploads\/2024\/03\/stop-viogen-empiezapori-3-1024x1024.jpg ,https:\/\/empiezapori.com\/wp-content\/uploads\/2024\/03\/stop-viogen-empiezapori-3.jpg 780w, https:\/\/empiezapori.com\/wp-content\/uploads\/2024\/03\/stop-viogen-empiezapori-3.jpg 360w\" sizes=\"auto, (max-width: 480px) 150px\" src=\"https:\/\/empiezapori.com\/wp-content\/uploads\/2024\/03\/stop-viogen-empiezapori-3-1024x1024.jpg\" alt=\"\" class=\"uag-image-30353\" width=\"1024\" height=\"1024\" title=\"stop-viogen-empiezapori-3\" loading=\"lazy\" role=\"img\"><\/figure><\/div>\n<\/div>\n<\/div><\/div>\n\n<div class=\"wp-block-uagb-container uagb-block-e529d071 alignfull uagb-is-root-container\"><div class=\"uagb-container-inner-blocks-wrap\">\n<h3 class=\"wp-block-heading has-text-align-center\">Claus per a la maquetaci\u00f3 de cat\u00e0legs: disseny professional i efectiu<\/h3>\n\n\n\n<p>La maquetaci\u00f3 de cat\u00e0legs \u00e9s un aspecte clau per transmetre informaci\u00f3 de manera clara i efectiva. En el disseny gr\u00e0fic corporatiu, \u00e9s important considerar elements com les fonts llegibles i coherents, l&#8217;\u00fas estrat\u00e8gic del color i la revisi\u00f3 ortogr\u00e0fica.   <\/p>\n\n\n\n<p>Aqu\u00ed us fem un resum dels aspectes que tenim en compte a <strong>comen\u00e7apori<\/strong> a l&#8217;hora de maquetar i dissenyar un cat\u00e0leg corporatiu.<\/p>\n\n\n\n<h4 class=\"wp-block-heading has-text-align-center\">Elements clau en la maquetaci\u00f3 de cat\u00e0legs<\/h4>\n\n\n\n<p>La maquetaci\u00f3 de cat\u00e0legs \u00e9s una tasca fonamental per assolir una presentaci\u00f3 efectiva de la informaci\u00f3. Aqu\u00ed abordarem els aspectes essencials que considerem en realitzar la maquetaci\u00f3 de cat\u00e0legs per als nostres clients, incloent-hi el disseny gr\u00e0fic corporatiu, la selecci\u00f3 de fonts llegibles i coherents, l&#8217;\u00fas estrat\u00e8gic del color i la revisi\u00f3 ortogr\u00e0fica i qualitat d&#8217;imatges. <\/p>\n<\/div><\/div>\n\n<div class=\"wp-block-uagb-container uagb-block-e1801b32 alignfull uagb-is-root-container\"><div class=\"uagb-container-inner-blocks-wrap\">\n<div class=\"wp-block-uagb-container uagb-block-770a9370\">\n<div class=\"wp-block-uagb-info-box uagb-block-3c0033b1 uagb-infobox__content-wrap  uagb-infobox-icon-above-title uagb-infobox-image-valign-top\"><div class=\"uagb-ifb-content\"><div class=\"uagb-ifb-icon-wrap\"><svg xmlns=\"https:\/\/www.w3.org\/2000\/svg\" viewbox=\"0 0 576 512\"><path d=\"M144.3 32.04C106.9 31.29 63.7 41.44 18.6 61.29c-11.42 5.026-18.6 16.67-18.6 29.15l0 357.6c0 11.55 11.99 19.55 22.45 14.65c126.3-59.14 219.8 11 223.8 14.01C249.1 478.9 252.5 480 256 480c12.4 0 16-11.38 16-15.98V80.04c0-5.203-2.531-10.08-6.781-13.08C263.3 65.58 216.7 33.35 144.3 32.04zM557.4 61.29c-45.11-19.79-88.48-29.61-125.7-29.26c-72.44 1.312-118.1 33.55-120.9 34.92C306.5 69.96 304 74.83 304 80.04v383.1C304 468.4 307.5 480 320 480c3.484 0 6.938-1.125 9.781-3.328c3.925-3.018 97.44-73.16 223.8-14c10.46 4.896 22.45-3.105 22.45-14.65l.0001-357.6C575.1 77.97 568.8 66.31 557.4 61.29z\"><\/path><\/svg><\/div><div class=\"uagb-ifb-title-wrap\"><h4 class=\"uagb-ifb-title\">Consideracions de disseny gr\u00e0fic corporatiu<\/h4><\/div><p class=\"uagb-ifb-desc\">Per aconseguir una maquetaci\u00f3 de cat\u00e0legs amb \u00e8xit, \u00e9s fonamental tenir en compte el <strong>disseny gr\u00e0fic corporatiu de la marca<\/strong> . Aix\u00f2 implica mantenir la coher\u00e8ncia amb la identitat visual de l&#8217;empresa, utilitzant els colors, les tipografies i els elements de marca de manera consistent. L&#8217;harmonia visual a la maquetaci\u00f3 ajudar\u00e0 a transmetre la imatge de marca de forma efectiva.  <\/p><\/div><\/div>\n<\/div>\n\n\n\n<div class=\"wp-block-uagb-container uagb-block-c83ae2c2\">\n<div class=\"wp-block-uagb-info-box uagb-block-817331b5 uagb-infobox__content-wrap  uagb-infobox-icon-above-title uagb-infobox-image-valign-top\"><div class=\"uagb-ifb-content\"><div class=\"uagb-ifb-icon-wrap\"><svg xmlns=\"https:\/\/www.w3.org\/2000\/svg\" viewbox=\"0 0 448 512\"><path d=\"M416 416h-25.81L253.1 52.76c-4.688-12.47-16.57-20.76-29.91-20.76s-25.34 8.289-30.02 20.76L57.81 416H32c-17.67 0-32 14.31-32 32s14.33 32 32 32h96c17.67 0 32-14.31 32-32s-14.33-32-32-32H126.2l17.1-48h159.6l17.1 48H320c-17.67 0-32 14.31-32 32s14.33 32 32 32h96c17.67 0 32-14.31 32-32S433.7 416 416 416zM168.2 304L224 155.1l55.82 148.9H168.2z\"><\/path><\/svg><\/div><div class=\"uagb-ifb-title-wrap\"><h4 class=\"uagb-ifb-title\">Selecci\u00f3 de fonts llegibles i coherents<\/h4><\/div><p class=\"uagb-ifb-desc\">Lelecci\u00f3 de fonts \u00e9s un altre aspecte important en la maquetaci\u00f3 de cat\u00e0legs. Cal seleccionar fonts que siguin llegibles i <strong>coherents amb la identitat visual de la marca<\/strong> . \u00c9s recomanable utilitzar diferents mides i pesos de font per jerarquitzar la informaci\u00f3 de manera clara i facilitar la lectura del cat\u00e0leg.  <\/p><\/div><\/div>\n<\/div>\n\n\n\n<div class=\"wp-block-uagb-container uagb-block-6cf714c9\">\n<div class=\"wp-block-uagb-info-box uagb-block-4812105c uagb-infobox__content-wrap  uagb-infobox-icon-above-title uagb-infobox-image-valign-top\"><div class=\"uagb-ifb-content\"><div class=\"uagb-ifb-icon-wrap\"><svg xmlns=\"https:\/\/www.w3.org\/2000\/svg\" viewbox=\"0 0 512 512\"><path d=\"M512 255.1C512 256.9 511.1 257.8 511.1 258.7C511.6 295.2 478.4 319.1 441.9 319.1H344C317.5 319.1 296 341.5 296 368C296 371.4 296.4 374.7 297 377.9C299.2 388.1 303.5 397.1 307.9 407.8C313.9 421.6 320 435.3 320 449.8C320 481.7 298.4 510.5 266.6 511.8C263.1 511.9 259.5 512 256 512C114.6 512 0 397.4 0 256C0 114.6 114.6 0 256 0C397.4 0 512 114.6 512 256V255.1zM96 255.1C78.33 255.1 64 270.3 64 287.1C64 305.7 78.33 319.1 96 319.1C113.7 319.1 128 305.7 128 287.1C128 270.3 113.7 255.1 96 255.1zM128 191.1C145.7 191.1 160 177.7 160 159.1C160 142.3 145.7 127.1 128 127.1C110.3 127.1 96 142.3 96 159.1C96 177.7 110.3 191.1 128 191.1zM256 63.1C238.3 63.1 224 78.33 224 95.1C224 113.7 238.3 127.1 256 127.1C273.7 127.1 288 113.7 288 95.1C288 78.33 273.7 63.1 256 63.1zM384 191.1C401.7 191.1 416 177.7 416 159.1C416 142.3 401.7 127.1 384 127.1C366.3 127.1 352 142.3 352 159.1C352 177.7 366.3 191.1 384 191.1z\"><\/path><\/svg><\/div><div class=\"uagb-ifb-title-wrap\"><h4 class=\"uagb-ifb-title\">\u00das estrat\u00e8gic del color a la maquetaci\u00f3<\/h4><\/div><p class=\"uagb-ifb-desc\">El color t\u00e9 un paper fonamental en la maquetaci\u00f3 de cat\u00e0legs. \u00c9s necessari utilitzar-lo estrat\u00e8gicament per ressaltar elements importants, crear jerarquies visuals i transmetre emocions. L&#8217; <strong>elecci\u00f3 d&#8217;una paleta de colors coherent amb la marca<\/strong> i la correcta aplicaci\u00f3 en el disseny ajudaran a captar l&#8217;atenci\u00f3 del lector ia guiar-lo a trav\u00e9s del contingut del cat\u00e0leg.  <\/p><\/div><\/div>\n<\/div>\n\n\n\n<div class=\"wp-block-uagb-container uagb-block-ce28544d\">\n<div class=\"wp-block-uagb-info-box uagb-block-47a63e95 uagb-infobox__content-wrap  uagb-infobox-icon-above-title uagb-infobox-image-valign-top\"><div class=\"uagb-ifb-content\"><div class=\"uagb-ifb-icon-wrap\"><svg xmlns=\"https:\/\/www.w3.org\/2000\/svg\" viewbox=\"0 0 576 512\"><path d=\"M528 32H144c-26.51 0-48 21.49-48 48v256c0 26.51 21.49 48 48 48H528c26.51 0 48-21.49 48-48v-256C576 53.49 554.5 32 528 32zM223.1 96c17.68 0 32 14.33 32 32S241.7 160 223.1 160c-17.67 0-32-14.33-32-32S206.3 96 223.1 96zM494.1 311.6C491.3 316.8 485.9 320 480 320H192c-6.023 0-11.53-3.379-14.26-8.75c-2.73-5.367-2.215-11.81 1.332-16.68l70-96C252.1 194.4 256.9 192 262 192c5.111 0 9.916 2.441 12.93 6.574l22.35 30.66l62.74-94.11C362.1 130.7 367.1 128 373.3 128c5.348 0 10.34 2.672 13.31 7.125l106.7 160C496.6 300 496.9 306.3 494.1 311.6zM456 432H120c-39.7 0-72-32.3-72-72v-240C48 106.8 37.25 96 24 96S0 106.8 0 120v240C0 426.2 53.83 480 120 480h336c13.25 0 24-10.75 24-24S469.3 432 456 432z\"><\/path><\/svg><\/div><div class=\"uagb-ifb-title-wrap\"><h4 class=\"uagb-ifb-title\">Revisi\u00f3 ortogr\u00e0fica i qualitat d&#8217;imatges<\/h4><\/div><p class=\"uagb-ifb-desc\">No podem passar per alt la import\u00e0ncia de revisar tant l&#8217;ortografia com la qualitat de les imatges a la maquetaci\u00f3 de cat\u00e0legs. <strong>Els errors ortogr\u00e0fics poden donar una imatge poc professional<\/strong> i restar credibilitat al cat\u00e0leg. Aix\u00ed mateix, les imatges han de tenir una resoluci\u00f3 adequada i ser de bona qualitat per garantir una presentaci\u00f3 visual atractiva i d&#8217;acord amb els est\u00e0ndards de la marca. <\/p><\/div><\/div>\n<\/div>\n<\/div><\/div>\n\n<div class=\"wp-block-uagb-container uagb-block-1d69429a alignfull uagb-is-root-container\"><div class=\"uagb-container-inner-blocks-wrap\">\n<h3 class=\"wp-block-heading has-text-align-center\">Altres tipus de cat\u00e0legs i consideracions addicionals<\/h3>\n\n\n\n<p>En l&#8217;\u00e0mbit de la maquetaci\u00f3 de cat\u00e0legs, hi ha altres variants importants a tenir en compte, com ara els cat\u00e0legs t\u00e8cnics i promocionals. Aquests cat\u00e0legs tenen caracter\u00edstiques espec\u00edfiques que requereixen un enfocament diferent en el disseny i la presentaci\u00f3. <\/p>\n<\/div><\/div>\n\n<div class=\"wp-block-uagb-container uagb-block-6d1573a9 alignfull uagb-is-root-container\"><div class=\"uagb-container-inner-blocks-wrap\">\n<div class=\"wp-block-uagb-container uagb-block-b7a0cbd0\">\n<div class=\"wp-block-uagb-info-box uagb-block-8a82f9df uagb-infobox__content-wrap  uagb-infobox-icon-above-title uagb-infobox-image-valign-top\"><div class=\"uagb-ifb-content\"><div class=\"uagb-ifb-icon-wrap\"><svg xmlns=\"https:\/\/www.w3.org\/2000\/svg\" viewbox=\"0 0 576 512\"><path d=\"M144.3 32.04C106.9 31.29 63.7 41.44 18.6 61.29c-11.42 5.026-18.6 16.67-18.6 29.15l0 357.6c0 11.55 11.99 19.55 22.45 14.65c126.3-59.14 219.8 11 223.8 14.01C249.1 478.9 252.5 480 256 480c12.4 0 16-11.38 16-15.98V80.04c0-5.203-2.531-10.08-6.781-13.08C263.3 65.58 216.7 33.35 144.3 32.04zM557.4 61.29c-45.11-19.79-88.48-29.61-125.7-29.26c-72.44 1.312-118.1 33.55-120.9 34.92C306.5 69.96 304 74.83 304 80.04v383.1C304 468.4 307.5 480 320 480c3.484 0 6.938-1.125 9.781-3.328c3.925-3.018 97.44-73.16 223.8-14c10.46 4.896 22.45-3.105 22.45-14.65l.0001-357.6C575.1 77.97 568.8 66.31 557.4 61.29z\"><\/path><\/svg><\/div><div class=\"uagb-ifb-title-wrap\"><h4 class=\"uagb-ifb-title\">Cat\u00e0legs t\u00e8cnics i promocionals<\/h4><\/div><p class=\"uagb-ifb-desc\">Els <strong>cat\u00e0legs t\u00e8cnics<\/strong> se centren en proporcionar informaci\u00f3 detallada sobre els productes o serveis duna empresa, incloent especificacions t\u00e8cniques, caracter\u00edstiques i funcionalitats. \u00c9s fonamental que la maquetaci\u00f3 d&#8217;aquests cat\u00e0legs transmeti de manera clara i precisa la informaci\u00f3 t\u00e8cnica, utilitzant gr\u00e0fics, diagrames i taules que en facilitin la comprensi\u00f3. <br\/><br\/>D&#8217;altra banda, els <strong>cat\u00e0legs promocionals<\/strong> tenen com a objectiu principal generar inter\u00e8s i persuadir els clients a adquirir els productes o serveis presentats. En aquest cas, \u00e9s important ressaltar els avantatges i beneficis dels productes, utilitzant imatges impactants i cridats a lacci\u00f3 persuasius. La maquetaci\u00f3 ha de ser atractiva i din\u00e0mica, captant latenci\u00f3 del lector i generant un desig de compra.  <\/p><\/div><\/div>\n<\/div>\n\n\n\n<div class=\"wp-block-uagb-container uagb-block-ee3c0a50\">\n<div class=\"wp-block-uagb-info-box uagb-block-2cd90ff4 uagb-infobox__content-wrap  uagb-infobox-icon-above-title uagb-infobox-image-valign-top\"><div class=\"uagb-ifb-content\"><div class=\"uagb-ifb-icon-wrap\"><svg xmlns=\"https:\/\/www.w3.org\/2000\/svg\" viewbox=\"0 0 576 512\"><path d=\"M144.3 32.04C106.9 31.29 63.7 41.44 18.6 61.29c-11.42 5.026-18.6 16.67-18.6 29.15l0 357.6c0 11.55 11.99 19.55 22.45 14.65c126.3-59.14 219.8 11 223.8 14.01C249.1 478.9 252.5 480 256 480c12.4 0 16-11.38 16-15.98V80.04c0-5.203-2.531-10.08-6.781-13.08C263.3 65.58 216.7 33.35 144.3 32.04zM557.4 61.29c-45.11-19.79-88.48-29.61-125.7-29.26c-72.44 1.312-118.1 33.55-120.9 34.92C306.5 69.96 304 74.83 304 80.04v383.1C304 468.4 307.5 480 320 480c3.484 0 6.938-1.125 9.781-3.328c3.925-3.018 97.44-73.16 223.8-14c10.46 4.896 22.45-3.105 22.45-14.65l.0001-357.6C575.1 77.97 568.8 66.31 557.4 61.29z\"><\/path><\/svg><\/div><div class=\"uagb-ifb-title-wrap\"><h4 class=\"uagb-ifb-title\">Import\u00e0ncia de la presentaci\u00f3 i enquadernaci\u00f3<\/h4><\/div><p class=\"uagb-ifb-desc\"><br\/>La presentaci\u00f3 d\u201fun cat\u00e0leg \u00e9s crucial, ja que \u00e9s el primer contacte visual que t\u00e9 el client potencial amb l\u201fempresa i els seus productes. L&#8217;elecci\u00f3 d&#8217;un disseny atractiu i professional i una enquadernaci\u00f3 de qualitat contribuiran a transmetre una imatge positiva i fer que el cat\u00e0leg destaqui entre la compet\u00e8ncia. <br\/><br\/>L&#8217; <strong>enquadernaci\u00f3<\/strong> pot variar en funci\u00f3 de les necessitats i els objectius de cada cat\u00e0leg. Des d&#8217;enquadernacions m\u00e9s senzilles com grapat o espiral, fins a opcions m\u00e9s elegants com enquadernaci\u00f3 en tapa dura o anellat, \u00e9s important triar l&#8217;opci\u00f3 adequada que reforci el missatge que es vol transmetre. <\/p><\/div><\/div>\n<\/div>\n\n\n\n<div class=\"wp-block-uagb-container uagb-block-ee76644b\">\n<div class=\"wp-block-uagb-info-box uagb-block-aa252356 uagb-infobox__content-wrap  uagb-infobox-icon-above-title uagb-infobox-image-valign-top\"><div class=\"uagb-ifb-content\"><div class=\"uagb-ifb-icon-wrap\"><svg xmlns=\"https:\/\/www.w3.org\/2000\/svg\" viewbox=\"0 0 576 512\"><path d=\"M144.3 32.04C106.9 31.29 63.7 41.44 18.6 61.29c-11.42 5.026-18.6 16.67-18.6 29.15l0 357.6c0 11.55 11.99 19.55 22.45 14.65c126.3-59.14 219.8 11 223.8 14.01C249.1 478.9 252.5 480 256 480c12.4 0 16-11.38 16-15.98V80.04c0-5.203-2.531-10.08-6.781-13.08C263.3 65.58 216.7 33.35 144.3 32.04zM557.4 61.29c-45.11-19.79-88.48-29.61-125.7-29.26c-72.44 1.312-118.1 33.55-120.9 34.92C306.5 69.96 304 74.83 304 80.04v383.1C304 468.4 307.5 480 320 480c3.484 0 6.938-1.125 9.781-3.328c3.925-3.018 97.44-73.16 223.8-14c10.46 4.896 22.45-3.105 22.45-14.65l.0001-357.6C575.1 77.97 568.8 66.31 557.4 61.29z\"><\/path><\/svg><\/div><div class=\"uagb-ifb-title-wrap\"><h4 class=\"uagb-ifb-title\">Selecci\u00f3 adequada de la mida i tipus de paper<\/h4><\/div><p class=\"uagb-ifb-desc\">La mida i el tipus de paper tamb\u00e9 s\u00f3n consideracions essencials en la maquetaci\u00f3 de cat\u00e0legs. La mida del cat\u00e0leg ha de ser elegida en funci\u00f3 de la quantitat d&#8217;informaci\u00f3 i el format en qu\u00e8 es presentar\u00e0, tenint en compte la comoditat de lectura i maneig per a l&#8217;usuari final. <br\/><br\/>Pel que fa al tipus de paper, cal considerar l&#8217;acabat desitjat i la qualitat d&#8217;impressi\u00f3 requerida. Les opcions inclouen paper setinat, mat o brillant, cadascuna amb les seves pr\u00f2pies caracter\u00edstiques visuals i t\u00e0ctils. Lelecci\u00f3 adequada del tipus de paper contribuir\u00e0 a ressaltar les imatges i el disseny general del cat\u00e0leg.  <\/p><\/div><\/div>\n<\/div>\n<\/div><\/div>\n\n<div id=\"faqs\" class=\"wp-block-uagb-container uagb-block-1925d41f alignfull uagb-is-root-container\"><div class=\"uagb-container-inner-blocks-wrap\">\n<div class=\"wp-block-uagb-advanced-heading uagb-block-90b7bb29\"><div class=\"uagb-separator\"><\/div><h2 class=\"uagb-heading-text\">Preguntes freq\u00fcents<\/h2><\/div>\n\n\n\n<div class=\"wp-block-uagb-container uagb-block-987e7c6a alignfull uagb-is-root-container\"><div class=\"uagb-container-inner-blocks-wrap\">\n<div class=\"wp-block-uagb-container uagb-block-60327cef\">\n<div class=\"wp-block-uagb-advanced-heading uagb-block-c935e37e text-decoration: none;\"><h4 class=\"uagb-heading-text\"><a href=\"#necesito\">1. En quin cas necessito un cat\u00e0leg per a la meva empresa?<\/a><\/h4><\/div>\n\n\n\n<div class=\"wp-block-uagb-advanced-heading uagb-block-53fc8a55 text-decoration: none;\"><h4 class=\"uagb-heading-text\"><a href=\"#impreso-digital\">2. Quina \u00e9s la difer\u00e8ncia entre un cat\u00e0leg impr\u00e8s i un de digital?<\/a><\/h4><\/div>\n\n\n\n<div class=\"wp-block-uagb-advanced-heading uagb-block-f5f3aa3e text-decoration: none;\"><h4 class=\"uagb-heading-text\"><a href=\"#formatos\">3. Quins formats s\u00f3n m\u00e9s efectius per als cat\u00e0legs?<\/a><\/h4><\/div>\n\n\n\n<div class=\"wp-block-uagb-advanced-heading uagb-block-c140a8e8 text-decoration: none;\"><h4 class=\"uagb-heading-text\"><a href=\"#tiempo\">4. Quant de temps porta el proc\u00e9s de disseny i producci\u00f3?<\/a><\/h4><\/div>\n\n\n\n<div class=\"wp-block-uagb-advanced-heading uagb-block-31fa9275 text-decoration: none;\"><h4 class=\"uagb-heading-text\"><a href=\"#elementos-esenciales\">5. Quins elements s\u00f3n essencials en un cat\u00e0leg per destacar productes o serveis?<\/a><\/h4><\/div>\n<\/div>\n\n\n\n<div class=\"wp-block-uagb-container uagb-block-1c11a430\">\n<div class=\"wp-block-uagb-advanced-heading uagb-block-60f15967 text-decoration: none;\"><h4 class=\"uagb-heading-text\"><a href=\"#beneficios\">6. Quins beneficis per a la meva empresa aporta tenir un cat\u00e0leg ben dissenyat?<\/a><\/h4><\/div>\n\n\n\n<div class=\"wp-block-uagb-advanced-heading uagb-block-a34839f9 text-decoration: none;\"><h4 class=\"uagb-heading-text\"><a href=\"#precio\">7. Quin preu teniu un cat\u00e0leg d&#8217;empresa?<\/a><\/h4><\/div>\n\n\n\n<div class=\"wp-block-uagb-advanced-heading uagb-block-65ca29cd text-decoration: none;\"><h4 class=\"uagb-heading-text\"><a href=\"#tiempo-entrega\">8. Quant de temps porta el proc\u00e9s de lliurament?<\/a><\/h4><\/div>\n\n\n\n<div class=\"wp-block-uagb-advanced-heading uagb-block-505aa5c3 text-decoration: none;\"><h4 class=\"uagb-heading-text\"><a href=\"#exito\">9. Com es pot mesurar l&#8217;\u00e8xit d&#8217;un cat\u00e0leg a la meva empresa?<\/a><\/h4><\/div>\n\n\n\n<div class=\"wp-block-uagb-advanced-heading uagb-block-72dd232c text-decoration: none;\"><h4 class=\"uagb-heading-text\"><a href=\"#diseno\">10. Com dissenyem els cat\u00e0legs per a empreses?<\/a><\/h4><\/div>\n<\/div>\n<\/div><\/div>\n<\/div><\/div>\n\n<div id=\"necesito\" class=\"wp-block-uagb-container uagb-block-572cb957 alignfull uagb-is-root-container\"><div class=\"uagb-container-inner-blocks-wrap\">\n<div class=\"wp-block-uagb-container uagb-block-367de911\">\n<div class=\"wp-block-uagb-advanced-heading uagb-block-8a53f78f\"><h3 class=\"uagb-heading-text\"><strong>1. En quin cas necessito un cat\u00e0leg?<\/strong><\/h3><\/div>\n<\/div>\n\n\n\n<div class=\"wp-block-uagb-container uagb-block-fb422513\">\n<div class=\"wp-block-uagb-advanced-heading uagb-block-ad91e9cd\"><p class=\"uagb-heading-text\">Un cat\u00e1logo empresarial es la piedra angular para <strong>presentar profesionalmente tu oferta de productos o servicios<\/strong>. No solo simplifica la elecci\u00f3n para tus clientes, sino que tambi\u00e9n <strong>impulsa promociones<\/strong>, refuerza tu <strong>presencia <\/strong>en eventos comerciales y <strong>potencia<\/strong> tu presencia en l\u00ednea. Es la herramienta que no solo muestra lo que ofreces, sino que tambi\u00e9n <strong>proyecta la identidad<\/strong> y el profesionalismo de tu marca, fundamental para <strong>destacar<\/strong> en un mercado competitivo.<\/p><\/div>\n<\/div>\n<\/div><\/div>\n\n<div id=\"impreso-digital\" class=\"wp-block-uagb-container uagb-block-3641270e alignfull uagb-is-root-container\"><div class=\"uagb-container-inner-blocks-wrap\">\n<div class=\"wp-block-uagb-container uagb-block-d4ffe8e9\">\n<div class=\"wp-block-uagb-advanced-heading uagb-block-a2864d6b\"><p class=\"uagb-heading-text\">Un cat\u00e1logo impreso es tangible, f\u00edsico, y ofrece una <strong>experiencia t\u00e1ctil<\/strong>. Los usuarios pueden hojearlo, sentir el papel y tener una<strong> interacci\u00f3n m\u00e1s f\u00edsica<\/strong> con los productos o servicios presentados. Por otro lado, un cat\u00e1logo digital es <strong>interactivo<\/strong>, se visualiza en dispositivos electr\u00f3nicos como computadoras, tabletas o tel\u00e9fonos m\u00f3viles,<strong> permitiendo enlaces<\/strong> a productos, videos, animaciones y actualizaciones din\u00e1micas. Ofrece una experiencia m\u00e1s flexible y adaptable a los entornos digitales, permitiendo llegar a una <strong>audiencia global<\/strong> de manera instant\u00e1nea.<\/p><\/div>\n<\/div>\n\n\n\n<div class=\"wp-block-uagb-container uagb-block-431f420b\">\n<div class=\"wp-block-uagb-advanced-heading uagb-block-06446a10\"><h3 class=\"uagb-heading-text\"><strong>2. Quina \u00e9s la difer\u00e8ncia entre un cat\u00e0leg impr\u00e8s i un de digital?<\/strong><\/h3><\/div>\n<\/div>\n<\/div><\/div>\n\n<div id=\"formatos\" class=\"wp-block-uagb-container uagb-block-8b8ab1b4 alignfull uagb-is-root-container\"><div class=\"uagb-container-inner-blocks-wrap\">\n<div class=\"wp-block-uagb-container uagb-block-d3ba9469\">\n<div class=\"wp-block-uagb-advanced-heading uagb-block-58823993\"><h3 class=\"uagb-heading-text\"><strong>3. <strong>Quins formats s\u00f3n m\u00e9s efectius per a diferents tipus de cat\u00e0legs<\/strong> ?<\/strong><\/h3><\/div>\n<\/div>\n\n\n\n<div class=\"wp-block-uagb-container uagb-block-bf21bd50\">\n<div class=\"wp-block-uagb-advanced-heading uagb-block-6e2b87bc\"><p class=\"uagb-heading-text\">Los formatos efectivos para un cat\u00e1logo var\u00edan seg\u00fan la <strong>audiencia<\/strong>, la <strong>intenci\u00f3n <\/strong>y el<strong> medio de la distribuci\u00f3n<\/strong>. Los<strong> cat\u00e1logos impresos<\/strong> son ideales para presentaciones f\u00edsicas en eventos, ferias comerciales o puntos de venta f\u00edsicos, ya que ofrecen una <strong>experiencia t\u00e1ctil y duradera<\/strong>. Los <strong>cat\u00e1logos digitales<\/strong> interactivos son perfectos para plataformas en l\u00ednea, sitios web o correos electr\u00f3nicos; permiten <strong>elementos interactivos<\/strong> como videos, enlaces a productos y <strong>actualizaciones <\/strong>din\u00e1micas. Los <strong>PDF descargables o imprimibles<\/strong> son una opci\u00f3n vers\u00e1til que puede ser distribuida por correo electr\u00f3nico, descargada desde un sitio web o impresa para su uso f\u00edsico; <strong>conserva la apariencia del cat\u00e1logo impreso<\/strong> con la flexibilidad digital. <\/p><\/div>\n<\/div>\n<\/div><\/div>\n\n<div id=\"tiempo\" class=\"wp-block-uagb-container uagb-block-48f30d35 alignfull uagb-is-root-container\"><div class=\"uagb-container-inner-blocks-wrap\">\n<div class=\"wp-block-uagb-container uagb-block-a0f59699\">\n<div class=\"wp-block-uagb-advanced-heading uagb-block-ebf14ebd\"><p class=\"uagb-heading-text\">El tiempo necesario para el dise\u00f1o y producci\u00f3n de un cat\u00e1logo var\u00eda significativamente seg\u00fan la <strong>complejidad del proyecto<\/strong>, la cantidad de p\u00e1ginas, la cantidad de productos o servicios a presentar, la disponibilidad de contenido y la etapa de revisi\u00f3n. En general, desde la concepci\u00f3n inicial hasta la entrega final, el proceso puede tomar desde unas pocas semanas hasta varios meses. Incluye etapas como la <strong>planificaci\u00f3n<\/strong>, el <strong>dise\u00f1o gr\u00e1fico<\/strong>, la selecci\u00f3n de <strong>contenido<\/strong>, <strong>revisi\u00f3n <\/strong>y <strong>correcci\u00f3n<\/strong>, la <strong>producci\u00f3n <\/strong>y la preparaci\u00f3n para la <strong>distribuci\u00f3n<\/strong>, dependiendo de la escala y los detalles espec\u00edficos del proyecto.<\/p><\/div>\n<\/div>\n\n\n\n<div class=\"wp-block-uagb-container uagb-block-0ad66447\">\n<div class=\"wp-block-uagb-advanced-heading uagb-block-efc1a668\"><h3 class=\"uagb-heading-text\"><strong>4. <strong>Quant de temps porta el proc\u00e9s de disseny i producci\u00f3 d&#8217;un cat\u00e0leg<\/strong> ?<\/strong><\/h3><\/div>\n<\/div>\n<\/div><\/div>\n\n<div id=\"elementos-esenciales\" class=\"wp-block-uagb-container uagb-block-5d0d2100 alignfull uagb-is-root-container\"><div class=\"uagb-container-inner-blocks-wrap\">\n<div class=\"wp-block-uagb-container uagb-block-1b888de7\">\n<div class=\"wp-block-uagb-advanced-heading uagb-block-81fbe292\"><h3 class=\"uagb-heading-text\"><strong>5. <strong><strong>Quins elements s\u00f3n essencials en un cat\u00e0leg per destacar productes o serveis<\/strong><\/strong> ?<\/strong><\/h3><\/div>\n<\/div>\n\n\n\n<div class=\"wp-block-uagb-container uagb-block-2817190b\">\n<div class=\"wp-block-uagb-advanced-heading uagb-block-de076ef8\"><p class=\"uagb-heading-text\">En un cat\u00e1logo para resaltar productos o servicios, la combinaci\u00f3n de elementos clave resulta fundamental. <strong>Im\u00e1genes de alta calidad<\/strong> muestran detalles y \u00e1ngulos, acompa\u00f1adas por descripciones precisas y atractivas que resaltan caracter\u00edsticas y beneficios. Un <strong>dise\u00f1o visualmente atractivo<\/strong> organiza la informaci\u00f3n de manera coherente, priorizando la legibilidad y jerarqu\u00eda. Informaci\u00f3n relevante como precios, tama\u00f1os y colores, junto con llamados a la acci\u00f3n claros, facilitan la toma de decisiones. La consistencia de marca refleja la<strong> identidad visual y tonal<\/strong>, mientras que una presentaci\u00f3n ordenada y espacios en blanco estrat\u00e9gicos evitan la saturaci\u00f3n visual, destacando la importancia de cada elemento. Esta combinaci\u00f3n permite <strong>captar la atenci\u00f3n<\/strong> y facilitar la comprensi\u00f3n de los productos o servicios ofrecidos en el cat\u00e1logo.<\/p><\/div>\n<\/div>\n<\/div><\/div>\n\n<div id=\"beneficios\" class=\"wp-block-uagb-container uagb-block-67e19fa6 alignfull uagb-is-root-container\"><div class=\"uagb-container-inner-blocks-wrap\">\n<div class=\"wp-block-uagb-container uagb-block-2377f8c8\">\n<p>Un cat\u00e0leg ben dissenyat \u00e9s molt m\u00e9s que un recull de productes o serveis; \u00e9s la clau per projectar una <strong>imatge professional i fiable de la marca<\/strong> . El seu impacte va m\u00e9s enll\u00e0 de la presentaci\u00f3 visual, millorant la percepci\u00f3 de l&#8217;empresa, <strong>destacant la qualitat i la cura<\/strong> dels detalls. A m\u00e9s, diferencia els productes o serveis de la compet\u00e8ncia, posicionant-los a la ment del consumidor i potenciant les estrat\u00e8gies de m\u00e0rqueting. En brindar consist\u00e8ncia en la comunicaci\u00f3 de la marca, es converteix en una eina integral que <strong>enforteix la identitat<\/strong> <strong>i pres\u00e8ncia<\/strong> al mercat.   <\/p>\n<\/div>\n\n\n\n<div class=\"wp-block-uagb-container uagb-block-ce8d8320\">\n<div class=\"wp-block-uagb-advanced-heading uagb-block-1ebefede\"><h3 class=\"uagb-heading-text\"><strong>6. <strong><strong>Quins beneficis a la meva empresa aporta tenir un cat\u00e0leg ben dissenyat<\/strong><\/strong> ?<\/strong><\/h3><\/div>\n<\/div>\n<\/div><\/div>\n\n<div id=\"precio\" class=\"wp-block-uagb-container uagb-block-2a05a9a5 alignfull uagb-is-root-container\"><div class=\"uagb-container-inner-blocks-wrap\">\n<div class=\"wp-block-uagb-container uagb-block-3e06c6bb\">\n<div class=\"wp-block-uagb-advanced-heading uagb-block-a505eb4b\"><h3 class=\"uagb-heading-text\"><strong>7. <strong><strong><strong>Quin preu t\u00e9 un cat\u00e0leg d&#8217;empresa<\/strong><\/strong><\/strong> ?<\/strong><\/h3><\/div>\n<\/div>\n\n\n\n<div class=\"wp-block-uagb-container uagb-block-cec85f81\">\n<div class=\"wp-block-uagb-advanced-heading uagb-block-73f6afd8\"><p class=\"uagb-heading-text\">El precio de dise\u00f1o de un cat\u00e1logo de empresa puede variar considerablemente seg\u00fan varios factores, como la <strong>complejidad del dise\u00f1o<\/strong>, el <strong>n\u00famero de p\u00e1ginas<\/strong>, la cantidad de productos o servicios a presentar, la inclusi\u00f3n de elementos gr\u00e1ficos, entre otros. <\/p><\/div>\n<\/div>\n<\/div><\/div>\n\n<div id=\"tiempo-entrega\" class=\"wp-block-uagb-container uagb-block-04fe60a9 alignfull uagb-is-root-container\"><div class=\"uagb-container-inner-blocks-wrap\">\n<div class=\"wp-block-uagb-container uagb-block-ccc4d1e4\">\n<p>El temps de lliurament d&#8217;un cat\u00e0leg empresarial dissenyat varia depenent de la <strong>complexitat del projecte i la quantitat de p\u00e0gines<\/strong> . En general, des de la concepci\u00f3 inicial fins al lliurament final, pot prendre des de <strong>poques setmanes fins a diversos mesos<\/strong> . Factors com el contingut, les revisions necess\u00e0ries i la producci\u00f3 influeixen en el cronograma, per\u00f2 s&#8217;estableix considerant l&#8217;efici\u00e8ncia i la qualitat del disseny per garantir un lliurament puntual.  <\/p>\n<\/div>\n\n\n\n<div class=\"wp-block-uagb-container uagb-block-5de18289\">\n<div class=\"wp-block-uagb-advanced-heading uagb-block-c8b63151\"><h3 class=\"uagb-heading-text\"><strong>8. <strong><strong>Quant de temps porta el proc\u00e9s de lliurament<\/strong><\/strong> ?<\/strong><\/h3><\/div>\n<\/div>\n<\/div><\/div>\n\n<div id=\"exito\" class=\"wp-block-uagb-container uagb-block-4bb90bf2 alignfull uagb-is-root-container\"><div class=\"uagb-container-inner-blocks-wrap\">\n<div class=\"wp-block-uagb-container uagb-block-ed027c27\">\n<div class=\"wp-block-uagb-advanced-heading uagb-block-8cc7e8ad\"><h3 class=\"uagb-heading-text\"><strong>9. <strong>Com es pot mesurar l&#8217;\u00e8xit d&#8217;un cat\u00e0leg a la meva empresa?<\/strong><\/strong><\/h3><\/div>\n<\/div>\n\n\n\n<div class=\"wp-block-uagb-container uagb-block-986122b8\">\n<div class=\"wp-block-uagb-advanced-heading uagb-block-00c7d4f7\"><p class=\"uagb-heading-text\">El \u00e9xito de un cat\u00e1logo se mide a trav\u00e9s de diversos indicadores clave. El <strong>aumento en las ventas<\/strong> de los productos o servicios presentados en el cat\u00e1logo es un claro indicador, junto con el <strong>feedback directo de los clientes<\/strong> a trav\u00e9s de encuestas o rese\u00f1as. Para cat\u00e1logos digitales, el an\u00e1lisis de la <strong>interacci\u00f3n del usuario<\/strong>, como el tiempo de permanencia o descargas, es fundamental. La conversi\u00f3n de leads en clientes reales y el impacto positivo en la <strong>percepci\u00f3n de la marca<\/strong> tambi\u00e9n son m\u00e9tricas cruciales para evaluar el rendimiento general del cat\u00e1logo. La combinaci\u00f3n de estos indicadores brinda una comprensi\u00f3n hol\u00edstica del \u00e9xito del cat\u00e1logo y orienta las estrategias futuras.<\/p><\/div>\n<\/div>\n<\/div><\/div>\n\n<div id=\"diseno\" class=\"wp-block-uagb-container uagb-block-635b87ad alignfull uagb-is-root-container\"><div class=\"uagb-container-inner-blocks-wrap\">\n<div class=\"wp-block-uagb-container uagb-block-91d9b303\">\n<p>El disseny de cat\u00e0legs implica un <strong>proc\u00e9s meticul\u00f3s<\/strong> que combina creativitat, estrat\u00e8gia i coneixement t\u00e8cnic. Comen\u00e7a amb la comprensi\u00f3 detallada dels objectius del cat\u00e0leg i la <strong>identificaci\u00f3 precisa<\/strong> del p\u00fablic objectiu. A partir d\u00b4aqu\u00ed, es desenvolupa un <strong>pla visual<\/strong> que inclou la disposici\u00f3 de p\u00e0gines, la selecci\u00f3 d\u00b4elements gr\u00e0fics i fotografies d\u00b4alta qualitat, i la redacci\u00f3 de textos persuasius i descriptius. Es presta una atenci\u00f3 especial a l&#8217; <strong>estructura visual<\/strong> per garantir una <strong>presentaci\u00f3 atractiva<\/strong> i organitzada dels productes o serveis. Durant el proc\u00e9s de disseny, s&#8217;incorporen <strong>elements de la identitat de la marca<\/strong> per assegurar la coher\u00e8ncia i es fan revisions cont\u00ednues per perfeccionar cada detall.      <\/p>\n<\/div>\n\n\n\n<div class=\"wp-block-uagb-container uagb-block-db71a7b8\">\n<div class=\"wp-block-uagb-advanced-heading uagb-block-37b31fab\"><h3 class=\"uagb-heading-text\"><strong>10. <strong><strong>Com dissenyem els cat\u00e0legs<\/strong><\/strong> per a empreses?<\/strong><\/h3><\/div>\n<\/div>\n<\/div><\/div>\n\n<div class=\"wp-block-uagb-container uag-hide-desktop uag-hide-tab uag-hide-mob uagb-block-da6bfeb8 alignfull uagb-is-root-container\"><div class=\"uagb-container-inner-blocks-wrap\">\n<p><a href=\"https:\/\/nousmedis.com\/es\/easycatalog\/\">Disseny amb easy cat\u00e0leg<\/a><\/p>\n<\/div><\/div>\n\n<div id=\"portfolio\" class=\"wp-block-uagb-container uagb-block-199aba52 alignfull uagb-is-root-container\"><div class=\"uagb-container-inner-blocks-wrap\">\n<div class=\"wp-block-uagb-advanced-heading uagb-block-8244864a\"><h2 class=\"uagb-heading-text\">Projectes de disseny editorial i de cat\u00e0legs realitzats<\/h2><\/div>\n\n\n<div class=\"wp-block-visual-portfolio\">\n<div class=\"vp-portfolio vp-uid-de579c1d vp-id-Z2o0w4e\"\n\tdata-vp-layout=\"masonry\" data-vp-content-source=\"post-based\" data-vp-items-style=\"fade\" data-vp-items-click-action=\"url\" data-vp-items-gap=\"15\" data-vp-items-gap-vertical=\"\" data-vp-pagination=\"load-more\" data-vp-next-page-url=\"https:\/\/empiezapori.com\/ca\/wp-json\/wp\/v2\/pages\/37638?vp_page=2\" data-vp-masonry-columns=\"3\" >\n\t<div class=\"vp-portfolio__preloader-wrap\">\n\t\t<div class=\"vp-portfolio__preloader\">\n\t\t\t<img decoding=\"async\" loading=\"eager\" src=\"https:\/\/empiezapori.com\/wp-content\/plugins\/visual-portfolio\/assets\/images\/logo-dark.svg\" alt=\"Visual Portfolio, Posts &amp; Image Gallery for WordPress\" width=\"20\" height=\"20\" data-skip-lazy>\n\t\t<\/div>\n\t<\/div>\n\t\t<div class=\"vp-portfolio__items-wrap\">\n\t\t\t\n<div class=\"vp-portfolio__items vp-portfolio__items-style-fade vp-portfolio__items-show-overlay-hover\">\n\n\t\t<article\t\tclass=\"vp-portfolio__item-wrap post-41558 portfolio type-portfolio status-publish format-standard has-post-thumbnail hentry portfolio_category-disseny-editorial-i-catalegs portfolio_category-disseny-grafic portfolio_tag-barcelona-ca vp-portfolio__item-uid-a3760be9\" data-vp-filter=\"disseny-editorial-i-catalegs,disseny-grafic\" \t\t>\n\t\t\t\t\t\t\t\t\t<figure class=\"vp-portfolio__item\">\n\t\t\t\t\n<div class=\"vp-portfolio__item-img-wrap\">\n\t<div class=\"vp-portfolio__item-img\">\n\t\t\t<a\n\t\thref=\"https:\/\/empiezapori.com\/ca\/portfolio\/presentacion-interactiva-para-marketplaces-de-momabikes\/\"\n\t\taria-label=\"Presentaci\u00f3 Interactiva per a Marketplaces de Momabikes\" \t>\n\t\n\t\t<noscript><img alt=\"\" decoding=\"async\" width=\"1200\" height=\"900\" data-skip-lazy src=\"https:\/\/empiezapori.com\/wp-content\/uploads\/2025\/08\/presentacion-momabikes-empiezapori-2.jpg\" class=\"wp-image-41551\" alt=\"\" srcset=\"https:\/\/empiezapori.com\/wp-content\/uploads\/2025\/08\/presentacion-momabikes-empiezapori-2.jpg 1200w, https:\/\/empiezapori.com\/wp-content\/uploads\/2025\/08\/presentacion-momabikes-empiezapori-2-300x225.jpg 300w, https:\/\/empiezapori.com\/wp-content\/uploads\/2025\/08\/presentacion-momabikes-empiezapori-2-1024x768.jpg 1024w, https:\/\/empiezapori.com\/wp-content\/uploads\/2025\/08\/presentacion-momabikes-empiezapori-2-768x576.jpg 768w, https:\/\/empiezapori.com\/wp-content\/uploads\/2025\/08\/presentacion-momabikes-empiezapori-2-500x375.jpg 500w, https:\/\/empiezapori.com\/wp-content\/uploads\/2025\/08\/presentacion-momabikes-empiezapori-2-800x600.jpg 800w\" sizes=\"(max-width: 1200px) 100vw, 1200px\" \/><\/noscript><img alt=\"\" fetchpriority=\"high\" decoding=\"async\" width=\"1200\" height=\"900\" src=\"https:\/\/empiezapori.com\/wp-content\/uploads\/2025\/08\/presentacion-momabikes-empiezapori-2.jpg\" class=\"wp-image-41551 vp-lazyload\" alt srcset=\"data:image\/svg+xml;base64,PHN2ZyB3aWR0aD0iMTIwMCIgaGVpZ2h0PSI5MDAiIHZpZXdCb3g9IjAgMCAxMjAwIDkwMCIgZmlsbD0ibm9uZSIgeG1sbnM9Imh0dHA6Ly93d3cudzMub3JnLzIwMDAvc3ZnIj48L3N2Zz4=\" data-src=\"https:\/\/empiezapori.com\/wp-content\/uploads\/2025\/08\/presentacion-momabikes-empiezapori-2.jpg\" data-srcset=\"https:\/\/empiezapori.com\/wp-content\/uploads\/2025\/08\/presentacion-momabikes-empiezapori-2.jpg 1200w, https:\/\/empiezapori.com\/wp-content\/uploads\/2025\/08\/presentacion-momabikes-empiezapori-2-300x225.jpg 300w, https:\/\/empiezapori.com\/wp-content\/uploads\/2025\/08\/presentacion-momabikes-empiezapori-2-1024x768.jpg 1024w, https:\/\/empiezapori.com\/wp-content\/uploads\/2025\/08\/presentacion-momabikes-empiezapori-2-768x576.jpg 768w, https:\/\/empiezapori.com\/wp-content\/uploads\/2025\/08\/presentacion-momabikes-empiezapori-2-500x375.jpg 500w, https:\/\/empiezapori.com\/wp-content\/uploads\/2025\/08\/presentacion-momabikes-empiezapori-2-800x600.jpg 800w\" data-sizes=\"auto\" loading=\"eager\">\n\t\t<\/a>\t<\/div>\n<\/div>\n\t<figcaption class=\"vp-portfolio__item-overlay vp-portfolio__item-overlay-text-align-center\">\n\t\t<div class=\"vp-portfolio__item-meta-wrap vp-portfolio__custom-scrollbar\">\n\t\t\t\t<a\n\t\thref=\"https:\/\/empiezapori.com\/ca\/portfolio\/presentacion-interactiva-para-marketplaces-de-momabikes\/\"\n\t\ttabindex=\"-1\" class=\"vp-portfolio__item-meta\" aria-label=\"Presentaci\u00f3 Interactiva per a Marketplaces de Momabikes\" \t>\n\t\n\n<div class=\"vp-portfolio__item-meta-categories\">\n\t\t\t<div class=\"vp-portfolio__item-meta-category\">\n\t\t\t\t<span\t\t\t>\n\tDisseny editorial i cat\u00e0legs<\/span>\t\t<\/div>\n\t\t<\/div>\n\n\n<h2 class=\"vp-portfolio__item-meta-title\">\n\tPresentaci\u00f3 Interactiva per a Marketplaces de Momabikes<\/h2>\n<\/a>\t\t<\/div>\n\t<\/figcaption>\n\t\t\t<\/figure>\n\t\t\t\t\t<\/article>\n\t\t\n\t\t<article\t\tclass=\"vp-portfolio__item-wrap post-38919 portfolio type-portfolio status-publish format-standard has-post-thumbnail hentry portfolio_category-disseny-editorial-i-catalegs portfolio_category-disseny-grafic portfolio_tag-barcelona-ca vp-portfolio__item-uid-762f9485\" data-vp-filter=\"disseny-editorial-i-catalegs,disseny-grafic\" \t\t>\n\t\t\t\t\t\t\t\t\t<figure class=\"vp-portfolio__item\">\n\t\t\t\t\n<div class=\"vp-portfolio__item-img-wrap\">\n\t<div class=\"vp-portfolio__item-img\">\n\t\t\t<a\n\t\thref=\"https:\/\/empiezapori.com\/ca\/portfolio\/disseny-i-maquetacio-editorial-per-a-col%c2%b7legi-de-metges-de-barcelona\/\"\n\t\taria-label=\"Disseny i Maquetaci\u00f3 editorial per a Col\u00b7legi de Metges de Barcelona\" \t>\n\t\n\t\t<noscript><img alt=\"\" decoding=\"async\" width=\"1200\" height=\"800\" data-skip-lazy src=\"https:\/\/empiezapori.com\/wp-content\/uploads\/2025\/04\/1016369_OJK93M1.jpg\" class=\"wp-image-38924\" alt=\"\" srcset=\"https:\/\/empiezapori.com\/wp-content\/uploads\/2025\/04\/1016369_OJK93M1.jpg 1200w, https:\/\/empiezapori.com\/wp-content\/uploads\/2025\/04\/1016369_OJK93M1-300x200.jpg 300w, https:\/\/empiezapori.com\/wp-content\/uploads\/2025\/04\/1016369_OJK93M1-1024x683.jpg 1024w, https:\/\/empiezapori.com\/wp-content\/uploads\/2025\/04\/1016369_OJK93M1-768x512.jpg 768w, https:\/\/empiezapori.com\/wp-content\/uploads\/2025\/04\/1016369_OJK93M1-500x333.jpg 500w, https:\/\/empiezapori.com\/wp-content\/uploads\/2025\/04\/1016369_OJK93M1-800x533.jpg 800w\" sizes=\"(max-width: 1200px) 100vw, 1200px\" \/><\/noscript><img alt=\"\" decoding=\"async\" width=\"1200\" height=\"800\" src=\"https:\/\/empiezapori.com\/wp-content\/uploads\/2025\/04\/1016369_OJK93M1.jpg\" class=\"wp-image-38924 vp-lazyload\" alt srcset=\"data:image\/svg+xml;base64,PHN2ZyB3aWR0aD0iMTIwMCIgaGVpZ2h0PSI4MDAiIHZpZXdCb3g9IjAgMCAxMjAwIDgwMCIgZmlsbD0ibm9uZSIgeG1sbnM9Imh0dHA6Ly93d3cudzMub3JnLzIwMDAvc3ZnIj48L3N2Zz4=\" data-src=\"https:\/\/empiezapori.com\/wp-content\/uploads\/2025\/04\/1016369_OJK93M1.jpg\" data-srcset=\"https:\/\/empiezapori.com\/wp-content\/uploads\/2025\/04\/1016369_OJK93M1.jpg 1200w, https:\/\/empiezapori.com\/wp-content\/uploads\/2025\/04\/1016369_OJK93M1-300x200.jpg 300w, https:\/\/empiezapori.com\/wp-content\/uploads\/2025\/04\/1016369_OJK93M1-1024x683.jpg 1024w, https:\/\/empiezapori.com\/wp-content\/uploads\/2025\/04\/1016369_OJK93M1-768x512.jpg 768w, https:\/\/empiezapori.com\/wp-content\/uploads\/2025\/04\/1016369_OJK93M1-500x333.jpg 500w, https:\/\/empiezapori.com\/wp-content\/uploads\/2025\/04\/1016369_OJK93M1-800x533.jpg 800w\" data-sizes=\"auto\" loading=\"eager\">\n\t\t<\/a>\t<\/div>\n<\/div>\n\t<figcaption class=\"vp-portfolio__item-overlay vp-portfolio__item-overlay-text-align-center\">\n\t\t<div class=\"vp-portfolio__item-meta-wrap vp-portfolio__custom-scrollbar\">\n\t\t\t\t<a\n\t\thref=\"https:\/\/empiezapori.com\/ca\/portfolio\/disseny-i-maquetacio-editorial-per-a-col%c2%b7legi-de-metges-de-barcelona\/\"\n\t\ttabindex=\"-1\" class=\"vp-portfolio__item-meta\" aria-label=\"Disseny i Maquetaci\u00f3 editorial per a Col\u00b7legi de Metges de Barcelona\" \t>\n\t\n\n<div class=\"vp-portfolio__item-meta-categories\">\n\t\t\t<div class=\"vp-portfolio__item-meta-category\">\n\t\t\t\t<span\t\t\t>\n\tDisseny editorial i cat\u00e0legs<\/span>\t\t<\/div>\n\t\t<\/div>\n\n\n<h2 class=\"vp-portfolio__item-meta-title\">\n\tDisseny i Maquetaci\u00f3 editorial per a Col\u00b7legi de Metges de Barcelona<\/h2>\n<\/a>\t\t<\/div>\n\t<\/figcaption>\n\t\t\t<\/figure>\n\t\t\t\t\t<\/article>\n\t\t\n\t\t<article\t\tclass=\"vp-portfolio__item-wrap post-38885 portfolio type-portfolio status-publish format-standard has-post-thumbnail hentry portfolio_category-disseny-editorial-i-catalegs portfolio_category-disseny-grafic portfolio_tag-barcelona-ca vp-portfolio__item-uid-af9909d0\" data-vp-filter=\"disseny-editorial-i-catalegs,disseny-grafic\" \t\t>\n\t\t\t\t\t\t\t\t\t<figure class=\"vp-portfolio__item\">\n\t\t\t\t\n<div class=\"vp-portfolio__item-img-wrap\">\n\t<div class=\"vp-portfolio__item-img\">\n\t\t\t<a\n\t\thref=\"https:\/\/empiezapori.com\/ca\/portfolio\/maquetacio-de-cataleg-per-a-marc-marin\/\"\n\t\taria-label=\"Maquetaci\u00f3 de cat\u00e0leg per a Marc Mar\u00edn\" \t>\n\t\n\t\t<noscript><img alt=\"\" decoding=\"async\" width=\"1200\" height=\"900\" data-skip-lazy src=\"https:\/\/empiezapori.com\/wp-content\/uploads\/2025\/04\/empiezapori-marc-marti-libro-sistemas-operativos-2.jpg\" class=\"wp-image-38889\" alt=\"\" srcset=\"https:\/\/empiezapori.com\/wp-content\/uploads\/2025\/04\/empiezapori-marc-marti-libro-sistemas-operativos-2.jpg 1200w, https:\/\/empiezapori.com\/wp-content\/uploads\/2025\/04\/empiezapori-marc-marti-libro-sistemas-operativos-2-300x225.jpg 300w, https:\/\/empiezapori.com\/wp-content\/uploads\/2025\/04\/empiezapori-marc-marti-libro-sistemas-operativos-2-1024x768.jpg 1024w, https:\/\/empiezapori.com\/wp-content\/uploads\/2025\/04\/empiezapori-marc-marti-libro-sistemas-operativos-2-768x576.jpg 768w, https:\/\/empiezapori.com\/wp-content\/uploads\/2025\/04\/empiezapori-marc-marti-libro-sistemas-operativos-2-500x375.jpg 500w, https:\/\/empiezapori.com\/wp-content\/uploads\/2025\/04\/empiezapori-marc-marti-libro-sistemas-operativos-2-800x600.jpg 800w\" sizes=\"(max-width: 1200px) 100vw, 1200px\" \/><\/noscript><img alt=\"\" decoding=\"async\" width=\"1200\" height=\"900\" src=\"https:\/\/empiezapori.com\/wp-content\/uploads\/2025\/04\/empiezapori-marc-marti-libro-sistemas-operativos-2.jpg\" class=\"wp-image-38889 vp-lazyload\" alt srcset=\"data:image\/svg+xml;base64,PHN2ZyB3aWR0aD0iMTIwMCIgaGVpZ2h0PSI5MDAiIHZpZXdCb3g9IjAgMCAxMjAwIDkwMCIgZmlsbD0ibm9uZSIgeG1sbnM9Imh0dHA6Ly93d3cudzMub3JnLzIwMDAvc3ZnIj48L3N2Zz4=\" data-src=\"https:\/\/empiezapori.com\/wp-content\/uploads\/2025\/04\/empiezapori-marc-marti-libro-sistemas-operativos-2.jpg\" data-srcset=\"https:\/\/empiezapori.com\/wp-content\/uploads\/2025\/04\/empiezapori-marc-marti-libro-sistemas-operativos-2.jpg 1200w, https:\/\/empiezapori.com\/wp-content\/uploads\/2025\/04\/empiezapori-marc-marti-libro-sistemas-operativos-2-300x225.jpg 300w, https:\/\/empiezapori.com\/wp-content\/uploads\/2025\/04\/empiezapori-marc-marti-libro-sistemas-operativos-2-1024x768.jpg 1024w, https:\/\/empiezapori.com\/wp-content\/uploads\/2025\/04\/empiezapori-marc-marti-libro-sistemas-operativos-2-768x576.jpg 768w, https:\/\/empiezapori.com\/wp-content\/uploads\/2025\/04\/empiezapori-marc-marti-libro-sistemas-operativos-2-500x375.jpg 500w, https:\/\/empiezapori.com\/wp-content\/uploads\/2025\/04\/empiezapori-marc-marti-libro-sistemas-operativos-2-800x600.jpg 800w\" data-sizes=\"auto\" loading=\"eager\">\n\t\t<\/a>\t<\/div>\n<\/div>\n\t<figcaption class=\"vp-portfolio__item-overlay vp-portfolio__item-overlay-text-align-center\">\n\t\t<div class=\"vp-portfolio__item-meta-wrap vp-portfolio__custom-scrollbar\">\n\t\t\t\t<a\n\t\thref=\"https:\/\/empiezapori.com\/ca\/portfolio\/maquetacio-de-cataleg-per-a-marc-marin\/\"\n\t\ttabindex=\"-1\" class=\"vp-portfolio__item-meta\" aria-label=\"Maquetaci\u00f3 de cat\u00e0leg per a Marc Mar\u00edn\" \t>\n\t\n\n<div class=\"vp-portfolio__item-meta-categories\">\n\t\t\t<div class=\"vp-portfolio__item-meta-category\">\n\t\t\t\t<span\t\t\t>\n\tDisseny editorial i cat\u00e0legs<\/span>\t\t<\/div>\n\t\t<\/div>\n\n\n<h2 class=\"vp-portfolio__item-meta-title\">\n\tMaquetaci\u00f3 de cat\u00e0leg per a Marc Mar\u00edn<\/h2>\n<\/a>\t\t<\/div>\n\t<\/figcaption>\n\t\t\t<\/figure>\n\t\t\t\t\t<\/article>\n\t\t\n\t\t<article\t\tclass=\"vp-portfolio__item-wrap post-38873 portfolio type-portfolio status-publish format-standard has-post-thumbnail hentry portfolio_category-disseny-editorial-i-catalegs portfolio_category-disseny-grafic portfolio_tag-barcelona-ca vp-portfolio__item-uid-c162b02a\" data-vp-filter=\"disseny-editorial-i-catalegs,disseny-grafic\" \t\t>\n\t\t\t\t\t\t\t\t\t<figure class=\"vp-portfolio__item\">\n\t\t\t\t\n<div class=\"vp-portfolio__item-img-wrap\">\n\t<div class=\"vp-portfolio__item-img\">\n\t\t\t<a\n\t\thref=\"https:\/\/empiezapori.com\/ca\/portfolio\/maquetacio-de-cataleg-per-al-ministeri-deducacio-formacio-professional-i-esports\/\"\n\t\taria-label=\"Maquetaci\u00f3 de cat\u00e0leg per al Ministeri d&#8217;Educaci\u00f3, Formaci\u00f3 Professional i Esports\" \t>\n\t\n\t\t<noscript><img alt=\"\" decoding=\"async\" width=\"1500\" height=\"1500\" data-skip-lazy src=\"https:\/\/empiezapori.com\/wp-content\/uploads\/2025\/04\/empiezapori-ministerio-de-educacions-catalogo-2.jpg\" class=\"wp-image-38877\" alt=\"\" srcset=\"https:\/\/empiezapori.com\/wp-content\/uploads\/2025\/04\/empiezapori-ministerio-de-educacions-catalogo-2.jpg 1500w, https:\/\/empiezapori.com\/wp-content\/uploads\/2025\/04\/empiezapori-ministerio-de-educacions-catalogo-2-300x300.jpg 300w, https:\/\/empiezapori.com\/wp-content\/uploads\/2025\/04\/empiezapori-ministerio-de-educacions-catalogo-2-1024x1024.jpg 1024w, https:\/\/empiezapori.com\/wp-content\/uploads\/2025\/04\/empiezapori-ministerio-de-educacions-catalogo-2-150x150.jpg 150w, https:\/\/empiezapori.com\/wp-content\/uploads\/2025\/04\/empiezapori-ministerio-de-educacions-catalogo-2-768x768.jpg 768w, https:\/\/empiezapori.com\/wp-content\/uploads\/2025\/04\/empiezapori-ministerio-de-educacions-catalogo-2-500x500.jpg 500w, https:\/\/empiezapori.com\/wp-content\/uploads\/2025\/04\/empiezapori-ministerio-de-educacions-catalogo-2-800x800.jpg 800w, https:\/\/empiezapori.com\/wp-content\/uploads\/2025\/04\/empiezapori-ministerio-de-educacions-catalogo-2-1280x1280.jpg 1280w\" sizes=\"(max-width: 1500px) 100vw, 1500px\" \/><\/noscript><img alt=\"\" decoding=\"async\" width=\"1500\" height=\"1500\" src=\"https:\/\/empiezapori.com\/wp-content\/uploads\/2025\/04\/empiezapori-ministerio-de-educacions-catalogo-2.jpg\" class=\"wp-image-38877 vp-lazyload\" alt srcset=\"data:image\/svg+xml;base64,PHN2ZyB3aWR0aD0iMTUwMCIgaGVpZ2h0PSIxNTAwIiB2aWV3Qm94PSIwIDAgMTUwMCAxNTAwIiBmaWxsPSJub25lIiB4bWxucz0iaHR0cDovL3d3dy53My5vcmcvMjAwMC9zdmciPjwvc3ZnPg==\" data-src=\"https:\/\/empiezapori.com\/wp-content\/uploads\/2025\/04\/empiezapori-ministerio-de-educacions-catalogo-2.jpg\" data-srcset=\"https:\/\/empiezapori.com\/wp-content\/uploads\/2025\/04\/empiezapori-ministerio-de-educacions-catalogo-2.jpg 1500w, https:\/\/empiezapori.com\/wp-content\/uploads\/2025\/04\/empiezapori-ministerio-de-educacions-catalogo-2-300x300.jpg 300w, https:\/\/empiezapori.com\/wp-content\/uploads\/2025\/04\/empiezapori-ministerio-de-educacions-catalogo-2-1024x1024.jpg 1024w, https:\/\/empiezapori.com\/wp-content\/uploads\/2025\/04\/empiezapori-ministerio-de-educacions-catalogo-2-150x150.jpg 150w, https:\/\/empiezapori.com\/wp-content\/uploads\/2025\/04\/empiezapori-ministerio-de-educacions-catalogo-2-768x768.jpg 768w, https:\/\/empiezapori.com\/wp-content\/uploads\/2025\/04\/empiezapori-ministerio-de-educacions-catalogo-2-500x500.jpg 500w, https:\/\/empiezapori.com\/wp-content\/uploads\/2025\/04\/empiezapori-ministerio-de-educacions-catalogo-2-800x800.jpg 800w, https:\/\/empiezapori.com\/wp-content\/uploads\/2025\/04\/empiezapori-ministerio-de-educacions-catalogo-2-1280x1280.jpg 1280w\" data-sizes=\"auto\" loading=\"eager\">\n\t\t<\/a>\t<\/div>\n<\/div>\n\t<figcaption class=\"vp-portfolio__item-overlay vp-portfolio__item-overlay-text-align-center\">\n\t\t<div class=\"vp-portfolio__item-meta-wrap vp-portfolio__custom-scrollbar\">\n\t\t\t\t<a\n\t\thref=\"https:\/\/empiezapori.com\/ca\/portfolio\/maquetacio-de-cataleg-per-al-ministeri-deducacio-formacio-professional-i-esports\/\"\n\t\ttabindex=\"-1\" class=\"vp-portfolio__item-meta\" aria-label=\"Maquetaci\u00f3 de cat\u00e0leg per al Ministeri d&#8217;Educaci\u00f3, Formaci\u00f3 Professional i Esports\" \t>\n\t\n\n<div class=\"vp-portfolio__item-meta-categories\">\n\t\t\t<div class=\"vp-portfolio__item-meta-category\">\n\t\t\t\t<span\t\t\t>\n\tDisseny editorial i cat\u00e0legs<\/span>\t\t<\/div>\n\t\t<\/div>\n\n\n<h2 class=\"vp-portfolio__item-meta-title\">\n\tMaquetaci\u00f3 de cat\u00e0leg per al Ministeri d&#8217;Educaci\u00f3, Formaci\u00f3 Professional i Esports<\/h2>\n<\/a>\t\t<\/div>\n\t<\/figcaption>\n\t\t\t<\/figure>\n\t\t\t\t\t<\/article>\n\t\t\n\t\t<article\t\tclass=\"vp-portfolio__item-wrap post-38421 portfolio type-portfolio status-publish format-standard has-post-thumbnail hentry portfolio_category-disseny-editorial-i-catalegs portfolio_category-disseny-grafic portfolio_tag-barcelona-ca vp-portfolio__item-uid-5b01dc27\" data-vp-filter=\"disseny-editorial-i-catalegs,disseny-grafic\" \t\t>\n\t\t\t\t\t\t\t\t\t<figure class=\"vp-portfolio__item\">\n\t\t\t\t\n<div class=\"vp-portfolio__item-img-wrap\">\n\t<div class=\"vp-portfolio__item-img\">\n\t\t\t<a\n\t\thref=\"https:\/\/empiezapori.com\/ca\/portfolio\/maquetacio-de-cataleg-per-a-aecid\/\"\n\t\taria-label=\"Maquetaci\u00f3 de cat\u00e0leg per a AECID\" \t>\n\t\n\t\t<noscript><img alt=\"\" decoding=\"async\" width=\"1200\" height=\"1200\" data-skip-lazy src=\"https:\/\/empiezapori.com\/wp-content\/uploads\/2025\/03\/mockup_catalogo-solo-portada-lomo.jpg\" class=\"wp-image-38427\" alt=\"\" srcset=\"https:\/\/empiezapori.com\/wp-content\/uploads\/2025\/03\/mockup_catalogo-solo-portada-lomo.jpg 1200w, https:\/\/empiezapori.com\/wp-content\/uploads\/2025\/03\/mockup_catalogo-solo-portada-lomo-300x300.jpg 300w, https:\/\/empiezapori.com\/wp-content\/uploads\/2025\/03\/mockup_catalogo-solo-portada-lomo-1024x1024.jpg 1024w, https:\/\/empiezapori.com\/wp-content\/uploads\/2025\/03\/mockup_catalogo-solo-portada-lomo-150x150.jpg 150w, https:\/\/empiezapori.com\/wp-content\/uploads\/2025\/03\/mockup_catalogo-solo-portada-lomo-768x768.jpg 768w, https:\/\/empiezapori.com\/wp-content\/uploads\/2025\/03\/mockup_catalogo-solo-portada-lomo-500x500.jpg 500w, https:\/\/empiezapori.com\/wp-content\/uploads\/2025\/03\/mockup_catalogo-solo-portada-lomo-800x800.jpg 800w\" sizes=\"(max-width: 1200px) 100vw, 1200px\" \/><\/noscript><img alt=\"\" decoding=\"async\" width=\"1200\" height=\"1200\" src=\"https:\/\/empiezapori.com\/wp-content\/uploads\/2025\/03\/mockup_catalogo-solo-portada-lomo.jpg\" class=\"wp-image-38427 vp-lazyload\" alt srcset=\"data:image\/svg+xml;base64,PHN2ZyB3aWR0aD0iMTIwMCIgaGVpZ2h0PSIxMjAwIiB2aWV3Qm94PSIwIDAgMTIwMCAxMjAwIiBmaWxsPSJub25lIiB4bWxucz0iaHR0cDovL3d3dy53My5vcmcvMjAwMC9zdmciPjwvc3ZnPg==\" data-src=\"https:\/\/empiezapori.com\/wp-content\/uploads\/2025\/03\/mockup_catalogo-solo-portada-lomo.jpg\" data-srcset=\"https:\/\/empiezapori.com\/wp-content\/uploads\/2025\/03\/mockup_catalogo-solo-portada-lomo.jpg 1200w, https:\/\/empiezapori.com\/wp-content\/uploads\/2025\/03\/mockup_catalogo-solo-portada-lomo-300x300.jpg 300w, https:\/\/empiezapori.com\/wp-content\/uploads\/2025\/03\/mockup_catalogo-solo-portada-lomo-1024x1024.jpg 1024w, https:\/\/empiezapori.com\/wp-content\/uploads\/2025\/03\/mockup_catalogo-solo-portada-lomo-150x150.jpg 150w, https:\/\/empiezapori.com\/wp-content\/uploads\/2025\/03\/mockup_catalogo-solo-portada-lomo-768x768.jpg 768w, https:\/\/empiezapori.com\/wp-content\/uploads\/2025\/03\/mockup_catalogo-solo-portada-lomo-500x500.jpg 500w, https:\/\/empiezapori.com\/wp-content\/uploads\/2025\/03\/mockup_catalogo-solo-portada-lomo-800x800.jpg 800w\" data-sizes=\"auto\" loading=\"eager\">\n\t\t<\/a>\t<\/div>\n<\/div>\n\t<figcaption class=\"vp-portfolio__item-overlay vp-portfolio__item-overlay-text-align-center\">\n\t\t<div class=\"vp-portfolio__item-meta-wrap vp-portfolio__custom-scrollbar\">\n\t\t\t\t<a\n\t\thref=\"https:\/\/empiezapori.com\/ca\/portfolio\/maquetacio-de-cataleg-per-a-aecid\/\"\n\t\ttabindex=\"-1\" class=\"vp-portfolio__item-meta\" aria-label=\"Maquetaci\u00f3 de cat\u00e0leg per a AECID\" \t>\n\t\n\n<div class=\"vp-portfolio__item-meta-categories\">\n\t\t\t<div class=\"vp-portfolio__item-meta-category\">\n\t\t\t\t<span\t\t\t>\n\tDisseny editorial i cat\u00e0legs<\/span>\t\t<\/div>\n\t\t<\/div>\n\n\n<h2 class=\"vp-portfolio__item-meta-title\">\n\tMaquetaci\u00f3 de cat\u00e0leg per a AECID<\/h2>\n<\/a>\t\t<\/div>\n\t<\/figcaption>\n\t\t\t<\/figure>\n\t\t\t\t\t<\/article>\n\t\t\n\t\t<article\t\tclass=\"vp-portfolio__item-wrap post-38406 portfolio type-portfolio status-publish format-standard has-post-thumbnail hentry portfolio_category-disseny-editorial-i-catalegs portfolio_category-disseny-grafic portfolio_tag-barcelona-ca vp-portfolio__item-uid-f7532b06\" data-vp-filter=\"disseny-editorial-i-catalegs,disseny-grafic\" \t\t>\n\t\t\t\t\t\t\t\t\t<figure class=\"vp-portfolio__item\">\n\t\t\t\t\n<div class=\"vp-portfolio__item-img-wrap\">\n\t<div class=\"vp-portfolio__item-img\">\n\t\t\t<a\n\t\thref=\"https:\/\/empiezapori.com\/ca\/portfolio\/maquetacio-de-cataleg-per-a-kota-hortals\/\"\n\t\taria-label=\"Maquetaci\u00f3 de cat\u00e0leg per a Kota &#8211; Hortals\" \t>\n\t\n\t\t<noscript><img alt=\"\" decoding=\"async\" width=\"1150\" height=\"1046\" data-skip-lazy src=\"https:\/\/empiezapori.com\/wp-content\/uploads\/2025\/03\/empiezapori-bull-constructors-catalogo-kota-2.jpg\" class=\"wp-image-38413\" alt=\"\" srcset=\"https:\/\/empiezapori.com\/wp-content\/uploads\/2025\/03\/empiezapori-bull-constructors-catalogo-kota-2.jpg 1150w, https:\/\/empiezapori.com\/wp-content\/uploads\/2025\/03\/empiezapori-bull-constructors-catalogo-kota-2-300x273.jpg 300w, https:\/\/empiezapori.com\/wp-content\/uploads\/2025\/03\/empiezapori-bull-constructors-catalogo-kota-2-1024x931.jpg 1024w, https:\/\/empiezapori.com\/wp-content\/uploads\/2025\/03\/empiezapori-bull-constructors-catalogo-kota-2-768x699.jpg 768w, https:\/\/empiezapori.com\/wp-content\/uploads\/2025\/03\/empiezapori-bull-constructors-catalogo-kota-2-500x455.jpg 500w, https:\/\/empiezapori.com\/wp-content\/uploads\/2025\/03\/empiezapori-bull-constructors-catalogo-kota-2-800x728.jpg 800w\" sizes=\"(max-width: 1150px) 100vw, 1150px\" \/><\/noscript><img alt=\"\" decoding=\"async\" width=\"1150\" height=\"1046\" src=\"https:\/\/empiezapori.com\/wp-content\/uploads\/2025\/03\/empiezapori-bull-constructors-catalogo-kota-2.jpg\" class=\"wp-image-38413 vp-lazyload\" alt srcset=\"data:image\/svg+xml;base64,PHN2ZyB3aWR0aD0iMTE1MCIgaGVpZ2h0PSIxMDQ2IiB2aWV3Qm94PSIwIDAgMTE1MCAxMDQ2IiBmaWxsPSJub25lIiB4bWxucz0iaHR0cDovL3d3dy53My5vcmcvMjAwMC9zdmciPjwvc3ZnPg==\" data-src=\"https:\/\/empiezapori.com\/wp-content\/uploads\/2025\/03\/empiezapori-bull-constructors-catalogo-kota-2.jpg\" data-srcset=\"https:\/\/empiezapori.com\/wp-content\/uploads\/2025\/03\/empiezapori-bull-constructors-catalogo-kota-2.jpg 1150w, https:\/\/empiezapori.com\/wp-content\/uploads\/2025\/03\/empiezapori-bull-constructors-catalogo-kota-2-300x273.jpg 300w, https:\/\/empiezapori.com\/wp-content\/uploads\/2025\/03\/empiezapori-bull-constructors-catalogo-kota-2-1024x931.jpg 1024w, https:\/\/empiezapori.com\/wp-content\/uploads\/2025\/03\/empiezapori-bull-constructors-catalogo-kota-2-768x699.jpg 768w, https:\/\/empiezapori.com\/wp-content\/uploads\/2025\/03\/empiezapori-bull-constructors-catalogo-kota-2-500x455.jpg 500w, https:\/\/empiezapori.com\/wp-content\/uploads\/2025\/03\/empiezapori-bull-constructors-catalogo-kota-2-800x728.jpg 800w\" data-sizes=\"auto\" loading=\"eager\">\n\t\t<\/a>\t<\/div>\n<\/div>\n\t<figcaption class=\"vp-portfolio__item-overlay vp-portfolio__item-overlay-text-align-center\">\n\t\t<div class=\"vp-portfolio__item-meta-wrap vp-portfolio__custom-scrollbar\">\n\t\t\t\t<a\n\t\thref=\"https:\/\/empiezapori.com\/ca\/portfolio\/maquetacio-de-cataleg-per-a-kota-hortals\/\"\n\t\ttabindex=\"-1\" class=\"vp-portfolio__item-meta\" aria-label=\"Maquetaci\u00f3 de cat\u00e0leg per a Kota &#8211; Hortals\" \t>\n\t\n\n<div class=\"vp-portfolio__item-meta-categories\">\n\t\t\t<div class=\"vp-portfolio__item-meta-category\">\n\t\t\t\t<span\t\t\t>\n\tDisseny editorial i cat\u00e0legs<\/span>\t\t<\/div>\n\t\t<\/div>\n\n\n<h2 class=\"vp-portfolio__item-meta-title\">\n\tMaquetaci\u00f3 de cat\u00e0leg per a Kota &#8211; Hortals<\/h2>\n<\/a>\t\t<\/div>\n\t<\/figcaption>\n\t\t\t<\/figure>\n\t\t\t\t\t<\/article>\n\t\t\n\t\t<article\t\tclass=\"vp-portfolio__item-wrap post-38394 portfolio type-portfolio status-publish format-standard has-post-thumbnail hentry portfolio_category-disseny-editorial-i-catalegs portfolio_category-disseny-grafic portfolio_tag-barcelona-ca vp-portfolio__item-uid-cdd0e7e6\" data-vp-filter=\"disseny-editorial-i-catalegs,disseny-grafic\" \t\t>\n\t\t\t\t\t\t\t\t\t<figure class=\"vp-portfolio__item\">\n\t\t\t\t\n<div class=\"vp-portfolio__item-img-wrap\">\n\t<div class=\"vp-portfolio__item-img\">\n\t\t\t<a\n\t\thref=\"https:\/\/empiezapori.com\/ca\/portfolio\/maquetacio-de-cataleg-per-a-fedefarma-gsn\/\"\n\t\taria-label=\"Maquetaci\u00f3 de cat\u00e0leg per a Fedefarma &#8211; GSN\" \t>\n\t\n\t\t<noscript><img alt=\"\" decoding=\"async\" width=\"1200\" height=\"1091\" data-skip-lazy src=\"https:\/\/empiezapori.com\/wp-content\/uploads\/2025\/03\/empiezapori-fedefarma-catalogo-gns-3.jpg\" class=\"wp-image-38397\" alt=\"\" srcset=\"https:\/\/empiezapori.com\/wp-content\/uploads\/2025\/03\/empiezapori-fedefarma-catalogo-gns-3.jpg 1200w, https:\/\/empiezapori.com\/wp-content\/uploads\/2025\/03\/empiezapori-fedefarma-catalogo-gns-3-300x273.jpg 300w, https:\/\/empiezapori.com\/wp-content\/uploads\/2025\/03\/empiezapori-fedefarma-catalogo-gns-3-1024x931.jpg 1024w, https:\/\/empiezapori.com\/wp-content\/uploads\/2025\/03\/empiezapori-fedefarma-catalogo-gns-3-768x698.jpg 768w, https:\/\/empiezapori.com\/wp-content\/uploads\/2025\/03\/empiezapori-fedefarma-catalogo-gns-3-500x455.jpg 500w, https:\/\/empiezapori.com\/wp-content\/uploads\/2025\/03\/empiezapori-fedefarma-catalogo-gns-3-800x727.jpg 800w\" sizes=\"(max-width: 1200px) 100vw, 1200px\" \/><\/noscript><img alt=\"\" decoding=\"async\" width=\"1200\" height=\"1091\" src=\"https:\/\/empiezapori.com\/wp-content\/uploads\/2025\/03\/empiezapori-fedefarma-catalogo-gns-3.jpg\" class=\"wp-image-38397 vp-lazyload\" alt srcset=\"data:image\/svg+xml;base64,PHN2ZyB3aWR0aD0iMTIwMCIgaGVpZ2h0PSIxMDkxIiB2aWV3Qm94PSIwIDAgMTIwMCAxMDkxIiBmaWxsPSJub25lIiB4bWxucz0iaHR0cDovL3d3dy53My5vcmcvMjAwMC9zdmciPjwvc3ZnPg==\" data-src=\"https:\/\/empiezapori.com\/wp-content\/uploads\/2025\/03\/empiezapori-fedefarma-catalogo-gns-3.jpg\" data-srcset=\"https:\/\/empiezapori.com\/wp-content\/uploads\/2025\/03\/empiezapori-fedefarma-catalogo-gns-3.jpg 1200w, https:\/\/empiezapori.com\/wp-content\/uploads\/2025\/03\/empiezapori-fedefarma-catalogo-gns-3-300x273.jpg 300w, https:\/\/empiezapori.com\/wp-content\/uploads\/2025\/03\/empiezapori-fedefarma-catalogo-gns-3-1024x931.jpg 1024w, https:\/\/empiezapori.com\/wp-content\/uploads\/2025\/03\/empiezapori-fedefarma-catalogo-gns-3-768x698.jpg 768w, https:\/\/empiezapori.com\/wp-content\/uploads\/2025\/03\/empiezapori-fedefarma-catalogo-gns-3-500x455.jpg 500w, https:\/\/empiezapori.com\/wp-content\/uploads\/2025\/03\/empiezapori-fedefarma-catalogo-gns-3-800x727.jpg 800w\" data-sizes=\"auto\" loading=\"eager\">\n\t\t<\/a>\t<\/div>\n<\/div>\n\t<figcaption class=\"vp-portfolio__item-overlay vp-portfolio__item-overlay-text-align-center\">\n\t\t<div class=\"vp-portfolio__item-meta-wrap vp-portfolio__custom-scrollbar\">\n\t\t\t\t<a\n\t\thref=\"https:\/\/empiezapori.com\/ca\/portfolio\/maquetacio-de-cataleg-per-a-fedefarma-gsn\/\"\n\t\ttabindex=\"-1\" class=\"vp-portfolio__item-meta\" aria-label=\"Maquetaci\u00f3 de cat\u00e0leg per a Fedefarma &#8211; GSN\" \t>\n\t\n\n<div class=\"vp-portfolio__item-meta-categories\">\n\t\t\t<div class=\"vp-portfolio__item-meta-category\">\n\t\t\t\t<span\t\t\t>\n\tDisseny editorial i cat\u00e0legs<\/span>\t\t<\/div>\n\t\t<\/div>\n\n\n<h2 class=\"vp-portfolio__item-meta-title\">\n\tMaquetaci\u00f3 de cat\u00e0leg per a Fedefarma &#8211; GSN<\/h2>\n<\/a>\t\t<\/div>\n\t<\/figcaption>\n\t\t\t<\/figure>\n\t\t\t\t\t<\/article>\n\t\t\n\t\t<article\t\tclass=\"vp-portfolio__item-wrap post-38324 portfolio type-portfolio status-publish format-standard has-post-thumbnail hentry portfolio_category-disseny-editorial-i-catalegs portfolio_category-disseny-grafic portfolio_tag-barcelona-ca vp-portfolio__item-uid-2e243e2d\" data-vp-filter=\"disseny-editorial-i-catalegs,disseny-grafic\" \t\t>\n\t\t\t\t\t\t\t\t\t<figure class=\"vp-portfolio__item\">\n\t\t\t\t\n<div class=\"vp-portfolio__item-img-wrap\">\n\t<div class=\"vp-portfolio__item-img\">\n\t\t\t<a\n\t\thref=\"https:\/\/empiezapori.com\/ca\/portfolio\/maquetacio-de-cataleg-per-a-savant-chemical\/\"\n\t\taria-label=\"Maquetaci\u00f3 de cat\u00e0leg per a Savant Chemical\" \t>\n\t\n\t\t<noscript><img alt=\"\" decoding=\"async\" width=\"1000\" height=\"667\" data-skip-lazy src=\"https:\/\/empiezapori.com\/wp-content\/uploads\/2025\/03\/empiezapori-savant-chemical-catalogo1.jpg\" class=\"wp-image-38327\" alt=\"\" srcset=\"https:\/\/empiezapori.com\/wp-content\/uploads\/2025\/03\/empiezapori-savant-chemical-catalogo1.jpg 1000w, https:\/\/empiezapori.com\/wp-content\/uploads\/2025\/03\/empiezapori-savant-chemical-catalogo1-300x200.jpg 300w, https:\/\/empiezapori.com\/wp-content\/uploads\/2025\/03\/empiezapori-savant-chemical-catalogo1-768x512.jpg 768w, https:\/\/empiezapori.com\/wp-content\/uploads\/2025\/03\/empiezapori-savant-chemical-catalogo1-500x334.jpg 500w, https:\/\/empiezapori.com\/wp-content\/uploads\/2025\/03\/empiezapori-savant-chemical-catalogo1-800x534.jpg 800w\" sizes=\"(max-width: 1000px) 100vw, 1000px\" \/><\/noscript><img alt=\"\" decoding=\"async\" width=\"1000\" height=\"667\" src=\"https:\/\/empiezapori.com\/wp-content\/uploads\/2025\/03\/empiezapori-savant-chemical-catalogo1.jpg\" class=\"wp-image-38327 vp-lazyload\" alt srcset=\"data:image\/svg+xml;base64,PHN2ZyB3aWR0aD0iMTAwMCIgaGVpZ2h0PSI2NjciIHZpZXdCb3g9IjAgMCAxMDAwIDY2NyIgZmlsbD0ibm9uZSIgeG1sbnM9Imh0dHA6Ly93d3cudzMub3JnLzIwMDAvc3ZnIj48L3N2Zz4=\" data-src=\"https:\/\/empiezapori.com\/wp-content\/uploads\/2025\/03\/empiezapori-savant-chemical-catalogo1.jpg\" data-srcset=\"https:\/\/empiezapori.com\/wp-content\/uploads\/2025\/03\/empiezapori-savant-chemical-catalogo1.jpg 1000w, https:\/\/empiezapori.com\/wp-content\/uploads\/2025\/03\/empiezapori-savant-chemical-catalogo1-300x200.jpg 300w, https:\/\/empiezapori.com\/wp-content\/uploads\/2025\/03\/empiezapori-savant-chemical-catalogo1-768x512.jpg 768w, https:\/\/empiezapori.com\/wp-content\/uploads\/2025\/03\/empiezapori-savant-chemical-catalogo1-500x334.jpg 500w, https:\/\/empiezapori.com\/wp-content\/uploads\/2025\/03\/empiezapori-savant-chemical-catalogo1-800x534.jpg 800w\" data-sizes=\"auto\" loading=\"eager\">\n\t\t<\/a>\t<\/div>\n<\/div>\n\t<figcaption class=\"vp-portfolio__item-overlay vp-portfolio__item-overlay-text-align-center\">\n\t\t<div class=\"vp-portfolio__item-meta-wrap vp-portfolio__custom-scrollbar\">\n\t\t\t\t<a\n\t\thref=\"https:\/\/empiezapori.com\/ca\/portfolio\/maquetacio-de-cataleg-per-a-savant-chemical\/\"\n\t\ttabindex=\"-1\" class=\"vp-portfolio__item-meta\" aria-label=\"Maquetaci\u00f3 de cat\u00e0leg per a Savant Chemical\" \t>\n\t\n\n<div class=\"vp-portfolio__item-meta-categories\">\n\t\t\t<div class=\"vp-portfolio__item-meta-category\">\n\t\t\t\t<span\t\t\t>\n\tDisseny editorial i cat\u00e0legs<\/span>\t\t<\/div>\n\t\t<\/div>\n\n\n<h2 class=\"vp-portfolio__item-meta-title\">\n\tMaquetaci\u00f3 de cat\u00e0leg per a Savant Chemical<\/h2>\n<\/a>\t\t<\/div>\n\t<\/figcaption>\n\t\t\t<\/figure>\n\t\t\t\t\t<\/article>\n\t\t\n\t\t<article\t\tclass=\"vp-portfolio__item-wrap post-34646 portfolio type-portfolio status-publish format-standard has-post-thumbnail hentry portfolio_category-disseny-editorial-i-catalegs portfolio_category-disseny-grafic portfolio_tag-barcelona-ca vp-portfolio__item-uid-da6d85d4\" data-vp-filter=\"disseny-editorial-i-catalegs,disseny-grafic\" \t\t>\n\t\t\t\t\t\t\t\t\t<figure class=\"vp-portfolio__item\">\n\t\t\t\t\n<div class=\"vp-portfolio__item-img-wrap\">\n\t<div class=\"vp-portfolio__item-img\">\n\t\t\t<a\n\t\thref=\"https:\/\/empiezapori.com\/ca\/portfolio\/disseny-i-maquetacio-del-cataleg-de-vehicles-refrigerats-per-a-frigicoll\/\"\n\t\taria-label=\"Disseny i Maquetaci\u00f3 del Cat\u00e0leg de Vehicles Refrigerats per a Frigicoll\" \t>\n\t\n\t\t<noscript><img alt=\"\" decoding=\"async\" width=\"1000\" height=\"667\" data-skip-lazy src=\"https:\/\/empiezapori.com\/wp-content\/uploads\/2024\/11\/empiezapori-scoobic-frigicoll-catalogo.jpg\" class=\"wp-image-34651\" alt=\"\" srcset=\"https:\/\/empiezapori.com\/wp-content\/uploads\/2024\/11\/empiezapori-scoobic-frigicoll-catalogo.jpg 1000w, https:\/\/empiezapori.com\/wp-content\/uploads\/2024\/11\/empiezapori-scoobic-frigicoll-catalogo-300x200.jpg 300w, https:\/\/empiezapori.com\/wp-content\/uploads\/2024\/11\/empiezapori-scoobic-frigicoll-catalogo-768x512.jpg 768w, https:\/\/empiezapori.com\/wp-content\/uploads\/2024\/11\/empiezapori-scoobic-frigicoll-catalogo-500x334.jpg 500w, https:\/\/empiezapori.com\/wp-content\/uploads\/2024\/11\/empiezapori-scoobic-frigicoll-catalogo-800x534.jpg 800w\" sizes=\"(max-width: 1000px) 100vw, 1000px\" \/><\/noscript><img alt=\"\" decoding=\"async\" width=\"1000\" height=\"667\" src=\"https:\/\/empiezapori.com\/wp-content\/uploads\/2024\/11\/empiezapori-scoobic-frigicoll-catalogo.jpg\" class=\"wp-image-34651 vp-lazyload\" alt srcset=\"data:image\/svg+xml;base64,PHN2ZyB3aWR0aD0iMTAwMCIgaGVpZ2h0PSI2NjciIHZpZXdCb3g9IjAgMCAxMDAwIDY2NyIgZmlsbD0ibm9uZSIgeG1sbnM9Imh0dHA6Ly93d3cudzMub3JnLzIwMDAvc3ZnIj48L3N2Zz4=\" data-src=\"https:\/\/empiezapori.com\/wp-content\/uploads\/2024\/11\/empiezapori-scoobic-frigicoll-catalogo.jpg\" data-srcset=\"https:\/\/empiezapori.com\/wp-content\/uploads\/2024\/11\/empiezapori-scoobic-frigicoll-catalogo.jpg 1000w, https:\/\/empiezapori.com\/wp-content\/uploads\/2024\/11\/empiezapori-scoobic-frigicoll-catalogo-300x200.jpg 300w, https:\/\/empiezapori.com\/wp-content\/uploads\/2024\/11\/empiezapori-scoobic-frigicoll-catalogo-768x512.jpg 768w, https:\/\/empiezapori.com\/wp-content\/uploads\/2024\/11\/empiezapori-scoobic-frigicoll-catalogo-500x334.jpg 500w, https:\/\/empiezapori.com\/wp-content\/uploads\/2024\/11\/empiezapori-scoobic-frigicoll-catalogo-800x534.jpg 800w\" data-sizes=\"auto\" loading=\"eager\">\n\t\t<\/a>\t<\/div>\n<\/div>\n\t<figcaption class=\"vp-portfolio__item-overlay vp-portfolio__item-overlay-text-align-center\">\n\t\t<div class=\"vp-portfolio__item-meta-wrap vp-portfolio__custom-scrollbar\">\n\t\t\t\t<a\n\t\thref=\"https:\/\/empiezapori.com\/ca\/portfolio\/disseny-i-maquetacio-del-cataleg-de-vehicles-refrigerats-per-a-frigicoll\/\"\n\t\ttabindex=\"-1\" class=\"vp-portfolio__item-meta\" aria-label=\"Disseny i Maquetaci\u00f3 del Cat\u00e0leg de Vehicles Refrigerats per a Frigicoll\" \t>\n\t\n\n<div class=\"vp-portfolio__item-meta-categories\">\n\t\t\t<div class=\"vp-portfolio__item-meta-category\">\n\t\t\t\t<span\t\t\t>\n\tDisseny editorial i cat\u00e0legs<\/span>\t\t<\/div>\n\t\t<\/div>\n\n\n<h2 class=\"vp-portfolio__item-meta-title\">\n\tDisseny i Maquetaci\u00f3 del Cat\u00e0leg de Vehicles Refrigerats per a Frigicoll<\/h2>\n<\/a>\t\t<\/div>\n\t<\/figcaption>\n\t\t\t<\/figure>\n\t\t\t\t\t<\/article>\n\t\t\n<\/div>\n\t\t<\/div>\n\t\t\t\t<div class=\"vp-portfolio__layout-elements vp-portfolio__layout-elements-bottom vp-portfolio__layout-elements-align-center\">\n\t\t\t\t<div class=\"vp-portfolio__pagination-wrap\">\n\t\t\n<div class=\"vp-pagination vp-pagination__style-minimal\" data-vp-pagination-type=\"load-more\">\n\t<div class=\"vp-pagination__item\">\n\t\t<a class=\"vp-pagination__load-more\" href=\"https:\/\/empiezapori.com\/ca\/wp-json\/wp\/v2\/pages\/37638?vp_page=2\">\n\t\t\t<span>Load More<\/span>\n\t\t\t<span class=\"vp-pagination__load-more-loading\"><span class=\"vp-spinner\"><\/span><span class=\"vp-screen-reader-text\"> Loading More&#8230;<\/span><\/span>\n\t\t\t<span class=\"vp-pagination__load-more-no-more\">You\u2019ve reached the end of the list<\/span>\n\t\t<\/a>\n\t<\/div>\n<\/div>\n\t\t<\/div>\n\t\t\t\t<\/div>\n\t\t\n<\/div>\n<\/div><\/div><\/div>\n\n<div id=\"contactar\" class=\"wp-block-uagb-container uagb-block-fc658094 alignfull uagb-is-root-container\"><div class=\"uagb-container-inner-blocks-wrap\">\n<hr class=\"wp-block-separator has-css-opacity alignfull is-style-wide\"\/>\n\n<div class=\"wp-block-uagb-container uagb-block-c1ccc4ad alignfull uagb-is-root-container\"><div class=\"uagb-container-inner-blocks-wrap\">\n<div class=\"wp-block-columns is-layout-flex wp-container-core-columns-is-layout-28f84493 wp-block-columns-is-layout-flex\">\n<div class=\"wp-block-column is-layout-flow wp-block-column-is-layout-flow\">\n<h3 class=\"wp-block-heading\" id=\"contacto\">Contacte<\/h3>\n\n\nVols m\u00e9s informaci\u00f3 sobre Disseny de cat\u00e0legs?\n\n\n\n<p><\/p><p id=\"block-803feaa3-52f5-47f0-8483-5da7a8b3d8a3\">Contacta amb nosaltres sense comprom\u00eds<br\/>T&#8217;assessorarem personalment<\/p>\n\n\n\n<p>C\/Font 16, local 5<br\/>08960 Sant Just Desvern<br\/>BARCELONA (Spain)<br\/><a href=\"tel:+34934700037\">+34 93 470 00 37<\/a><br\/><a href=\"mailto:info@empiezapori.com\">info@empiezapori.com<\/a><\/p>\n<\/div>\n\n\n\n<div class=\"wp-block-column is-layout-flow wp-block-column-is-layout-flow\">\t\t\t\t<div class = \"wp-block-uagb-cf7-styler uagb-cf7-styler__outer-wrap uagb-block-89c818f6   \">\n\t\t\t\t\t<div class = \"uagb-cf7-styler__align-left uagb-cf7-styler__field-style-underline uagb-cf7-styler__btn-align-left uagb-cf7-styler__btn-align-tablet- uagb-cf7-styler__btn-align-mobile- uagb-cf7-styler__highlight-style-default uagb-cf7-styler__check-style-enabled\">\n\t\t\t\t\t\n<div class=\"wpcf7 no-js\" id=\"wpcf7-f13083-o1\" lang=\"ca\" dir=\"ltr\" data-wpcf7-id=\"13083\">\n<div class=\"screen-reader-response\"><p role=\"status\" aria-live=\"polite\" aria-atomic=\"true\"><\/p> <ul><\/ul><\/div>\n<form action=\"\/ca\/wp-json\/wp\/v2\/pages\/37638#wpcf7-f13083-o1\" method=\"post\" class=\"wpcf7-form init\" aria-label=\"Formulari de contacte\" novalidate=\"novalidate\" data-status=\"init\">\n<fieldset class=\"hidden-fields-container\"><input type=\"hidden\" name=\"_wpcf7\" value=\"13083\" \/><input type=\"hidden\" name=\"_wpcf7_version\" value=\"6.1.5\" \/><input type=\"hidden\" name=\"_wpcf7_locale\" value=\"ca\" \/><input type=\"hidden\" name=\"_wpcf7_unit_tag\" value=\"wpcf7-f13083-o1\" \/><input type=\"hidden\" name=\"_wpcf7_container_post\" value=\"0\" \/><input type=\"hidden\" name=\"_wpcf7_posted_data_hash\" value=\"\" \/><input type=\"hidden\" name=\"_wpcf7_recaptcha_response\" value=\"\" \/>\n<\/fieldset>\n<p><label> Nom*<br \/>\n<span class=\"wpcf7-form-control-wrap\" data-name=\"nombre\"><input size=\"40\" maxlength=\"400\" class=\"wpcf7-form-control wpcf7-text wpcf7-validates-as-required\" aria-required=\"true\" aria-invalid=\"false\" placeholder=\"El teu nom\" value=\"\" type=\"text\" name=\"nombre\" \/><\/span> <\/label>\n<\/p>\n<div class=\"wp-block-columns\">\n\t<div class=\"wp-block-column\">\n\t\t<p><label> Correu electr\u00f2nic*<br \/>\n<span class=\"wpcf7-form-control-wrap\" data-name=\"email\"><input size=\"40\" maxlength=\"400\" class=\"wpcf7-form-control wpcf7-email wpcf7-validates-as-required wpcf7-text wpcf7-validates-as-email\" aria-required=\"true\" aria-invalid=\"false\" placeholder=\"El teu correu\" value=\"\" type=\"email\" name=\"email\" \/><\/span> <\/label>\n\t\t<\/p>\n\t<\/div>\n\t<div class=\"wp-block-column\">\n\t\t<p><label> Tel\u00e8fon*<br \/>\n<span class=\"wpcf7-form-control-wrap\" data-name=\"telefono\"><input size=\"40\" maxlength=\"400\" class=\"wpcf7-form-control wpcf7-tel wpcf7-validates-as-required wpcf7-text wpcf7-validates-as-tel\" aria-required=\"true\" aria-invalid=\"false\" placeholder=\"El teu tel\u00e8fon\" value=\"\" type=\"tel\" name=\"telefono\" \/><\/span> <\/label>\n\t\t<\/p>\n\t<\/div>\n<\/div>\n<p><label> Missatge<br \/>\n<span class=\"wpcf7-form-control-wrap\" data-name=\"mensaje\"><textarea cols=\"40\" rows=\"3\" maxlength=\"2000\" class=\"wpcf7-form-control wpcf7-textarea\" aria-invalid=\"false\" placeholder=\"Escriu aqu\u00ed una breu descripci\u00f3\" name=\"mensaje\"><\/textarea><\/span> <\/label><br \/>\n*Camps obligatoris\n<\/p>\n<p>El registre de la web implica l&#8217;acceptaci\u00f3 del vostre <a href=\"\/aviso-legal\/\" target=\"blank\">Av\u00eds Legal<\/a> .<br \/>\n<span class=\"wpcf7-form-control-wrap\" data-name=\"acepto\"><span class=\"wpcf7-form-control wpcf7-acceptance\"><span class=\"wpcf7-list-item\"><label><input type=\"checkbox\" name=\"acepto\" value=\"1\" aria-invalid=\"false\" \/><span class=\"wpcf7-list-item-label\">S\u00ed, Accepto*<\/span><\/label><\/span><\/span><\/span><br \/>\n<input class=\"wpcf7-form-control wpcf7-submit has-spinner\" type=\"submit\" value=\"Enviar\" \/>\n<\/p><div class=\"wpcf7-response-output\" aria-hidden=\"true\"><\/div>\n<\/form>\n<\/div>\n\t\t\t\t\t<\/div>\n\t\t\t\t<\/div>\n\t\t\t\t<\/div>\n<\/div>\n\n\n\n<p><\/p>\n<\/div><\/div>\n<\/div><\/div>\n","protected":false},"excerpt":{"rendered":"<p>Disseny de Cat\u00e0legs Llevamos m\u00e1s de 25 a\u00f1os trabajando en el dise\u00f1o y maquetaci\u00f3n de cat\u00e1logos, revistas y libros. La comunicaci\u00f3 digital est\u00e0 en augment cada dia m\u00e9s. Per\u00f2 moltes s\u00f3n les empreses que encara volen mostrar els seus productes o serveis mitjan\u00e7ant un cat\u00e0leg en paper. La m\u00e0gia de passar p\u00e0gines en un cat\u00e0leg [&hellip;]<\/p>\n","protected":false},"author":1,"featured_media":0,"parent":13086,"menu_order":0,"comment_status":"closed","ping_status":"closed","template":"","meta":{"_acf_changed":false,"_seopress_robots_primary_cat":"","_seopress_titles_title":"Disseny de Cat\u00e0legs per a empreses | COMEN\u00c7AMENT","_seopress_titles_desc":"M\u00e9s de 25 anys d&#039;experi\u00e8ncia en Disseny i Maquetaci\u00f3 de cat\u00e0legs, revistes, fulletons i llibres per a empreses i editorials.\n","_seopress_robots_index":"","inline_featured_image":false,"_uag_custom_page_level_css":"","_kad_blocks_custom_css":"","_kad_blocks_head_custom_js":"","_kad_blocks_body_custom_js":"","_kad_blocks_footer_custom_js":"","site-sidebar-layout":"default","site-content-layout":"","ast-site-content-layout":"default","site-content-style":"default","site-sidebar-style":"default","ast-global-header-display":"","ast-banner-title-visibility":"","ast-main-header-display":"","ast-hfb-above-header-display":"","ast-hfb-below-header-display":"","ast-hfb-mobile-header-display":"","site-post-title":"disabled","ast-breadcrumbs-content":"","ast-featured-img":"","footer-sml-layout":"","ast-disable-related-posts":"","theme-transparent-header-meta":"","adv-header-id-meta":"","stick-header-meta":"","header-above-stick-meta":"","header-main-stick-meta":"","header-below-stick-meta":"","astra-migrate-meta-layouts":"default","ast-page-background-enabled":"default","ast-page-background-meta":{"desktop":{"background-color":"","background-image":"","background-repeat":"repeat","background-position":"center center","background-size":"auto","background-attachment":"scroll","background-type":"","background-media":"","overlay-type":"","overlay-color":"","overlay-opacity":"","overlay-gradient":""},"tablet":{"background-color":"","background-image":"","background-repeat":"repeat","background-position":"center center","background-size":"auto","background-attachment":"scroll","background-type":"","background-media":"","overlay-type":"","overlay-color":"","overlay-opacity":"","overlay-gradient":""},"mobile":{"background-color":"","background-image":"","background-repeat":"repeat","background-position":"center center","background-size":"auto","background-attachment":"scroll","background-type":"","background-media":"","overlay-type":"","overlay-color":"","overlay-opacity":"","overlay-gradient":""}},"ast-content-background-meta":{"desktop":{"background-color":"var(--ast-global-color-5)","background-image":"","background-repeat":"repeat","background-position":"center center","background-size":"auto","background-attachment":"scroll","background-type":"","background-media":"","overlay-type":"","overlay-color":"","overlay-opacity":"","overlay-gradient":""},"tablet":{"background-color":"var(--ast-global-color-5)","background-image":"","background-repeat":"repeat","background-position":"center center","background-size":"auto","background-attachment":"scroll","background-type":"","background-media":"","overlay-type":"","overlay-color":"","overlay-opacity":"","overlay-gradient":""},"mobile":{"background-color":"var(--ast-global-color-5)","background-image":"","background-repeat":"repeat","background-position":"center center","background-size":"auto","background-attachment":"scroll","background-type":"","background-media":"","overlay-type":"","overlay-color":"","overlay-opacity":"","overlay-gradient":""}},"_vp_format_video_url":"","_vp_image_focal_point":[],"footnotes":""},"class_list":["post-37638","page","type-page","status-publish","hentry"],"acf":[],"taxonomy_info":[],"featured_image_src_large":false,"author_info":{"display_name":"Administrador EXI","author_link":"https:\/\/empiezapori.com\/ca\/author\/empiezapori\/"},"comment_info":0,"uagb_featured_image_src":{"full":false,"thumbnail":false,"medium":false,"medium_large":false,"large":false,"1536x1536":false,"2048x2048":false,"vp_sm":false,"vp_md":false,"vp_lg":false,"vp_xl":false,"vp_sm_popup":false,"vp_md_popup":false,"vp_xl_popup":false},"uagb_author_info":{"display_name":"Administrador EXI","author_link":"https:\/\/empiezapori.com\/ca\/author\/empiezapori\/"},"uagb_comment_info":0,"uagb_excerpt":"Disseny de Cat\u00e0legs Llevamos m\u00e1s de 25 a\u00f1os trabajando en el dise\u00f1o y maquetaci\u00f3n de cat\u00e1logos, revistas y libros. La comunicaci\u00f3 digital est\u00e0 en augment cada dia m\u00e9s. Per\u00f2 moltes s\u00f3n les empreses que encara volen mostrar els seus productes o serveis mitjan\u00e7ant un cat\u00e0leg en paper. La m\u00e0gia de passar p\u00e0gines en un cat\u00e0leg&hellip;","_links":{"self":[{"href":"https:\/\/empiezapori.com\/ca\/wp-json\/wp\/v2\/pages\/37638","targetHints":{"allow":["GET"]}}],"collection":[{"href":"https:\/\/empiezapori.com\/ca\/wp-json\/wp\/v2\/pages"}],"about":[{"href":"https:\/\/empiezapori.com\/ca\/wp-json\/wp\/v2\/types\/page"}],"author":[{"embeddable":true,"href":"https:\/\/empiezapori.com\/ca\/wp-json\/wp\/v2\/users\/1"}],"replies":[{"embeddable":true,"href":"https:\/\/empiezapori.com\/ca\/wp-json\/wp\/v2\/comments?post=37638"}],"version-history":[{"count":0,"href":"https:\/\/empiezapori.com\/ca\/wp-json\/wp\/v2\/pages\/37638\/revisions"}],"up":[{"embeddable":true,"href":"https:\/\/empiezapori.com\/ca\/wp-json\/wp\/v2\/pages\/13086"}],"wp:attachment":[{"href":"https:\/\/empiezapori.com\/ca\/wp-json\/wp\/v2\/media?parent=37638"}],"curies":[{"name":"wp","href":"https:\/\/api.w.org\/{rel}","templated":true}]}}