{"id":29834,"date":"2024-03-06T12:47:33","date_gmt":"2024-03-06T11:47:33","guid":{"rendered":"https:\/\/empiezapori.com\/portfolio-2\/disseny-logotip-per-a-actif\/"},"modified":"2024-03-19T16:28:22","modified_gmt":"2024-03-19T15:28:22","slug":"disseny-logotip-per-a-actif","status":"publish","type":"portfolio","link":"https:\/\/empiezapori.com\/ca\/portfolio\/disseny-logotip-per-a-actif\/","title":{"rendered":"Disseny Logotip per a Actif"},"content":{"rendered":"\n<div class=\"wp-block-uagb-container uagb-block-d71fd99d alignfull uagb-is-root-container\"><div class=\"uagb-container-inner-blocks-wrap\">\n<div class=\"wp-block-uagb-container uagb-block-9f1574e9\">\n<div class=\"wp-block-uagb-advanced-heading uagb-block-68aea4ff\"><h2 class=\"uagb-heading-text\">Disseny Logotip per a Actif<\/h2><div class=\"uagb-separator\"><\/div><p class=\"uagb-desc-text\">Ens complau presentar el nostre enfocament creatiu en el <strong>disseny del logotip per <a href=\"https:\/\/actifbarcelona.com\/\" target=\"_blank\" rel=\"noreferrer noopener\">ACTIF<\/a><\/strong> , una cl\u00ednica de fisioter\u00e0pia i osteopatia avan\u00e7ada ubicada a Barcelona.<br\/><br\/>En aquest projecte, fusionem l&#8217;eleg\u00e0ncia de la tipografia amb l&#8217;ess\u00e8ncia de la fisioter\u00e0pia i l&#8217;osteopatia, combinant de <strong>manera distintiva<\/strong> la lletra A allargada amb forma de columna per representar la salut i el benestar corporal.<br\/><br\/>El color verd s&#8217;ha triat per la seva associaci\u00f3 amb la natura, la salut i la vitalitat, i transmet una <strong>sensaci\u00f3 de frescor i renovaci\u00f3<\/strong> .<br\/><br\/>A m\u00e9s, per al logotip <strong>destinat a l&#8217;atenci\u00f3 de la cl\u00ednica<\/strong> a Barcelona, \u200b\u200boptem per una tipografia m\u00e9s fina i una disposici\u00f3 que destaqui \u201cACTIF\u201d en mida m\u00e9s gran i \u201cBarcelona\u201d sota una escala m\u00e9s petita. Aix\u00f2 <strong>emfatitza la ubicaci\u00f3<\/strong> de la cl\u00ednica i <strong>proporciona una identitat visual clara i reconeixible<\/strong> .<\/p><\/div>\n\n\n\n<div class=\"wp-block-uagb-advanced-heading uagb-block-f2cc3927\"><h2 class=\"uagb-heading-text\"><strong>Disseny de logotips<\/strong><\/h2><div class=\"uagb-separator\"><\/div><p class=\"uagb-desc-text\">Al nostre servei de <strong><a href=\"https:\/\/empiezapori.com\/ca\/disseny-grafic\/disseny-de-logotips\/\" target=\"_blank\" rel=\"noreferrer noopener\">disseny de logotips<\/a><\/strong> , creiem que un logotip no nom\u00e9s ha de ser est\u00e8ticament agradable, sin\u00f3 tamb\u00e9 representar fidelment l&#8217;ess\u00e8ncia i els valors de la marca. <strong><a href=\"https:\/\/empiezapori.com\/ca\/contacta\/\" target=\"_blank\" rel=\"noreferrer noopener\">Contacta&#8217;ns<\/a><\/strong> i descobreix com podem elevar la identitat visual de la teva pr\u00e0ctica.<\/p><\/div>\n<\/div>\n\n\n\n<div class=\"wp-block-uagb-container uagb-block-b61d132b\"><!-- Galeria_del_portfolio le a\u00f1ado los estilos de la galeria de WordPress -->\r\n<div class=\"entry-content clear\" itemprop=\"text\">\r\n<figure class=\"wp-block-gallery columns-2 is-cropped\">\r\n    <!--<ul id=\"ul_galeria\">-->\r\n\t<ul class=\"blocks-gallery-grid\">\r\n                    <li class=\"blocks-gallery-item\">\r\n                <img decoding=\"async\" width=\"1024\" height=\"683\" src=\"https:\/\/empiezapori.com\/wp-content\/uploads\/2024\/03\/logo-cristal-actif-1024x683.png\" class=\"attachment-large size-large\" alt=\"\" srcset=\"https:\/\/empiezapori.com\/wp-content\/uploads\/2024\/03\/logo-cristal-actif-1024x683.png 1024w, https:\/\/empiezapori.com\/wp-content\/uploads\/2024\/03\/logo-cristal-actif-300x200.png 300w, https:\/\/empiezapori.com\/wp-content\/uploads\/2024\/03\/logo-cristal-actif-768x512.png 768w, https:\/\/empiezapori.com\/wp-content\/uploads\/2024\/03\/logo-cristal-actif-1600x1067.png 1600w, https:\/\/empiezapori.com\/wp-content\/uploads\/2024\/03\/logo-cristal-actif-1536x1024.png 1536w, https:\/\/empiezapori.com\/wp-content\/uploads\/2024\/03\/logo-cristal-actif-2048x1365.png 2048w, https:\/\/empiezapori.com\/wp-content\/uploads\/2024\/03\/logo-cristal-actif-500x333.png 500w, https:\/\/empiezapori.com\/wp-content\/uploads\/2024\/03\/logo-cristal-actif-800x533.png 800w, https:\/\/empiezapori.com\/wp-content\/uploads\/2024\/03\/logo-cristal-actif-1280x853.png 1280w, https:\/\/empiezapori.com\/wp-content\/uploads\/2024\/03\/logo-cristal-actif-1920x1280.png 1920w\" sizes=\"(max-width: 1024px) 100vw, 1024px\" \/>            <\/li>\r\n                    <li class=\"blocks-gallery-item\">\r\n                <img decoding=\"async\" width=\"1024\" height=\"683\" src=\"https:\/\/empiezapori.com\/wp-content\/uploads\/2024\/03\/lojo-tarjetas-actif-1024x683.png\" class=\"attachment-large size-large\" alt=\"\" srcset=\"https:\/\/empiezapori.com\/wp-content\/uploads\/2024\/03\/lojo-tarjetas-actif-1024x683.png 1024w, https:\/\/empiezapori.com\/wp-content\/uploads\/2024\/03\/lojo-tarjetas-actif-300x200.png 300w, https:\/\/empiezapori.com\/wp-content\/uploads\/2024\/03\/lojo-tarjetas-actif-768x512.png 768w, https:\/\/empiezapori.com\/wp-content\/uploads\/2024\/03\/lojo-tarjetas-actif-1600x1067.png 1600w, https:\/\/empiezapori.com\/wp-content\/uploads\/2024\/03\/lojo-tarjetas-actif-1536x1024.png 1536w, https:\/\/empiezapori.com\/wp-content\/uploads\/2024\/03\/lojo-tarjetas-actif-2048x1365.png 2048w, https:\/\/empiezapori.com\/wp-content\/uploads\/2024\/03\/lojo-tarjetas-actif-500x333.png 500w, https:\/\/empiezapori.com\/wp-content\/uploads\/2024\/03\/lojo-tarjetas-actif-800x533.png 800w, https:\/\/empiezapori.com\/wp-content\/uploads\/2024\/03\/lojo-tarjetas-actif-1280x853.png 1280w, https:\/\/empiezapori.com\/wp-content\/uploads\/2024\/03\/lojo-tarjetas-actif-1920x1280.png 1920w\" sizes=\"(max-width: 1024px) 100vw, 1024px\" \/>            <\/li>\r\n                    <li class=\"blocks-gallery-item\">\r\n                <img decoding=\"async\" width=\"1024\" height=\"683\" src=\"https:\/\/empiezapori.com\/wp-content\/uploads\/2024\/03\/logo-tarjeta-actif-1024x683.png\" class=\"attachment-large size-large\" alt=\"\" srcset=\"https:\/\/empiezapori.com\/wp-content\/uploads\/2024\/03\/logo-tarjeta-actif-1024x683.png 1024w, https:\/\/empiezapori.com\/wp-content\/uploads\/2024\/03\/logo-tarjeta-actif-300x200.png 300w, https:\/\/empiezapori.com\/wp-content\/uploads\/2024\/03\/logo-tarjeta-actif-768x512.png 768w, https:\/\/empiezapori.com\/wp-content\/uploads\/2024\/03\/logo-tarjeta-actif-1600x1067.png 1600w, https:\/\/empiezapori.com\/wp-content\/uploads\/2024\/03\/logo-tarjeta-actif-1536x1024.png 1536w, https:\/\/empiezapori.com\/wp-content\/uploads\/2024\/03\/logo-tarjeta-actif-2048x1365.png 2048w, https:\/\/empiezapori.com\/wp-content\/uploads\/2024\/03\/logo-tarjeta-actif-500x333.png 500w, https:\/\/empiezapori.com\/wp-content\/uploads\/2024\/03\/logo-tarjeta-actif-800x533.png 800w, https:\/\/empiezapori.com\/wp-content\/uploads\/2024\/03\/logo-tarjeta-actif-1280x853.png 1280w, https:\/\/empiezapori.com\/wp-content\/uploads\/2024\/03\/logo-tarjeta-actif-1920x1280.png 1920w\" sizes=\"(max-width: 1024px) 100vw, 1024px\" \/>            <\/li>\r\n            <\/ul>\r\n<\/figure>\r\n<\/div>\r\n<!--Cliente-->\r\n<div>\r\n\tCliente: \r\n\t<ul id=\"ul_cliente\">\r\n\t\t    <li id=\"li_cliente\">\r\n\t    \t<!--<a href=\"\"><\/a> -->\r\n\t\t\tActif\t    <\/li>\r\n\t\t<\/ul>\r\n<\/div>\n\n\n<p><\/p>\n<\/div>\n<\/div><\/div>\n","protected":false},"excerpt":{"rendered":"<p>Disseny Logotip per a Actif Ens complau presentar el nostre enfocament creatiu en el disseny del logotip per ACTIF , una cl\u00ednica de fisioter\u00e0pia i osteopatia avan\u00e7ada ubicada a Barcelona. En aquest projecte, fusionem l&#8217;eleg\u00e0ncia de la tipografia amb l&#8217;ess\u00e8ncia de la fisioter\u00e0pia i l&#8217;osteopatia, combinant de manera distintiva la lletra A allargada amb forma [&hellip;]<\/p>\n","protected":false},"author":1,"featured_media":29276,"menu_order":0,"comment_status":"closed","ping_status":"closed","template":"","format":"standard","meta":{"_acf_changed":false,"_seopress_robots_primary_cat":"","_seopress_titles_title":"Disseny Logotip per a Actif Barcelona | Empiezapori","_seopress_titles_desc":"Descobreix el nostre enfocament creatiu en el disseny logotip per a Actif, una cl\u00ednica de fisioter\u00e0pia i osteopatia a Barcelona. Fusionem eleg\u00e0ncia i ess\u00e8ncia per reflectir salut i benestar.","_seopress_robots_index":"","inline_featured_image":false,"_uag_custom_page_level_css":"","_kad_blocks_custom_css":"","_kad_blocks_head_custom_js":"","_kad_blocks_body_custom_js":"","_kad_blocks_footer_custom_js":"","site-sidebar-layout":"default","site-content-layout":"","ast-site-content-layout":"default","site-content-style":"default","site-sidebar-style":"default","ast-global-header-display":"","ast-banner-title-visibility":"","ast-main-header-display":"","ast-hfb-above-header-display":"","ast-hfb-below-header-display":"","ast-hfb-mobile-header-display":"","site-post-title":"","ast-breadcrumbs-content":"","ast-featured-img":"","footer-sml-layout":"","ast-disable-related-posts":"","theme-transparent-header-meta":"","adv-header-id-meta":"","stick-header-meta":"","header-above-stick-meta":"","header-main-stick-meta":"","header-below-stick-meta":"","astra-migrate-meta-layouts":"default","ast-page-background-enabled":"default","ast-page-background-meta":{"desktop":{"background-color":"","background-image":"","background-repeat":"repeat","background-position":"center center","background-size":"auto","background-attachment":"scroll","background-type":"","background-media":"","overlay-type":"","overlay-color":"","overlay-opacity":"","overlay-gradient":""},"tablet":{"background-color":"","background-image":"","background-repeat":"repeat","background-position":"center center","background-size":"auto","background-attachment":"scroll","background-type":"","background-media":"","overlay-type":"","overlay-color":"","overlay-opacity":"","overlay-gradient":""},"mobile":{"background-color":"","background-image":"","background-repeat":"repeat","background-position":"center center","background-size":"auto","background-attachment":"scroll","background-type":"","background-media":"","overlay-type":"","overlay-color":"","overlay-opacity":"","overlay-gradient":""}},"ast-content-background-meta":{"desktop":{"background-color":"var(--ast-global-color-5)","background-image":"","background-repeat":"repeat","background-position":"center center","background-size":"auto","background-attachment":"scroll","background-type":"","background-media":"","overlay-type":"","overlay-color":"","overlay-opacity":"","overlay-gradient":""},"tablet":{"background-color":"var(--ast-global-color-5)","background-image":"","background-repeat":"repeat","background-position":"center center","background-size":"auto","background-attachment":"scroll","background-type":"","background-media":"","overlay-type":"","overlay-color":"","overlay-opacity":"","overlay-gradient":""},"mobile":{"background-color":"var(--ast-global-color-5)","background-image":"","background-repeat":"repeat","background-position":"center center","background-size":"auto","background-attachment":"scroll","background-type":"","background-media":"","overlay-type":"","overlay-color":"","overlay-opacity":"","overlay-gradient":""}},"_vp_format_video_url":"","_vp_image_focal_point":[],"footnotes":""},"portfolio_category":[720,702],"portfolio_tag":[],"class_list":["post-29834","portfolio","type-portfolio","status-publish","format-standard","has-post-thumbnail","hentry","portfolio_category-disseny-de-logotips","portfolio_category-disseny-grafic"],"acf":[],"taxonomy_info":{"portfolio_category":[{"value":720,"label":"Disseny de logotips"},{"value":702,"label":"Disseny gr\u00e0fic"}]},"featured_image_src_large":["https:\/\/empiezapori.com\/wp-content\/uploads\/2024\/03\/logo-tarjeta-actif-1024x683.png",1024,683,true],"author_info":{"display_name":"Administrador EXI","author_link":"https:\/\/empiezapori.com\/ca\/author\/empiezapori\/"},"comment_info":0,"uagb_featured_image_src":{"full":["https:\/\/empiezapori.com\/wp-content\/uploads\/2024\/03\/logo-tarjeta-actif.png",3000,2000,false],"thumbnail":["https:\/\/empiezapori.com\/wp-content\/uploads\/2024\/03\/logo-tarjeta-actif-150x150.png",150,150,true],"medium":["https:\/\/empiezapori.com\/wp-content\/uploads\/2024\/03\/logo-tarjeta-actif-300x200.png",300,200,true],"medium_large":["https:\/\/empiezapori.com\/wp-content\/uploads\/2024\/03\/logo-tarjeta-actif-768x512.png",768,512,true],"large":["https:\/\/empiezapori.com\/wp-content\/uploads\/2024\/03\/logo-tarjeta-actif-1024x683.png",1024,683,true],"1536x1536":["https:\/\/empiezapori.com\/wp-content\/uploads\/2024\/03\/logo-tarjeta-actif-1536x1024.png",1536,1024,true],"2048x2048":["https:\/\/empiezapori.com\/wp-content\/uploads\/2024\/03\/logo-tarjeta-actif-2048x1365.png",2048,1365,true],"vp_sm":["https:\/\/empiezapori.com\/wp-content\/uploads\/2024\/03\/logo-tarjeta-actif-500x333.png",500,333,true],"vp_md":["https:\/\/empiezapori.com\/wp-content\/uploads\/2024\/03\/logo-tarjeta-actif-800x533.png",800,533,true],"vp_lg":["https:\/\/empiezapori.com\/wp-content\/uploads\/2024\/03\/logo-tarjeta-actif-1280x853.png",1280,853,true],"vp_xl":["https:\/\/empiezapori.com\/wp-content\/uploads\/2024\/03\/logo-tarjeta-actif-1920x1280.png",1920,1280,true],"vp_sm_popup":["https:\/\/empiezapori.com\/wp-content\/uploads\/2024\/03\/logo-tarjeta-actif-500x333.png",500,333,true],"vp_md_popup":["https:\/\/empiezapori.com\/wp-content\/uploads\/2024\/03\/logo-tarjeta-actif-800x533.png",800,533,true],"vp_xl_popup":["https:\/\/empiezapori.com\/wp-content\/uploads\/2024\/03\/logo-tarjeta-actif-1920x1280.png",1920,1280,true]},"uagb_author_info":{"display_name":"Administrador EXI","author_link":"https:\/\/empiezapori.com\/ca\/author\/empiezapori\/"},"uagb_comment_info":0,"uagb_excerpt":"Disseny Logotip per a Actif Ens complau presentar el nostre enfocament creatiu en el disseny del logotip per ACTIF , una cl\u00ednica de fisioter\u00e0pia i osteopatia avan\u00e7ada ubicada a Barcelona. En aquest projecte, fusionem l&#8217;eleg\u00e0ncia de la tipografia amb l&#8217;ess\u00e8ncia de la fisioter\u00e0pia i l&#8217;osteopatia, combinant de manera distintiva la lletra A allargada amb forma&hellip;","_links":{"self":[{"href":"https:\/\/empiezapori.com\/ca\/wp-json\/wp\/v2\/portfolio\/29834","targetHints":{"allow":["GET"]}}],"collection":[{"href":"https:\/\/empiezapori.com\/ca\/wp-json\/wp\/v2\/portfolio"}],"about":[{"href":"https:\/\/empiezapori.com\/ca\/wp-json\/wp\/v2\/types\/portfolio"}],"author":[{"embeddable":true,"href":"https:\/\/empiezapori.com\/ca\/wp-json\/wp\/v2\/users\/1"}],"replies":[{"embeddable":true,"href":"https:\/\/empiezapori.com\/ca\/wp-json\/wp\/v2\/comments?post=29834"}],"version-history":[{"count":0,"href":"https:\/\/empiezapori.com\/ca\/wp-json\/wp\/v2\/portfolio\/29834\/revisions"}],"wp:featuredmedia":[{"embeddable":true,"href":"https:\/\/empiezapori.com\/ca\/wp-json\/wp\/v2\/media\/29276"}],"wp:attachment":[{"href":"https:\/\/empiezapori.com\/ca\/wp-json\/wp\/v2\/media?parent=29834"}],"wp:term":[{"taxonomy":"portfolio_category","embeddable":true,"href":"https:\/\/empiezapori.com\/ca\/wp-json\/wp\/v2\/portfolio_category?post=29834"},{"taxonomy":"portfolio_tag","embeddable":true,"href":"https:\/\/empiezapori.com\/ca\/wp-json\/wp\/v2\/portfolio_tag?post=29834"}],"curies":[{"name":"wp","href":"https:\/\/api.w.org\/{rel}","templated":true}]}}