{"id":29838,"date":"2024-03-05T15:30:17","date_gmt":"2024-03-05T14:30:17","guid":{"rendered":"https:\/\/empiezapori.com\/portfolio-2\/gestio-xarxes-socials-per-a-molalum\/"},"modified":"2024-03-19T16:29:03","modified_gmt":"2024-03-19T15:29:03","slug":"gestio-xarxes-socials-per-a-molalum","status":"publish","type":"portfolio","link":"https:\/\/empiezapori.com\/ca\/portfolio\/gestio-xarxes-socials-per-a-molalum\/","title":{"rendered":"Gesti\u00f3 xarxes socials per a Molalum"},"content":{"rendered":"\n<div class=\"wp-block-uagb-container uagb-block-d71fd99d alignfull uagb-is-root-container\"><div class=\"uagb-container-inner-blocks-wrap\">\n<div class=\"wp-block-uagb-container uagb-block-9f1574e9\">\n<div class=\"wp-block-uagb-advanced-heading uagb-block-68aea4ff\"><h2 class=\"uagb-heading-text\">Gesti\u00f3 xarxes socials per a Molalum<\/h2><div class=\"uagb-separator\"><\/div><p class=\"uagb-desc-text\"><strong><a href=\"https:\/\/www.molalum.com\/\" target=\"_blank\" data-type=\"link\" data-id=\"https:\/\/www.molalum.com\/\" rel=\"noreferrer noopener\">Molalum<\/a><\/strong> \u00e9s una empresa dedicada a la fabricaci\u00f3, instal\u00b7laci\u00f3 i manteniment de tot tipus de tancaments a fusteria d&#8217;alumini i vidre.<br\/><br\/>Amb un enfocament en la qualitat i la innovaci\u00f3, <strong>Molalum<\/strong> es compromet a proporcionar solucions duradores i est\u00e8ticament atractives per als clients.<\/p><\/div>\n\n\n\n<div class=\"wp-block-uagb-advanced-heading uagb-block-f2cc3927\"><h2 class=\"uagb-heading-text\">Instagram i Facebook<\/h2><div class=\"uagb-separator\"><\/div><p class=\"uagb-desc-text\">Com a part dels nostres serveis, gestionem les xarxes socials de Molalum SL exclusivament a <strong>Facebook<\/strong> i <strong>Instagram<\/strong> .<br\/><br\/>Ens encarreguem de crear <strong>contingut rellevant i atractiu<\/strong> que destaqui els productes i serveis de Molalum, a m\u00e9s de compartir not\u00edcies del sector i projectes destacats.<br\/><br\/>La nostra estrat\u00e8gia cerca <strong>enfortir la pres\u00e8ncia en l\u00ednia<\/strong> de Molalum i mantenir una <strong>comunicaci\u00f3 efectiva<\/strong> amb la seva audi\u00e8ncia.<\/p><\/div>\n\n\n\n<div class=\"wp-block-uagb-advanced-heading uagb-block-9878bf8e\"><h2 class=\"uagb-heading-text\">Creat amb Kit Digital<\/h2><div class=\"uagb-separator\"><\/div><p class=\"uagb-desc-text\">Aquesta eina integral ens permet optimitzar el contingut, <strong>programar publicacions i analitzar el rendiment<\/strong> de les campanyes en l\u00ednia. <br\/><br\/>Amb el <a href=\"https:\/\/empiezapori.com\/agente-digitalizador-ayuda-kit-digital\/\" target=\"_blank\" rel=\"noreferrer noopener\"><strong>Kit Digital<\/strong> ,<\/a> ens mantenim al corrent de les darreres tend\u00e8ncies i adaptem l&#8217;estrat\u00e8gia de xarxes socials de Molalum per satisfer les necessitats canviants de la seva audi\u00e8ncia.<br\/><br\/>La nostra gesti\u00f3 de xarxes socials per a Molalum SL se centra a <strong>destacar la seva experi\u00e8ncia<\/strong> en tancaments d&#8217;alumini i vidre, promovent-ne la marca i generant interacci\u00f3 amb els clients potencials en plataformes com Facebook i Instagram.<br\/><br\/><strong><a href=\"https:\/\/www.instagram.com\/molalum_\/\" target=\"_blank\" rel=\"noreferrer noopener\">INSTAGRAM<\/a><\/strong><\/p><\/div>\n<\/div>\n\n\n\n<div class=\"wp-block-uagb-container uagb-block-b61d132b\"><!-- Galeria_del_portfolio le a\u00f1ado los estilos de la galeria de WordPress -->\r\n<div class=\"entry-content clear\" itemprop=\"text\">\r\n<figure class=\"wp-block-gallery columns-2 is-cropped\">\r\n    <!--<ul id=\"ul_galeria\">-->\r\n\t<ul class=\"blocks-gallery-grid\">\r\n                    <li class=\"blocks-gallery-item\">\r\n                <img decoding=\"async\" width=\"1024\" height=\"683\" src=\"https:\/\/empiezapori.com\/wp-content\/uploads\/2024\/03\/instagram_post_6-1024x683.png\" class=\"attachment-large size-large\" alt=\"\" srcset=\"https:\/\/empiezapori.com\/wp-content\/uploads\/2024\/03\/instagram_post_6-1024x683.png 1024w, https:\/\/empiezapori.com\/wp-content\/uploads\/2024\/03\/instagram_post_6-300x200.png 300w, https:\/\/empiezapori.com\/wp-content\/uploads\/2024\/03\/instagram_post_6-768x512.png 768w, https:\/\/empiezapori.com\/wp-content\/uploads\/2024\/03\/instagram_post_6-1600x1067.png 1600w, https:\/\/empiezapori.com\/wp-content\/uploads\/2024\/03\/instagram_post_6-1536x1024.png 1536w, https:\/\/empiezapori.com\/wp-content\/uploads\/2024\/03\/instagram_post_6-2048x1365.png 2048w, https:\/\/empiezapori.com\/wp-content\/uploads\/2024\/03\/instagram_post_6-500x333.png 500w, https:\/\/empiezapori.com\/wp-content\/uploads\/2024\/03\/instagram_post_6-800x533.png 800w, https:\/\/empiezapori.com\/wp-content\/uploads\/2024\/03\/instagram_post_6-1280x853.png 1280w, https:\/\/empiezapori.com\/wp-content\/uploads\/2024\/03\/instagram_post_6-1920x1280.png 1920w\" sizes=\"(max-width: 1024px) 100vw, 1024px\" \/>            <\/li>\r\n                    <li class=\"blocks-gallery-item\">\r\n                <img decoding=\"async\" width=\"1024\" height=\"683\" src=\"https:\/\/empiezapori.com\/wp-content\/uploads\/2024\/03\/insta-1024x683.png\" class=\"attachment-large size-large\" alt=\"\" srcset=\"https:\/\/empiezapori.com\/wp-content\/uploads\/2024\/03\/insta-1024x683.png 1024w, https:\/\/empiezapori.com\/wp-content\/uploads\/2024\/03\/insta-300x200.png 300w, https:\/\/empiezapori.com\/wp-content\/uploads\/2024\/03\/insta-768x512.png 768w, https:\/\/empiezapori.com\/wp-content\/uploads\/2024\/03\/insta-1600x1067.png 1600w, https:\/\/empiezapori.com\/wp-content\/uploads\/2024\/03\/insta-1536x1024.png 1536w, https:\/\/empiezapori.com\/wp-content\/uploads\/2024\/03\/insta-2048x1365.png 2048w, https:\/\/empiezapori.com\/wp-content\/uploads\/2024\/03\/insta-500x333.png 500w, https:\/\/empiezapori.com\/wp-content\/uploads\/2024\/03\/insta-800x533.png 800w, https:\/\/empiezapori.com\/wp-content\/uploads\/2024\/03\/insta-1280x853.png 1280w, https:\/\/empiezapori.com\/wp-content\/uploads\/2024\/03\/insta-1920x1280.png 1920w\" sizes=\"(max-width: 1024px) 100vw, 1024px\" \/>            <\/li>\r\n                    <li class=\"blocks-gallery-item\">\r\n                <img decoding=\"async\" width=\"1024\" height=\"1024\" src=\"https:\/\/empiezapori.com\/wp-content\/uploads\/2024\/03\/24-1024x1024.png\" class=\"attachment-large size-large\" alt=\"\" srcset=\"https:\/\/empiezapori.com\/wp-content\/uploads\/2024\/03\/24-1024x1024.png 1024w, https:\/\/empiezapori.com\/wp-content\/uploads\/2024\/03\/24-300x300.png 300w, https:\/\/empiezapori.com\/wp-content\/uploads\/2024\/03\/24-150x150.png 150w, https:\/\/empiezapori.com\/wp-content\/uploads\/2024\/03\/24-768x768.png 768w, https:\/\/empiezapori.com\/wp-content\/uploads\/2024\/03\/24-1600x1600.png 1600w, https:\/\/empiezapori.com\/wp-content\/uploads\/2024\/03\/24-1536x1536.png 1536w, https:\/\/empiezapori.com\/wp-content\/uploads\/2024\/03\/24-2048x2048.png 2048w, https:\/\/empiezapori.com\/wp-content\/uploads\/2024\/03\/24-500x500.png 500w, https:\/\/empiezapori.com\/wp-content\/uploads\/2024\/03\/24-800x800.png 800w, https:\/\/empiezapori.com\/wp-content\/uploads\/2024\/03\/24-1280x1280.png 1280w, https:\/\/empiezapori.com\/wp-content\/uploads\/2024\/03\/24-1920x1920.png 1920w\" sizes=\"(max-width: 1024px) 100vw, 1024px\" \/>            <\/li>\r\n            <\/ul>\r\n<\/figure>\r\n<\/div>\r\n<!--Cliente-->\r\n<div>\r\n\tCliente: \r\n\t<ul id=\"ul_cliente\">\r\n\t\t    <li id=\"li_cliente\">\r\n\t    \t<!--<a href=\"\"><\/a> -->\r\n\t\t\tMolalum\t    <\/li>\r\n\t\t<\/ul>\r\n<\/div>\n\n\n<p><\/p>\n<\/div>\n<\/div><\/div>\n","protected":false},"excerpt":{"rendered":"<p>Gesti\u00f3 xarxes socials per a Molalum Molalum \u00e9s una empresa dedicada a la fabricaci\u00f3, instal\u00b7laci\u00f3 i manteniment de tot tipus de tancaments a fusteria d&#8217;alumini i vidre. Amb un enfocament en la qualitat i la innovaci\u00f3, Molalum es compromet a proporcionar solucions duradores i est\u00e8ticament atractives per als clients. Instagram i Facebook Com a part [&hellip;]<\/p>\n","protected":false},"author":1,"featured_media":29230,"menu_order":0,"comment_status":"closed","ping_status":"closed","template":"","format":"standard","meta":{"_acf_changed":false,"_seopress_robots_primary_cat":"","_seopress_titles_title":"Gesti\u00f3 Xarxes Socials: Molalum a Instagram i Facebook","_seopress_titles_desc":"Gesti\u00f3 xarxes socials integral per a Molalum a Instagram i Facebook, amb contingut atractiu i estrat\u00e8gies eficaces per a una comunitat compromesa.","_seopress_robots_index":"","inline_featured_image":false,"_uag_custom_page_level_css":"","_kad_blocks_custom_css":"","_kad_blocks_head_custom_js":"","_kad_blocks_body_custom_js":"","_kad_blocks_footer_custom_js":"","site-sidebar-layout":"default","site-content-layout":"","ast-site-content-layout":"default","site-content-style":"default","site-sidebar-style":"default","ast-global-header-display":"","ast-banner-title-visibility":"","ast-main-header-display":"","ast-hfb-above-header-display":"","ast-hfb-below-header-display":"","ast-hfb-mobile-header-display":"","site-post-title":"","ast-breadcrumbs-content":"","ast-featured-img":"","footer-sml-layout":"","ast-disable-related-posts":"","theme-transparent-header-meta":"","adv-header-id-meta":"","stick-header-meta":"","header-above-stick-meta":"","header-main-stick-meta":"","header-below-stick-meta":"","astra-migrate-meta-layouts":"default","ast-page-background-enabled":"default","ast-page-background-meta":{"desktop":{"background-color":"","background-image":"","background-repeat":"repeat","background-position":"center center","background-size":"auto","background-attachment":"scroll","background-type":"","background-media":"","overlay-type":"","overlay-color":"","overlay-opacity":"","overlay-gradient":""},"tablet":{"background-color":"","background-image":"","background-repeat":"repeat","background-position":"center center","background-size":"auto","background-attachment":"scroll","background-type":"","background-media":"","overlay-type":"","overlay-color":"","overlay-opacity":"","overlay-gradient":""},"mobile":{"background-color":"","background-image":"","background-repeat":"repeat","background-position":"center center","background-size":"auto","background-attachment":"scroll","background-type":"","background-media":"","overlay-type":"","overlay-color":"","overlay-opacity":"","overlay-gradient":""}},"ast-content-background-meta":{"desktop":{"background-color":"var(--ast-global-color-5)","background-image":"","background-repeat":"repeat","background-position":"center center","background-size":"auto","background-attachment":"scroll","background-type":"","background-media":"","overlay-type":"","overlay-color":"","overlay-opacity":"","overlay-gradient":""},"tablet":{"background-color":"var(--ast-global-color-5)","background-image":"","background-repeat":"repeat","background-position":"center center","background-size":"auto","background-attachment":"scroll","background-type":"","background-media":"","overlay-type":"","overlay-color":"","overlay-opacity":"","overlay-gradient":""},"mobile":{"background-color":"var(--ast-global-color-5)","background-image":"","background-repeat":"repeat","background-position":"center center","background-size":"auto","background-attachment":"scroll","background-type":"","background-media":"","overlay-type":"","overlay-color":"","overlay-opacity":"","overlay-gradient":""}},"_vp_format_video_url":"","_vp_image_focal_point":[],"footnotes":""},"portfolio_category":[756,702,761],"portfolio_tag":[],"class_list":["post-29838","portfolio","type-portfolio","status-publish","format-standard","has-post-thumbnail","hentry","portfolio_category-creacion-de-campanas-publicitarias-ca","portfolio_category-disseny-grafic","portfolio_category-gestio-xarxes-socials"],"acf":[],"taxonomy_info":{"portfolio_category":[{"value":756,"label":"Creaci\u00f3n de campa\u00f1as publicitarias"},{"value":702,"label":"Disseny gr\u00e0fic"},{"value":761,"label":"Gesti\u00f3 Xarxes Socials"}]},"featured_image_src_large":["https:\/\/empiezapori.com\/wp-content\/uploads\/2024\/03\/24-1024x1024.png",1024,1024,true],"author_info":{"display_name":"Administrador EXI","author_link":"https:\/\/empiezapori.com\/ca\/author\/empiezapori\/"},"comment_info":0,"uagb_featured_image_src":{"full":["https:\/\/empiezapori.com\/wp-content\/uploads\/2024\/03\/24.png",3000,3000,false],"thumbnail":["https:\/\/empiezapori.com\/wp-content\/uploads\/2024\/03\/24-150x150.png",150,150,true],"medium":["https:\/\/empiezapori.com\/wp-content\/uploads\/2024\/03\/24-300x300.png",300,300,true],"medium_large":["https:\/\/empiezapori.com\/wp-content\/uploads\/2024\/03\/24-768x768.png",768,768,true],"large":["https:\/\/empiezapori.com\/wp-content\/uploads\/2024\/03\/24-1024x1024.png",1024,1024,true],"1536x1536":["https:\/\/empiezapori.com\/wp-content\/uploads\/2024\/03\/24-1536x1536.png",1536,1536,true],"2048x2048":["https:\/\/empiezapori.com\/wp-content\/uploads\/2024\/03\/24-2048x2048.png",2048,2048,true],"vp_sm":["https:\/\/empiezapori.com\/wp-content\/uploads\/2024\/03\/24-500x500.png",500,500,true],"vp_md":["https:\/\/empiezapori.com\/wp-content\/uploads\/2024\/03\/24-800x800.png",800,800,true],"vp_lg":["https:\/\/empiezapori.com\/wp-content\/uploads\/2024\/03\/24-1280x1280.png",1280,1280,true],"vp_xl":["https:\/\/empiezapori.com\/wp-content\/uploads\/2024\/03\/24-1920x1920.png",1920,1920,true],"vp_sm_popup":["https:\/\/empiezapori.com\/wp-content\/uploads\/2024\/03\/24-500x500.png",500,500,true],"vp_md_popup":["https:\/\/empiezapori.com\/wp-content\/uploads\/2024\/03\/24-800x800.png",800,800,true],"vp_xl_popup":["https:\/\/empiezapori.com\/wp-content\/uploads\/2024\/03\/24-1920x1920.png",1920,1920,true]},"uagb_author_info":{"display_name":"Administrador EXI","author_link":"https:\/\/empiezapori.com\/ca\/author\/empiezapori\/"},"uagb_comment_info":0,"uagb_excerpt":"Gesti\u00f3 xarxes socials per a Molalum Molalum \u00e9s una empresa dedicada a la fabricaci\u00f3, instal\u00b7laci\u00f3 i manteniment de tot tipus de tancaments a fusteria d&#8217;alumini i vidre. Amb un enfocament en la qualitat i la innovaci\u00f3, Molalum es compromet a proporcionar solucions duradores i est\u00e8ticament atractives per als clients. Instagram i Facebook Com a part&hellip;","_links":{"self":[{"href":"https:\/\/empiezapori.com\/ca\/wp-json\/wp\/v2\/portfolio\/29838","targetHints":{"allow":["GET"]}}],"collection":[{"href":"https:\/\/empiezapori.com\/ca\/wp-json\/wp\/v2\/portfolio"}],"about":[{"href":"https:\/\/empiezapori.com\/ca\/wp-json\/wp\/v2\/types\/portfolio"}],"author":[{"embeddable":true,"href":"https:\/\/empiezapori.com\/ca\/wp-json\/wp\/v2\/users\/1"}],"replies":[{"embeddable":true,"href":"https:\/\/empiezapori.com\/ca\/wp-json\/wp\/v2\/comments?post=29838"}],"version-history":[{"count":0,"href":"https:\/\/empiezapori.com\/ca\/wp-json\/wp\/v2\/portfolio\/29838\/revisions"}],"wp:featuredmedia":[{"embeddable":true,"href":"https:\/\/empiezapori.com\/ca\/wp-json\/wp\/v2\/media\/29230"}],"wp:attachment":[{"href":"https:\/\/empiezapori.com\/ca\/wp-json\/wp\/v2\/media?parent=29838"}],"wp:term":[{"taxonomy":"portfolio_category","embeddable":true,"href":"https:\/\/empiezapori.com\/ca\/wp-json\/wp\/v2\/portfolio_category?post=29838"},{"taxonomy":"portfolio_tag","embeddable":true,"href":"https:\/\/empiezapori.com\/ca\/wp-json\/wp\/v2\/portfolio_tag?post=29838"}],"curies":[{"name":"wp","href":"https:\/\/api.w.org\/{rel}","templated":true}]}}