{"id":29840,"date":"2024-03-05T14:54:19","date_gmt":"2024-03-05T13:54:19","guid":{"rendered":"https:\/\/empiezapori.com\/portfolio-2\/gestio-xarxes-socials-per-a-metzli-institut-de-bellesa\/"},"modified":"2024-03-19T16:29:49","modified_gmt":"2024-03-19T15:29:49","slug":"gestio-xarxes-socials-per-a-metzli-institut-de-bellesa","status":"publish","type":"portfolio","link":"https:\/\/empiezapori.com\/ca\/portfolio\/gestio-xarxes-socials-per-a-metzli-institut-de-bellesa\/","title":{"rendered":"Gesti\u00f3 xarxes socials per a Metzli Institut de Bellesa"},"content":{"rendered":"\n<div class=\"wp-block-uagb-container uagb-block-d71fd99d alignfull uagb-is-root-container\"><div class=\"uagb-container-inner-blocks-wrap\">\n<div class=\"wp-block-uagb-container uagb-block-9f1574e9\">\n<div class=\"wp-block-uagb-advanced-heading uagb-block-68aea4ff\"><h2 class=\"uagb-heading-text\">Gesti\u00f3 xarxes socials per a Metzli Institut de Bellesa<\/h2><div class=\"uagb-separator\"><\/div><p class=\"uagb-desc-text\"><strong><a href=\"https:\/\/metzli.es\/\" target=\"_blank\" data-type=\"link\" data-id=\"https:\/\/metzli.es\/\" rel=\"noreferrer noopener\">Metzli Institut de Bellesa<\/a><\/strong> \u00e9s un sal\u00f3 de bellesa especialitzat en tractaments corporals i facials que ofereix una experi\u00e8ncia \u00fanica i rejovenidora als clients. <br\/><br\/>Amb un enfocament a la salut i el benestar, <strong>Metzli<\/strong> es compromet a proporcionar serveis d&#8217;alta qualitat que realcen la bellesa natural dels seus clients.<\/p><\/div>\n\n\n\n<div class=\"wp-block-uagb-advanced-heading uagb-block-f2cc3927\"><h2 class=\"uagb-heading-text\">Instagram, Facebook i TikTok<\/h2><div class=\"uagb-separator\"><\/div><p class=\"uagb-desc-text\">Com a part dels nostres serveis, ens encarreguem d&#8217;administrar i mantenir actius els perfils de Metzli Institut de Bellesa a plataformes com <strong>Instagram, Facebook i TikTok<\/strong> . <br\/><br\/>Creem i compartim <strong>contingut atractiu i rellevant<\/strong> que inclou consells de bellesa, promocions especials i testimonis de clients satisfets. <br\/><br\/>La nostra estrat\u00e8gia cerca crear una <strong>comunitat compromesa i en creixement<\/strong> al voltant de la marca Metzli.<\/p><\/div>\n\n\n\n<div class=\"wp-block-uagb-advanced-heading uagb-block-9878bf8e\"><h2 class=\"uagb-heading-text\">Creat amb Kit Digital<\/h2><div class=\"uagb-separator\"><\/div><p class=\"uagb-desc-text\">Aquesta eina integral ens permet optimitzar el contingut, <strong>programar publicacions i analitzar el rendiment<\/strong> de les campanyes en l\u00ednia. <br\/><br\/>Amb el <a href=\"https:\/\/empiezapori.com\/agente-digitalizador-ayuda-kit-digital\/\" target=\"_blank\" rel=\"noreferrer noopener\"><strong>Kit Digital<\/strong> ,<\/a> ens mantenim al corrent de les darreres tend\u00e8ncies i adaptem l&#8217;estrat\u00e8gia de xarxes socials de Metzli per satisfer les necessitats canviants de la seva audi\u00e8ncia.<br\/><br\/>El nostre servei de gesti\u00f3 de xarxes socials per a <strong>Metzli Institut de Bellesa<\/strong> cerca inspirar, educar i connectar amb la comunitat, oferint contingut valu\u00f3s i experi\u00e8ncies \u00faniques que promoguin la bellesa i el benestar en totes les seves formes.<br\/><br\/><strong><a href=\"https:\/\/www.instagram.com\/metzli.institutdebellesa\/\" target=\"_blank\" rel=\"noreferrer noopener\">INSTAGRAM<br\/><\/a><\/strong> <a href=\"https:\/\/www.tiktok.com\/@metzli.institutdebellesa\" target=\"_blank\" rel=\"noreferrer noopener\"><strong>TIK TOK<\/strong><\/a><\/p><\/div>\n<\/div>\n\n\n\n<div class=\"wp-block-uagb-container uagb-block-b61d132b\"><!-- Galeria_del_portfolio le a\u00f1ado los estilos de la galeria de WordPress -->\r\n<div class=\"entry-content clear\" itemprop=\"text\">\r\n<figure class=\"wp-block-gallery columns-2 is-cropped\">\r\n    <!--<ul id=\"ul_galeria\">-->\r\n\t<ul class=\"blocks-gallery-grid\">\r\n                    <li class=\"blocks-gallery-item\">\r\n                <img decoding=\"async\" width=\"1024\" height=\"683\" src=\"https:\/\/empiezapori.com\/wp-content\/uploads\/2024\/03\/instagram_post_1-1024x683.png\" class=\"attachment-large size-large\" alt=\"\" srcset=\"https:\/\/empiezapori.com\/wp-content\/uploads\/2024\/03\/instagram_post_1-1024x683.png 1024w, https:\/\/empiezapori.com\/wp-content\/uploads\/2024\/03\/instagram_post_1-300x200.png 300w, https:\/\/empiezapori.com\/wp-content\/uploads\/2024\/03\/instagram_post_1-768x512.png 768w, https:\/\/empiezapori.com\/wp-content\/uploads\/2024\/03\/instagram_post_1-1600x1067.png 1600w, https:\/\/empiezapori.com\/wp-content\/uploads\/2024\/03\/instagram_post_1-1536x1024.png 1536w, https:\/\/empiezapori.com\/wp-content\/uploads\/2024\/03\/instagram_post_1-2048x1365.png 2048w, https:\/\/empiezapori.com\/wp-content\/uploads\/2024\/03\/instagram_post_1-500x333.png 500w, https:\/\/empiezapori.com\/wp-content\/uploads\/2024\/03\/instagram_post_1-800x533.png 800w, https:\/\/empiezapori.com\/wp-content\/uploads\/2024\/03\/instagram_post_1-1280x853.png 1280w, https:\/\/empiezapori.com\/wp-content\/uploads\/2024\/03\/instagram_post_1-1920x1280.png 1920w\" sizes=\"(max-width: 1024px) 100vw, 1024px\" \/>            <\/li>\r\n                    <li class=\"blocks-gallery-item\">\r\n                <img decoding=\"async\" width=\"1024\" height=\"683\" src=\"https:\/\/empiezapori.com\/wp-content\/uploads\/2024\/03\/insta1-1024x683.png\" class=\"attachment-large size-large\" alt=\"\" srcset=\"https:\/\/empiezapori.com\/wp-content\/uploads\/2024\/03\/insta1-1024x683.png 1024w, https:\/\/empiezapori.com\/wp-content\/uploads\/2024\/03\/insta1-300x200.png 300w, https:\/\/empiezapori.com\/wp-content\/uploads\/2024\/03\/insta1-768x512.png 768w, https:\/\/empiezapori.com\/wp-content\/uploads\/2024\/03\/insta1-1600x1067.png 1600w, https:\/\/empiezapori.com\/wp-content\/uploads\/2024\/03\/insta1-1536x1024.png 1536w, https:\/\/empiezapori.com\/wp-content\/uploads\/2024\/03\/insta1-2048x1365.png 2048w, https:\/\/empiezapori.com\/wp-content\/uploads\/2024\/03\/insta1-500x333.png 500w, https:\/\/empiezapori.com\/wp-content\/uploads\/2024\/03\/insta1-800x533.png 800w, https:\/\/empiezapori.com\/wp-content\/uploads\/2024\/03\/insta1-1280x853.png 1280w, https:\/\/empiezapori.com\/wp-content\/uploads\/2024\/03\/insta1-1920x1280.png 1920w\" sizes=\"(max-width: 1024px) 100vw, 1024px\" \/>            <\/li>\r\n                    <li class=\"blocks-gallery-item\">\r\n                <img decoding=\"async\" width=\"1024\" height=\"1024\" src=\"https:\/\/empiezapori.com\/wp-content\/uploads\/2024\/03\/24-1-1024x1024.png\" class=\"attachment-large size-large\" alt=\"\" srcset=\"https:\/\/empiezapori.com\/wp-content\/uploads\/2024\/03\/24-1-1024x1024.png 1024w, https:\/\/empiezapori.com\/wp-content\/uploads\/2024\/03\/24-1-300x300.png 300w, https:\/\/empiezapori.com\/wp-content\/uploads\/2024\/03\/24-1-150x150.png 150w, https:\/\/empiezapori.com\/wp-content\/uploads\/2024\/03\/24-1-768x768.png 768w, https:\/\/empiezapori.com\/wp-content\/uploads\/2024\/03\/24-1-1600x1600.png 1600w, https:\/\/empiezapori.com\/wp-content\/uploads\/2024\/03\/24-1-1536x1536.png 1536w, https:\/\/empiezapori.com\/wp-content\/uploads\/2024\/03\/24-1-2048x2048.png 2048w, https:\/\/empiezapori.com\/wp-content\/uploads\/2024\/03\/24-1-500x500.png 500w, https:\/\/empiezapori.com\/wp-content\/uploads\/2024\/03\/24-1-800x800.png 800w, https:\/\/empiezapori.com\/wp-content\/uploads\/2024\/03\/24-1-1280x1280.png 1280w, https:\/\/empiezapori.com\/wp-content\/uploads\/2024\/03\/24-1-1920x1920.png 1920w\" sizes=\"(max-width: 1024px) 100vw, 1024px\" \/>            <\/li>\r\n            <\/ul>\r\n<\/figure>\r\n<\/div>\r\n<!--Cliente-->\r\n<div>\r\n\tCliente: \r\n\t<ul id=\"ul_cliente\">\r\n\t\t    <li id=\"li_cliente\">\r\n\t    \t<!--<a href=\"\"><\/a> -->\r\n\t\t\tMetzli Institut de Bellesa\t    <\/li>\r\n\t\t<\/ul>\r\n<\/div>\n\n\n<p><\/p>\n<\/div>\n<\/div><\/div>\n","protected":false},"excerpt":{"rendered":"<p>Gesti\u00f3 xarxes socials per a Metzli Institut de Bellesa Metzli Institut de Bellesa \u00e9s un sal\u00f3 de bellesa especialitzat en tractaments corporals i facials que ofereix una experi\u00e8ncia \u00fanica i rejovenidora als clients. Amb un enfocament a la salut i el benestar, Metzli es compromet a proporcionar serveis d&#8217;alta qualitat que realcen la bellesa natural [&hellip;]<\/p>\n","protected":false},"author":1,"featured_media":29211,"menu_order":0,"comment_status":"closed","ping_status":"closed","template":"","format":"standard","meta":{"_acf_changed":false,"_seopress_robots_primary_cat":"","_seopress_titles_title":"Gesti\u00f3 Xarxes Socials: Metzli Institut de Bellesa","_seopress_titles_desc":"Gesti\u00f3 xarxes socials integral per a Metzli Institut de Bellesa, amb contingut atractiu i estrat\u00e8gies eficaces per a una comunitat compromesa.","_seopress_robots_index":"","inline_featured_image":false,"_uag_custom_page_level_css":"","_kad_blocks_custom_css":"","_kad_blocks_head_custom_js":"","_kad_blocks_body_custom_js":"","_kad_blocks_footer_custom_js":"","site-sidebar-layout":"default","site-content-layout":"","ast-site-content-layout":"default","site-content-style":"default","site-sidebar-style":"default","ast-global-header-display":"","ast-banner-title-visibility":"","ast-main-header-display":"","ast-hfb-above-header-display":"","ast-hfb-below-header-display":"","ast-hfb-mobile-header-display":"","site-post-title":"","ast-breadcrumbs-content":"","ast-featured-img":"","footer-sml-layout":"","ast-disable-related-posts":"","theme-transparent-header-meta":"","adv-header-id-meta":"","stick-header-meta":"","header-above-stick-meta":"","header-main-stick-meta":"","header-below-stick-meta":"","astra-migrate-meta-layouts":"default","ast-page-background-enabled":"default","ast-page-background-meta":{"desktop":{"background-color":"","background-image":"","background-repeat":"repeat","background-position":"center center","background-size":"auto","background-attachment":"scroll","background-type":"","background-media":"","overlay-type":"","overlay-color":"","overlay-opacity":"","overlay-gradient":""},"tablet":{"background-color":"","background-image":"","background-repeat":"repeat","background-position":"center center","background-size":"auto","background-attachment":"scroll","background-type":"","background-media":"","overlay-type":"","overlay-color":"","overlay-opacity":"","overlay-gradient":""},"mobile":{"background-color":"","background-image":"","background-repeat":"repeat","background-position":"center center","background-size":"auto","background-attachment":"scroll","background-type":"","background-media":"","overlay-type":"","overlay-color":"","overlay-opacity":"","overlay-gradient":""}},"ast-content-background-meta":{"desktop":{"background-color":"var(--ast-global-color-5)","background-image":"","background-repeat":"repeat","background-position":"center center","background-size":"auto","background-attachment":"scroll","background-type":"","background-media":"","overlay-type":"","overlay-color":"","overlay-opacity":"","overlay-gradient":""},"tablet":{"background-color":"var(--ast-global-color-5)","background-image":"","background-repeat":"repeat","background-position":"center center","background-size":"auto","background-attachment":"scroll","background-type":"","background-media":"","overlay-type":"","overlay-color":"","overlay-opacity":"","overlay-gradient":""},"mobile":{"background-color":"var(--ast-global-color-5)","background-image":"","background-repeat":"repeat","background-position":"center center","background-size":"auto","background-attachment":"scroll","background-type":"","background-media":"","overlay-type":"","overlay-color":"","overlay-opacity":"","overlay-gradient":""}},"_vp_format_video_url":"","_vp_image_focal_point":[],"footnotes":""},"portfolio_category":[756,702,761],"portfolio_tag":[],"class_list":["post-29840","portfolio","type-portfolio","status-publish","format-standard","has-post-thumbnail","hentry","portfolio_category-creacion-de-campanas-publicitarias-ca","portfolio_category-disseny-grafic","portfolio_category-gestio-xarxes-socials"],"acf":[],"taxonomy_info":{"portfolio_category":[{"value":756,"label":"Creaci\u00f3n de campa\u00f1as publicitarias"},{"value":702,"label":"Disseny gr\u00e0fic"},{"value":761,"label":"Gesti\u00f3 Xarxes Socials"}]},"featured_image_src_large":["https:\/\/empiezapori.com\/wp-content\/uploads\/2024\/03\/24-1-1024x1024.png",1024,1024,true],"author_info":{"display_name":"Administrador EXI","author_link":"https:\/\/empiezapori.com\/ca\/author\/empiezapori\/"},"comment_info":0,"uagb_featured_image_src":{"full":["https:\/\/empiezapori.com\/wp-content\/uploads\/2024\/03\/24-1.png",3000,3000,false],"thumbnail":["https:\/\/empiezapori.com\/wp-content\/uploads\/2024\/03\/24-1-150x150.png",150,150,true],"medium":["https:\/\/empiezapori.com\/wp-content\/uploads\/2024\/03\/24-1-300x300.png",300,300,true],"medium_large":["https:\/\/empiezapori.com\/wp-content\/uploads\/2024\/03\/24-1-768x768.png",768,768,true],"large":["https:\/\/empiezapori.com\/wp-content\/uploads\/2024\/03\/24-1-1024x1024.png",1024,1024,true],"1536x1536":["https:\/\/empiezapori.com\/wp-content\/uploads\/2024\/03\/24-1-1536x1536.png",1536,1536,true],"2048x2048":["https:\/\/empiezapori.com\/wp-content\/uploads\/2024\/03\/24-1-2048x2048.png",2048,2048,true],"vp_sm":["https:\/\/empiezapori.com\/wp-content\/uploads\/2024\/03\/24-1-500x500.png",500,500,true],"vp_md":["https:\/\/empiezapori.com\/wp-content\/uploads\/2024\/03\/24-1-800x800.png",800,800,true],"vp_lg":["https:\/\/empiezapori.com\/wp-content\/uploads\/2024\/03\/24-1-1280x1280.png",1280,1280,true],"vp_xl":["https:\/\/empiezapori.com\/wp-content\/uploads\/2024\/03\/24-1-1920x1920.png",1920,1920,true],"vp_sm_popup":["https:\/\/empiezapori.com\/wp-content\/uploads\/2024\/03\/24-1-500x500.png",500,500,true],"vp_md_popup":["https:\/\/empiezapori.com\/wp-content\/uploads\/2024\/03\/24-1-800x800.png",800,800,true],"vp_xl_popup":["https:\/\/empiezapori.com\/wp-content\/uploads\/2024\/03\/24-1-1920x1920.png",1920,1920,true]},"uagb_author_info":{"display_name":"Administrador EXI","author_link":"https:\/\/empiezapori.com\/ca\/author\/empiezapori\/"},"uagb_comment_info":0,"uagb_excerpt":"Gesti\u00f3 xarxes socials per a Metzli Institut de Bellesa Metzli Institut de Bellesa \u00e9s un sal\u00f3 de bellesa especialitzat en tractaments corporals i facials que ofereix una experi\u00e8ncia \u00fanica i rejovenidora als clients. Amb un enfocament a la salut i el benestar, Metzli es compromet a proporcionar serveis d&#8217;alta qualitat que realcen la bellesa natural&hellip;","_links":{"self":[{"href":"https:\/\/empiezapori.com\/ca\/wp-json\/wp\/v2\/portfolio\/29840","targetHints":{"allow":["GET"]}}],"collection":[{"href":"https:\/\/empiezapori.com\/ca\/wp-json\/wp\/v2\/portfolio"}],"about":[{"href":"https:\/\/empiezapori.com\/ca\/wp-json\/wp\/v2\/types\/portfolio"}],"author":[{"embeddable":true,"href":"https:\/\/empiezapori.com\/ca\/wp-json\/wp\/v2\/users\/1"}],"replies":[{"embeddable":true,"href":"https:\/\/empiezapori.com\/ca\/wp-json\/wp\/v2\/comments?post=29840"}],"version-history":[{"count":0,"href":"https:\/\/empiezapori.com\/ca\/wp-json\/wp\/v2\/portfolio\/29840\/revisions"}],"wp:featuredmedia":[{"embeddable":true,"href":"https:\/\/empiezapori.com\/ca\/wp-json\/wp\/v2\/media\/29211"}],"wp:attachment":[{"href":"https:\/\/empiezapori.com\/ca\/wp-json\/wp\/v2\/media?parent=29840"}],"wp:term":[{"taxonomy":"portfolio_category","embeddable":true,"href":"https:\/\/empiezapori.com\/ca\/wp-json\/wp\/v2\/portfolio_category?post=29840"},{"taxonomy":"portfolio_tag","embeddable":true,"href":"https:\/\/empiezapori.com\/ca\/wp-json\/wp\/v2\/portfolio_tag?post=29840"}],"curies":[{"name":"wp","href":"https:\/\/api.w.org\/{rel}","templated":true}]}}