{"id":30501,"date":"2024-04-11T11:25:59","date_gmt":"2024-04-11T09:25:59","guid":{"rendered":"https:\/\/empiezapori.com\/?post_type=portfolio&#038;p=30501"},"modified":"2025-08-07T13:13:17","modified_gmt":"2025-08-07T11:13:17","slug":"maquetacio-de-cataleg-per-a-haier","status":"publish","type":"portfolio","link":"https:\/\/empiezapori.com\/ca\/portfolio\/maquetacio-de-cataleg-per-a-haier\/","title":{"rendered":"Maquetaci\u00f3 de cat\u00e0leg per a Haier"},"content":{"rendered":"\n<div class=\"wp-block-uagb-container uagb-block-d71fd99d alignfull uagb-is-root-container\"><div class=\"uagb-container-inner-blocks-wrap\">\n<div class=\"wp-block-uagb-container uagb-block-9f1574e9\">\n<div class=\"wp-block-uagb-advanced-heading uagb-block-a0359808\"><h2 class=\"uagb-heading-text\">Disseny i maquetaci\u00f3 a InDesign<\/h2><div class=\"uagb-separator\"><\/div><p class=\"uagb-desc-text\">Amb l&#8217;objectiu de destacar la innovaci\u00f3 i la varietat de productes oferts per Haier en l&#8217;\u00e0mbit dels aires condicionats, el nostre equip s&#8217;ha dedicat a crear un cat\u00e0leg que va m\u00e9s enll\u00e0 de ser una simple recopilaci\u00f3 d&#8217;informaci\u00f3. Ens hem proposat oferir una experi\u00e8ncia visual que no nom\u00e9s atregui, sin\u00f3 que tamb\u00e9 informe de manera precisa sobre les caracter\u00edstiques i els beneficis de cada model.<\/p><\/div>\n\n\n\n<p>Una de les principals estrat\u00e8gies que hem emprat ha estat la <strong>selecci\u00f3 acurada d&#8217;imatges<\/strong>. Des de fotografies detallades de cada aire condicionat fins a imatges que mostren la seva aplicaci\u00f3 a diferents entorns, cada element visual ha estat escollit per transmetre la <strong>qualitat i el rendiment<\/strong> que caracteritzen els productes Haier.<\/p>\n\n\n\n<p>A m\u00e9s, ens hem comprom\u00e8s a mantenir la <strong>coher\u00e8ncia amb la identitat de la marca<\/strong> Haier, assegurant-nos que el disseny del cat\u00e0leg reflecteixi els <strong>valors d&#8217;innovaci\u00f3 i fiabilitat<\/strong> que representa l&#8217;empresa. Aix\u00f2 ha implicat un equilibri entre la familiaritat de la marca i la introducci\u00f3 d&#8217;elements moderns que ressaltin la proposta \u00fanica de Haier al mercat dels aires condicionats.<\/p>\n\n\n\n<p>El resultat final \u00e9s un cat\u00e0leg que no sols serveix com una <strong>guia informativa<\/strong> completa sobre els productes de Haier, sin\u00f3 que tamb\u00e9 funciona com una poderosa eina de <strong>m\u00e0rqueting<\/strong>. Estem segurs que aquest cat\u00e0leg no nom\u00e9s atraur\u00e0 l&#8217;atenci\u00f3 dels clients potencials, sin\u00f3 que tamb\u00e9 deixar\u00e0 una impressi\u00f3 duradora que reforci la posici\u00f3 de Haier com a l\u00edder al sector dels aires condicionats.<\/p>\n\n\n\n<div class=\"wp-block-uagb-advanced-heading uagb-block-f2cc3927\"><h2 class=\"uagb-heading-text\">Disseny editorial i cat\u00e0legs<\/h2><div class=\"uagb-separator\"><\/div><p class=\"uagb-desc-text\">Creem i gestionem diverses publicacions de <a href=\"https:\/\/empiezapori.com\/diseno-grafico\/diseno-editorial-y-catalogos\/\" target=\"_blank\" rel=\"noreferrer noopener\"><strong>disseny editorial i cat\u00e0legs<\/strong><\/a>, com ara aquest projecte: HaierRAC. Ens encarreguem de tot, des <strong>del disseny i maquetaci\u00f3 fins a la il\u00b7lustraci\u00f3, redacci\u00f3 i correcci\u00f3<\/strong>. A m\u00e9s, convertim documents en <strong>e-books<\/strong> , fusionem bases de dades i automatitzem el flux de treball. Preparem les dades per a la seva integraci\u00f3 a InDesign, agilitzant la <strong><a href=\"https:\/\/empiezapori.com\/diseno-grafico\/diseno-editorial-y-catalogos\/maquetacion-de-catalogos-revistas-y-libros\/\" target=\"_blank\" rel=\"noreferrer noopener\">maquetaci\u00f3 de cat\u00e0legs, revistes i llibres<\/a><\/strong> .<\/p><\/div>\n<\/div>\n\n\n\n<div class=\"wp-block-uagb-container uagb-block-b61d132b\"><!-- Galeria_del_portfolio le a\u00f1ado los estilos de la galeria de WordPress -->\r\n<div class=\"entry-content clear\" itemprop=\"text\">\r\n<figure class=\"wp-block-gallery columns-2 is-cropped\">\r\n    <!--<ul id=\"ul_galeria\">-->\r\n\t<ul class=\"blocks-gallery-grid\">\r\n                    <li class=\"blocks-gallery-item\">\r\n                <img decoding=\"async\" width=\"1024\" height=\"1024\" src=\"https:\/\/empiezapori.com\/wp-content\/uploads\/2024\/04\/haier-mockup-catalogo-portada-1024x1024.jpg\" class=\"attachment-large size-large\" alt=\"\" srcset=\"https:\/\/empiezapori.com\/wp-content\/uploads\/2024\/04\/haier-mockup-catalogo-portada-1024x1024.jpg 1024w, https:\/\/empiezapori.com\/wp-content\/uploads\/2024\/04\/haier-mockup-catalogo-portada-300x300.jpg 300w, https:\/\/empiezapori.com\/wp-content\/uploads\/2024\/04\/haier-mockup-catalogo-portada-150x150.jpg 150w, https:\/\/empiezapori.com\/wp-content\/uploads\/2024\/04\/haier-mockup-catalogo-portada-768x768.jpg 768w, https:\/\/empiezapori.com\/wp-content\/uploads\/2024\/04\/haier-mockup-catalogo-portada-500x500.jpg 500w, https:\/\/empiezapori.com\/wp-content\/uploads\/2024\/04\/haier-mockup-catalogo-portada-800x800.jpg 800w, https:\/\/empiezapori.com\/wp-content\/uploads\/2024\/04\/haier-mockup-catalogo-portada.jpg 1200w\" sizes=\"(max-width: 1024px) 100vw, 1024px\" \/>            <\/li>\r\n                    <li class=\"blocks-gallery-item\">\r\n                <img decoding=\"async\" width=\"1024\" height=\"734\" src=\"https:\/\/empiezapori.com\/wp-content\/uploads\/2024\/04\/haier-mockup-catalogo-abierto-2-1024x734.jpg\" class=\"attachment-large size-large\" alt=\"\" srcset=\"https:\/\/empiezapori.com\/wp-content\/uploads\/2024\/04\/haier-mockup-catalogo-abierto-2-1024x734.jpg 1024w, https:\/\/empiezapori.com\/wp-content\/uploads\/2024\/04\/haier-mockup-catalogo-abierto-2-300x215.jpg 300w, https:\/\/empiezapori.com\/wp-content\/uploads\/2024\/04\/haier-mockup-catalogo-abierto-2-768x550.jpg 768w, https:\/\/empiezapori.com\/wp-content\/uploads\/2024\/04\/haier-mockup-catalogo-abierto-2-500x358.jpg 500w, https:\/\/empiezapori.com\/wp-content\/uploads\/2024\/04\/haier-mockup-catalogo-abierto-2-800x573.jpg 800w, https:\/\/empiezapori.com\/wp-content\/uploads\/2024\/04\/haier-mockup-catalogo-abierto-2.jpg 1200w\" sizes=\"(max-width: 1024px) 100vw, 1024px\" \/>            <\/li>\r\n                    <li class=\"blocks-gallery-item\">\r\n                <img decoding=\"async\" width=\"1024\" height=\"734\" src=\"https:\/\/empiezapori.com\/wp-content\/uploads\/2024\/04\/haier-mockup-catalogo-abierto-1-1024x734.jpg\" class=\"attachment-large size-large\" alt=\"\" srcset=\"https:\/\/empiezapori.com\/wp-content\/uploads\/2024\/04\/haier-mockup-catalogo-abierto-1-1024x734.jpg 1024w, https:\/\/empiezapori.com\/wp-content\/uploads\/2024\/04\/haier-mockup-catalogo-abierto-1-300x215.jpg 300w, https:\/\/empiezapori.com\/wp-content\/uploads\/2024\/04\/haier-mockup-catalogo-abierto-1-768x550.jpg 768w, https:\/\/empiezapori.com\/wp-content\/uploads\/2024\/04\/haier-mockup-catalogo-abierto-1-500x358.jpg 500w, https:\/\/empiezapori.com\/wp-content\/uploads\/2024\/04\/haier-mockup-catalogo-abierto-1-800x573.jpg 800w, https:\/\/empiezapori.com\/wp-content\/uploads\/2024\/04\/haier-mockup-catalogo-abierto-1.jpg 1200w\" sizes=\"(max-width: 1024px) 100vw, 1024px\" \/>            <\/li>\r\n            <\/ul>\r\n<\/figure>\r\n<\/div>\r\n<!--Cliente-->\r\n<div>\r\n\tCliente: \r\n\t<ul id=\"ul_cliente\">\r\n\t\t    <li id=\"li_cliente\">\r\n\t    \t<!--<a href=\"\"><\/a> -->\r\n\t\t\tHaier\t    <\/li>\r\n\t\t<\/ul>\r\n<\/div>\n\n\n<p><\/p>\n<\/div>\n<\/div><\/div>\n","protected":false},"excerpt":{"rendered":"<p>Disseny i maquetaci\u00f3 a InDesign Amb l&#8217;objectiu de destacar la innovaci\u00f3 i la varietat de productes oferts per Haier en l&#8217;\u00e0mbit dels aires condicionats, el nostre equip s&#8217;ha dedicat a crear un cat\u00e0leg que va m\u00e9s enll\u00e0 de ser una simple recopilaci\u00f3 d&#8217;informaci\u00f3. Ens hem proposat oferir una experi\u00e8ncia visual que no nom\u00e9s atregui, sin\u00f3 [&hellip;]<\/p>\n","protected":false},"author":1,"featured_media":30520,"menu_order":0,"comment_status":"closed","ping_status":"closed","template":"","format":"standard","meta":{"_acf_changed":false,"_seopress_robots_primary_cat":"","_seopress_titles_title":"","_seopress_titles_desc":"Maquetaci\u00f3 de cat\u00e0leg a InDesign per a Haier, una empresa que destaca per la innovaci\u00f3 i la varietat de productes en l'\u00e0mbit dels aires condicionats","_seopress_robots_index":"","inline_featured_image":false,"_uag_custom_page_level_css":"","_kad_blocks_custom_css":"","_kad_blocks_head_custom_js":"","_kad_blocks_body_custom_js":"","_kad_blocks_footer_custom_js":"","site-sidebar-layout":"default","site-content-layout":"","ast-site-content-layout":"default","site-content-style":"default","site-sidebar-style":"default","ast-global-header-display":"","ast-banner-title-visibility":"","ast-main-header-display":"","ast-hfb-above-header-display":"","ast-hfb-below-header-display":"","ast-hfb-mobile-header-display":"","site-post-title":"","ast-breadcrumbs-content":"","ast-featured-img":"","footer-sml-layout":"","ast-disable-related-posts":"","theme-transparent-header-meta":"","adv-header-id-meta":"","stick-header-meta":"","header-above-stick-meta":"","header-main-stick-meta":"","header-below-stick-meta":"","astra-migrate-meta-layouts":"set","ast-page-background-enabled":"default","ast-page-background-meta":{"desktop":{"background-color":"","background-image":"","background-repeat":"repeat","background-position":"center center","background-size":"auto","background-attachment":"scroll","background-type":"","background-media":"","overlay-type":"","overlay-color":"","overlay-opacity":"","overlay-gradient":""},"tablet":{"background-color":"","background-image":"","background-repeat":"repeat","background-position":"center center","background-size":"auto","background-attachment":"scroll","background-type":"","background-media":"","overlay-type":"","overlay-color":"","overlay-opacity":"","overlay-gradient":""},"mobile":{"background-color":"","background-image":"","background-repeat":"repeat","background-position":"center center","background-size":"auto","background-attachment":"scroll","background-type":"","background-media":"","overlay-type":"","overlay-color":"","overlay-opacity":"","overlay-gradient":""}},"ast-content-background-meta":{"desktop":{"background-color":"var(--ast-global-color-5)","background-image":"","background-repeat":"repeat","background-position":"center center","background-size":"auto","background-attachment":"scroll","background-type":"","background-media":"","overlay-type":"","overlay-color":"","overlay-opacity":"","overlay-gradient":""},"tablet":{"background-color":"var(--ast-global-color-5)","background-image":"","background-repeat":"repeat","background-position":"center center","background-size":"auto","background-attachment":"scroll","background-type":"","background-media":"","overlay-type":"","overlay-color":"","overlay-opacity":"","overlay-gradient":""},"mobile":{"background-color":"var(--ast-global-color-5)","background-image":"","background-repeat":"repeat","background-position":"center center","background-size":"auto","background-attachment":"scroll","background-type":"","background-media":"","overlay-type":"","overlay-color":"","overlay-opacity":"","overlay-gradient":""}},"_vp_format_video_url":"","_vp_image_focal_point":[],"footnotes":""},"portfolio_category":[703,702],"portfolio_tag":[708],"class_list":["post-30501","portfolio","type-portfolio","status-publish","format-standard","has-post-thumbnail","hentry","portfolio_category-disseny-editorial-i-catalegs","portfolio_category-disseny-grafic","portfolio_tag-barcelona-ca"],"acf":[],"taxonomy_info":{"portfolio_category":[{"value":703,"label":"Disseny editorial i cat\u00e0legs"},{"value":702,"label":"Disseny gr\u00e0fic"}],"portfolio_tag":[{"value":708,"label":"Barcelona"}]},"featured_image_src_large":["https:\/\/empiezapori.com\/wp-content\/uploads\/2024\/04\/haier-mockup-catalogo-portada-1024x1024.jpg",1024,1024,true],"author_info":{"display_name":"Administrador EXI","author_link":"https:\/\/empiezapori.com\/ca\/author\/empiezapori\/"},"comment_info":0,"uagb_featured_image_src":{"full":["https:\/\/empiezapori.com\/wp-content\/uploads\/2024\/04\/haier-mockup-catalogo-portada.jpg",1200,1200,false],"thumbnail":["https:\/\/empiezapori.com\/wp-content\/uploads\/2024\/04\/haier-mockup-catalogo-portada-150x150.jpg",150,150,true],"medium":["https:\/\/empiezapori.com\/wp-content\/uploads\/2024\/04\/haier-mockup-catalogo-portada-300x300.jpg",300,300,true],"medium_large":["https:\/\/empiezapori.com\/wp-content\/uploads\/2024\/04\/haier-mockup-catalogo-portada-768x768.jpg",768,768,true],"large":["https:\/\/empiezapori.com\/wp-content\/uploads\/2024\/04\/haier-mockup-catalogo-portada-1024x1024.jpg",1024,1024,true],"1536x1536":["https:\/\/empiezapori.com\/wp-content\/uploads\/2024\/04\/haier-mockup-catalogo-portada.jpg",1200,1200,false],"2048x2048":["https:\/\/empiezapori.com\/wp-content\/uploads\/2024\/04\/haier-mockup-catalogo-portada.jpg",1200,1200,false],"vp_sm":["https:\/\/empiezapori.com\/wp-content\/uploads\/2024\/04\/haier-mockup-catalogo-portada-500x500.jpg",500,500,true],"vp_md":["https:\/\/empiezapori.com\/wp-content\/uploads\/2024\/04\/haier-mockup-catalogo-portada-800x800.jpg",800,800,true],"vp_lg":["https:\/\/empiezapori.com\/wp-content\/uploads\/2024\/04\/haier-mockup-catalogo-portada.jpg",1200,1200,false],"vp_xl":["https:\/\/empiezapori.com\/wp-content\/uploads\/2024\/04\/haier-mockup-catalogo-portada.jpg",1200,1200,false],"vp_sm_popup":["https:\/\/empiezapori.com\/wp-content\/uploads\/2024\/04\/haier-mockup-catalogo-portada-500x500.jpg",500,500,true],"vp_md_popup":["https:\/\/empiezapori.com\/wp-content\/uploads\/2024\/04\/haier-mockup-catalogo-portada-800x800.jpg",800,800,true],"vp_xl_popup":["https:\/\/empiezapori.com\/wp-content\/uploads\/2024\/04\/haier-mockup-catalogo-portada.jpg",1200,1200,false]},"uagb_author_info":{"display_name":"Administrador EXI","author_link":"https:\/\/empiezapori.com\/ca\/author\/empiezapori\/"},"uagb_comment_info":0,"uagb_excerpt":"Disseny i maquetaci\u00f3 a InDesign Amb l&#8217;objectiu de destacar la innovaci\u00f3 i la varietat de productes oferts per Haier en l&#8217;\u00e0mbit dels aires condicionats, el nostre equip s&#8217;ha dedicat a crear un cat\u00e0leg que va m\u00e9s enll\u00e0 de ser una simple recopilaci\u00f3 d&#8217;informaci\u00f3. Ens hem proposat oferir una experi\u00e8ncia visual que no nom\u00e9s atregui, sin\u00f3&hellip;","_links":{"self":[{"href":"https:\/\/empiezapori.com\/ca\/wp-json\/wp\/v2\/portfolio\/30501","targetHints":{"allow":["GET"]}}],"collection":[{"href":"https:\/\/empiezapori.com\/ca\/wp-json\/wp\/v2\/portfolio"}],"about":[{"href":"https:\/\/empiezapori.com\/ca\/wp-json\/wp\/v2\/types\/portfolio"}],"author":[{"embeddable":true,"href":"https:\/\/empiezapori.com\/ca\/wp-json\/wp\/v2\/users\/1"}],"replies":[{"embeddable":true,"href":"https:\/\/empiezapori.com\/ca\/wp-json\/wp\/v2\/comments?post=30501"}],"version-history":[{"count":0,"href":"https:\/\/empiezapori.com\/ca\/wp-json\/wp\/v2\/portfolio\/30501\/revisions"}],"wp:featuredmedia":[{"embeddable":true,"href":"https:\/\/empiezapori.com\/ca\/wp-json\/wp\/v2\/media\/30520"}],"wp:attachment":[{"href":"https:\/\/empiezapori.com\/ca\/wp-json\/wp\/v2\/media?parent=30501"}],"wp:term":[{"taxonomy":"portfolio_category","embeddable":true,"href":"https:\/\/empiezapori.com\/ca\/wp-json\/wp\/v2\/portfolio_category?post=30501"},{"taxonomy":"portfolio_tag","embeddable":true,"href":"https:\/\/empiezapori.com\/ca\/wp-json\/wp\/v2\/portfolio_tag?post=30501"}],"curies":[{"name":"wp","href":"https:\/\/api.w.org\/{rel}","templated":true}]}}