{"id":34643,"date":"2024-11-29T12:19:13","date_gmt":"2024-11-29T11:19:13","guid":{"rendered":"https:\/\/empiezapori.com\/portfolio-2\/disseny-grafic-per-al-consolat-despanya-a-xangai-imatge-corporativa-per-a-lesdeveniment-festa-nacional-de-espana-2024\/"},"modified":"2025-01-22T16:00:22","modified_gmt":"2025-01-22T15:00:22","slug":"disseny-grafic-per-al-consolat-despanya-a-xangai-imatge-corporativa-per-a-lesdeveniment-festa-nacional-de-espana-2024","status":"publish","type":"portfolio","link":"https:\/\/empiezapori.com\/ca\/portfolio\/disseny-grafic-per-al-consolat-despanya-a-xangai-imatge-corporativa-per-a-lesdeveniment-festa-nacional-de-espana-2024\/","title":{"rendered":"Disseny gr\u00e0fic per al Consolat d&#8217;Espanya a Xangai &#8211; Imatge corporativa per a l&#8217;esdeveniment &#8220;Festa Nacional de Espa\u00f1a 2024&#8221;"},"content":{"rendered":"\n<div class=\"wp-block-uagb-container uagb-block-d71fd99d alignfull uagb-is-root-container\"><div class=\"uagb-container-inner-blocks-wrap\">\n<div class=\"wp-block-uagb-container uagb-block-9f1574e9\">\n<div class=\"wp-block-uagb-advanced-heading uagb-block-68aea4ff\"><h2 class=\"uagb-heading-text\">Concepte i elements del disseny<\/h2><div class=\"uagb-separator\"><\/div><p class=\"uagb-desc-text\">Pel disseny, ens inspirem en la rica tradici\u00f3 del flamenc, integrant elements visuals emblem\u00e0tics com:<\/p><\/div>\n\n\n\n<ul class=\"wp-block-list\">\n<li><strong>El ventall:<\/strong> s\u00edmbol deleg\u00e0ncia i gr\u00e0cia.<\/li>\n\n\n\n<li><strong>El clavell:<\/strong> flor que representa la passi\u00f3 i la cultura espanyola.<\/li>\n\n\n\n<li><strong>Els &#8220;topos&#8221;:<\/strong> caracter\u00edstics dels vestits flamencs, que aporten dinamisme i textura.<\/li>\n<\/ul>\n\n\n\n<p>Tots aquests elements es van unir en una figura principal que va servir de base per a cada pe\u00e7a de l\u02bcesdeveniment, assegurant <strong>cohesi\u00f3 visual <\/strong>i una identitat memorable. La <strong>paleta de colors<\/strong> utilitzada (vermell, blanc, groc i negre) es va seleccionar estrat\u00e8gicament per harmonitzar amb la bandera d&#8217;Espanya, element essencial sol\u00b7licitat pel client.<\/p>\n\n\n\n<div class=\"wp-block-uagb-advanced-heading uagb-block-f2cc3927\"><h2 class=\"uagb-heading-text\"><strong>Treballs realitzats<\/strong><\/h2><div class=\"uagb-separator\"><\/div><\/div>\n\n\n\n<ul class=\"wp-block-list\">\n<li><strong>Cartelleria:<\/strong> Disseny de banderoles i panells informatius distribu\u00efts als exteriors del recinte.<\/li>\n\n\n\n<li><strong>Photocall i estructura met\u00e0l\u00b7lica decorativa:<\/strong> Una estructura il\u00b7luminada, dissenyada per real\u00e7ar la figura inspirada en el flamenc, que va oferir als convidats un punt fotogr\u00e0fic \u00fanic i memorable.<\/li>\n\n\n\n<li><strong>Invitacions i men\u00fas: <\/strong>Disseny d&#8217;invitacions personalitzades i cartes del men\u00fa que van seguir la l\u00ednia gr\u00e0fica establerta, destacant-ne la qualitat i l&#8217;atenci\u00f3 al detall.<\/li>\n\n\n\n<li><strong>Senyal\u00e8tica de l&#8217;esdeveniment:<\/strong> Elements visuals integrats al paisatge, assegurant una experi\u00e8ncia organitzada i est\u00e8tica per als assistents.<\/li>\n<\/ul>\n\n\n\n<div class=\"wp-block-uagb-advanced-heading uagb-block-21848f2c\"><h2 class=\"uagb-heading-text\"><strong>Resultats<\/strong><\/h2><div class=\"uagb-separator\"><\/div><p class=\"uagb-desc-text\">El disseny va aconseguir transmetre una<strong> imatge sofisticada i representativa d?Espanya<\/strong>, refor\u00e7ant la seva identitat cultural en un<strong> entorn internacional<\/strong>. Els elements gr\u00e0fics es van integrar perfectament en lespai de lesdeveniment, captant latenci\u00f3 dels assistents i destacant per la seva <strong>creativitat i funcionalitat<\/strong>.<\/p><\/div>\n\n\n\n<p>Aquest projecte reflecteix el nostre comprom\u00eds amb l&#8217;excel\u00b7l\u00e8ncia en el disseny gr\u00e0fic i la nostra capacitat per<strong> adaptar-nos a les<\/strong><strong> necessitats espec\u00edfiques de cada client<\/strong>, tot assegurant resultats d&#8217;alt <strong>impacte visual i cultural<\/strong>.<\/p>\n\n\n\n<div class=\"wp-block-uagb-advanced-heading uagb-block-32f56e6a\"><h2 class=\"uagb-heading-text\"><strong><strong>Confia en nosaltres per fer que el teu esdeveniment sigui inoblidable<\/strong><\/strong><\/h2><div class=\"uagb-separator\"><\/div><p class=\"uagb-desc-text\">Convertim idees en experi\u00e8ncies visuals \u00faniques que connecten amb les emocions i transmeten els valors de la teva marca o instituci\u00f3. La <strong>Festa Nacional d&#8217;Espanya 2024<\/strong> a Xangai nom\u00e9s \u00e9s un exemple de l&#8217;impacte que aconseguim en combinar creativitat, atenci\u00f3 al detall i una comunicaci\u00f3 visual estrat\u00e8gica.<\/p><\/div>\n\n\n\n<p>Des de la conceptualitzaci\u00f3 fins a l&#8217;execuci\u00f3 final, dissenyem cada element amb un prop\u00f2sit clar: <strong>fer que l&#8217;esdeveniment destaqui i quedi enregistrat a la mem\u00f2ria dels teus assistents<\/strong>. Ja sigui un esdeveniment corporatiu, institucional o cultural, el nostre equip s&#8217;encarrega de materialitzar les idees en peces visuals que reforcin la teva identitat i valors.<\/p>\n\n\n\n<div class=\"wp-block-uagb-advanced-heading uagb-block-d4b177f5\"><h4 class=\"uagb-heading-text\"><strong>Per qu\u00e8 escollir-nos?<\/strong><\/h4><\/div>\n\n\n\n<ul class=\"wp-block-list\">\n<li><strong>Experi\u00e8ncia en projectes internacionals<\/strong> i esdeveniments de gran rellev\u00e0ncia.<\/li>\n\n\n\n<li><strong>Dissenys personalitzats<\/strong> que s&#8217;adapten a les necessitats espec\u00edfiques de cada client.<\/li>\n\n\n\n<li>Capacitat per<strong> transmetre els teus valors <\/strong>mitjan\u00e7ant una comunicaci\u00f3 visual coherent i memorable.<\/li>\n\n\n\n<li><strong>Comprom\u00eds amb la qualitat i els terminis de lliurament.<\/strong><\/li>\n<\/ul>\n\n\n\n<div class=\"wp-block-uagb-advanced-heading uagb-block-e7f388e4\"><h6 class=\"uagb-heading-text\"><strong><strong>Transformem el teu proper esdeveniment en una experi\u00e8ncia visual impactant i \u00fanica.<\/strong> <\/strong><\/h6><div class=\"uagb-separator\"><\/div><p class=\"uagb-desc-text\"><strong>C<\/strong>ontacta&#8217;ns avui mateix i treballem plegats per portar la teva marca al seg\u00fcent nivell!<\/p><\/div>\n<\/div>\n\n\n\n<div class=\"wp-block-uagb-container uagb-block-b61d132b\">\n<div class=\"wp-block-uagb-container uagb-block-bbc5699d alignfull uagb-is-root-container\"><div class=\"uagb-container-inner-blocks-wrap\"><\/div><\/div>\n\n\n<!-- Galeria_del_portfolio le a\u00f1ado los estilos de la galeria de WordPress -->\r\n<div class=\"entry-content clear\" itemprop=\"text\">\r\n<figure class=\"wp-block-gallery columns-2 is-cropped\">\r\n    <!--<ul id=\"ul_galeria\">-->\r\n\t<ul class=\"blocks-gallery-grid\">\r\n                    <li class=\"blocks-gallery-item\">\r\n                <img decoding=\"async\" width=\"682\" height=\"1024\" src=\"https:\/\/empiezapori.com\/wp-content\/uploads\/2024\/11\/empiezapori-fiesta-nacional-espana-consulado-shanghai-682x1024.jpg\" class=\"attachment-large size-large\" alt=\"\" srcset=\"https:\/\/empiezapori.com\/wp-content\/uploads\/2024\/11\/empiezapori-fiesta-nacional-espana-consulado-shanghai-682x1024.jpg 682w, https:\/\/empiezapori.com\/wp-content\/uploads\/2024\/11\/empiezapori-fiesta-nacional-espana-consulado-shanghai-200x300.jpg 200w, https:\/\/empiezapori.com\/wp-content\/uploads\/2024\/11\/empiezapori-fiesta-nacional-espana-consulado-shanghai-768x1154.jpg 768w, https:\/\/empiezapori.com\/wp-content\/uploads\/2024\/11\/empiezapori-fiesta-nacional-espana-consulado-shanghai-500x751.jpg 500w, https:\/\/empiezapori.com\/wp-content\/uploads\/2024\/11\/empiezapori-fiesta-nacional-espana-consulado-shanghai.jpg 800w\" sizes=\"(max-width: 682px) 100vw, 682px\" \/>            <\/li>\r\n                    <li class=\"blocks-gallery-item\">\r\n                <img decoding=\"async\" width=\"1000\" height=\"665\" src=\"https:\/\/empiezapori.com\/wp-content\/uploads\/2024\/11\/empiezapori-fiesta-nacional-espana-consulado-shanghai-01.jpg\" class=\"attachment-large size-large\" alt=\"\" srcset=\"https:\/\/empiezapori.com\/wp-content\/uploads\/2024\/11\/empiezapori-fiesta-nacional-espana-consulado-shanghai-01.jpg 1000w, https:\/\/empiezapori.com\/wp-content\/uploads\/2024\/11\/empiezapori-fiesta-nacional-espana-consulado-shanghai-01-300x200.jpg 300w, https:\/\/empiezapori.com\/wp-content\/uploads\/2024\/11\/empiezapori-fiesta-nacional-espana-consulado-shanghai-01-768x511.jpg 768w, https:\/\/empiezapori.com\/wp-content\/uploads\/2024\/11\/empiezapori-fiesta-nacional-espana-consulado-shanghai-01-500x333.jpg 500w, https:\/\/empiezapori.com\/wp-content\/uploads\/2024\/11\/empiezapori-fiesta-nacional-espana-consulado-shanghai-01-800x532.jpg 800w\" sizes=\"(max-width: 1000px) 100vw, 1000px\" \/>            <\/li>\r\n                    <li class=\"blocks-gallery-item\">\r\n                <img decoding=\"async\" width=\"682\" height=\"1024\" src=\"https:\/\/empiezapori.com\/wp-content\/uploads\/2024\/11\/empiezapori-fiesta-nacional-espana-consulado-shanghai-02-682x1024.jpg\" class=\"attachment-large size-large\" alt=\"\" srcset=\"https:\/\/empiezapori.com\/wp-content\/uploads\/2024\/11\/empiezapori-fiesta-nacional-espana-consulado-shanghai-02-682x1024.jpg 682w, https:\/\/empiezapori.com\/wp-content\/uploads\/2024\/11\/empiezapori-fiesta-nacional-espana-consulado-shanghai-02-200x300.jpg 200w, https:\/\/empiezapori.com\/wp-content\/uploads\/2024\/11\/empiezapori-fiesta-nacional-espana-consulado-shanghai-02-768x1154.jpg 768w, https:\/\/empiezapori.com\/wp-content\/uploads\/2024\/11\/empiezapori-fiesta-nacional-espana-consulado-shanghai-02-500x751.jpg 500w, https:\/\/empiezapori.com\/wp-content\/uploads\/2024\/11\/empiezapori-fiesta-nacional-espana-consulado-shanghai-02.jpg 800w\" sizes=\"(max-width: 682px) 100vw, 682px\" \/>            <\/li>\r\n                    <li class=\"blocks-gallery-item\">\r\n                <img decoding=\"async\" width=\"1000\" height=\"665\" src=\"https:\/\/empiezapori.com\/wp-content\/uploads\/2024\/11\/empiezapori-fiesta-nacional-espana-consulado-shanghai-03.jpg\" class=\"attachment-large size-large\" alt=\"\" srcset=\"https:\/\/empiezapori.com\/wp-content\/uploads\/2024\/11\/empiezapori-fiesta-nacional-espana-consulado-shanghai-03.jpg 1000w, https:\/\/empiezapori.com\/wp-content\/uploads\/2024\/11\/empiezapori-fiesta-nacional-espana-consulado-shanghai-03-300x200.jpg 300w, https:\/\/empiezapori.com\/wp-content\/uploads\/2024\/11\/empiezapori-fiesta-nacional-espana-consulado-shanghai-03-768x511.jpg 768w, https:\/\/empiezapori.com\/wp-content\/uploads\/2024\/11\/empiezapori-fiesta-nacional-espana-consulado-shanghai-03-500x333.jpg 500w, https:\/\/empiezapori.com\/wp-content\/uploads\/2024\/11\/empiezapori-fiesta-nacional-espana-consulado-shanghai-03-800x532.jpg 800w\" sizes=\"(max-width: 1000px) 100vw, 1000px\" \/>            <\/li>\r\n                    <li class=\"blocks-gallery-item\">\r\n                <img decoding=\"async\" width=\"1000\" height=\"667\" src=\"https:\/\/empiezapori.com\/wp-content\/uploads\/2024\/11\/empiezapori-fiesta-nacional-espana-consulado-shanghai-04.jpg\" class=\"attachment-large size-large\" alt=\"\" srcset=\"https:\/\/empiezapori.com\/wp-content\/uploads\/2024\/11\/empiezapori-fiesta-nacional-espana-consulado-shanghai-04.jpg 1000w, https:\/\/empiezapori.com\/wp-content\/uploads\/2024\/11\/empiezapori-fiesta-nacional-espana-consulado-shanghai-04-300x200.jpg 300w, https:\/\/empiezapori.com\/wp-content\/uploads\/2024\/11\/empiezapori-fiesta-nacional-espana-consulado-shanghai-04-768x512.jpg 768w, https:\/\/empiezapori.com\/wp-content\/uploads\/2024\/11\/empiezapori-fiesta-nacional-espana-consulado-shanghai-04-500x334.jpg 500w, https:\/\/empiezapori.com\/wp-content\/uploads\/2024\/11\/empiezapori-fiesta-nacional-espana-consulado-shanghai-04-800x534.jpg 800w\" sizes=\"(max-width: 1000px) 100vw, 1000px\" \/>            <\/li>\r\n                    <li class=\"blocks-gallery-item\">\r\n                <img decoding=\"async\" width=\"1000\" height=\"667\" src=\"https:\/\/empiezapori.com\/wp-content\/uploads\/2024\/11\/empiezapori-fiesta-nacional-espana-consulado-shanghai-05.jpg\" class=\"attachment-large size-large\" alt=\"\" srcset=\"https:\/\/empiezapori.com\/wp-content\/uploads\/2024\/11\/empiezapori-fiesta-nacional-espana-consulado-shanghai-05.jpg 1000w, https:\/\/empiezapori.com\/wp-content\/uploads\/2024\/11\/empiezapori-fiesta-nacional-espana-consulado-shanghai-05-300x200.jpg 300w, https:\/\/empiezapori.com\/wp-content\/uploads\/2024\/11\/empiezapori-fiesta-nacional-espana-consulado-shanghai-05-768x512.jpg 768w, https:\/\/empiezapori.com\/wp-content\/uploads\/2024\/11\/empiezapori-fiesta-nacional-espana-consulado-shanghai-05-500x334.jpg 500w, https:\/\/empiezapori.com\/wp-content\/uploads\/2024\/11\/empiezapori-fiesta-nacional-espana-consulado-shanghai-05-800x534.jpg 800w\" sizes=\"(max-width: 1000px) 100vw, 1000px\" \/>            <\/li>\r\n                    <li class=\"blocks-gallery-item\">\r\n                <img decoding=\"async\" width=\"1000\" height=\"667\" src=\"https:\/\/empiezapori.com\/wp-content\/uploads\/2024\/11\/empiezapori-fiesta-nacional-espana-consulado-shanghai-06.jpg\" class=\"attachment-large size-large\" alt=\"\" srcset=\"https:\/\/empiezapori.com\/wp-content\/uploads\/2024\/11\/empiezapori-fiesta-nacional-espana-consulado-shanghai-06.jpg 1000w, https:\/\/empiezapori.com\/wp-content\/uploads\/2024\/11\/empiezapori-fiesta-nacional-espana-consulado-shanghai-06-300x200.jpg 300w, https:\/\/empiezapori.com\/wp-content\/uploads\/2024\/11\/empiezapori-fiesta-nacional-espana-consulado-shanghai-06-768x512.jpg 768w, https:\/\/empiezapori.com\/wp-content\/uploads\/2024\/11\/empiezapori-fiesta-nacional-espana-consulado-shanghai-06-500x334.jpg 500w, https:\/\/empiezapori.com\/wp-content\/uploads\/2024\/11\/empiezapori-fiesta-nacional-espana-consulado-shanghai-06-800x534.jpg 800w\" sizes=\"(max-width: 1000px) 100vw, 1000px\" \/>            <\/li>\r\n                    <li class=\"blocks-gallery-item\">\r\n                <img decoding=\"async\" width=\"1000\" height=\"667\" src=\"https:\/\/empiezapori.com\/wp-content\/uploads\/2024\/11\/empiezapori-fiesta-nacional-espana-consulado-shanghai-07.jpg\" class=\"attachment-large size-large\" alt=\"\" srcset=\"https:\/\/empiezapori.com\/wp-content\/uploads\/2024\/11\/empiezapori-fiesta-nacional-espana-consulado-shanghai-07.jpg 1000w, https:\/\/empiezapori.com\/wp-content\/uploads\/2024\/11\/empiezapori-fiesta-nacional-espana-consulado-shanghai-07-300x200.jpg 300w, https:\/\/empiezapori.com\/wp-content\/uploads\/2024\/11\/empiezapori-fiesta-nacional-espana-consulado-shanghai-07-768x512.jpg 768w, https:\/\/empiezapori.com\/wp-content\/uploads\/2024\/11\/empiezapori-fiesta-nacional-espana-consulado-shanghai-07-500x334.jpg 500w, https:\/\/empiezapori.com\/wp-content\/uploads\/2024\/11\/empiezapori-fiesta-nacional-espana-consulado-shanghai-07-800x534.jpg 800w\" sizes=\"(max-width: 1000px) 100vw, 1000px\" \/>            <\/li>\r\n                    <li class=\"blocks-gallery-item\">\r\n                <img decoding=\"async\" width=\"1000\" height=\"667\" src=\"https:\/\/empiezapori.com\/wp-content\/uploads\/2024\/11\/empiezapori-fiesta-nacional-espana-consulado-shanghai-08.jpg\" class=\"attachment-large size-large\" alt=\"\" srcset=\"https:\/\/empiezapori.com\/wp-content\/uploads\/2024\/11\/empiezapori-fiesta-nacional-espana-consulado-shanghai-08.jpg 1000w, https:\/\/empiezapori.com\/wp-content\/uploads\/2024\/11\/empiezapori-fiesta-nacional-espana-consulado-shanghai-08-300x200.jpg 300w, https:\/\/empiezapori.com\/wp-content\/uploads\/2024\/11\/empiezapori-fiesta-nacional-espana-consulado-shanghai-08-768x512.jpg 768w, https:\/\/empiezapori.com\/wp-content\/uploads\/2024\/11\/empiezapori-fiesta-nacional-espana-consulado-shanghai-08-500x334.jpg 500w, https:\/\/empiezapori.com\/wp-content\/uploads\/2024\/11\/empiezapori-fiesta-nacional-espana-consulado-shanghai-08-800x534.jpg 800w\" sizes=\"(max-width: 1000px) 100vw, 1000px\" \/>            <\/li>\r\n                    <li class=\"blocks-gallery-item\">\r\n                <img decoding=\"async\" width=\"1000\" height=\"667\" src=\"https:\/\/empiezapori.com\/wp-content\/uploads\/2024\/11\/empiezapori-fiesta-nacional-espana-consulado-shanghai-09.jpg\" class=\"attachment-large size-large\" alt=\"\" srcset=\"https:\/\/empiezapori.com\/wp-content\/uploads\/2024\/11\/empiezapori-fiesta-nacional-espana-consulado-shanghai-09.jpg 1000w, https:\/\/empiezapori.com\/wp-content\/uploads\/2024\/11\/empiezapori-fiesta-nacional-espana-consulado-shanghai-09-300x200.jpg 300w, https:\/\/empiezapori.com\/wp-content\/uploads\/2024\/11\/empiezapori-fiesta-nacional-espana-consulado-shanghai-09-768x512.jpg 768w, https:\/\/empiezapori.com\/wp-content\/uploads\/2024\/11\/empiezapori-fiesta-nacional-espana-consulado-shanghai-09-500x334.jpg 500w, https:\/\/empiezapori.com\/wp-content\/uploads\/2024\/11\/empiezapori-fiesta-nacional-espana-consulado-shanghai-09-800x534.jpg 800w\" sizes=\"(max-width: 1000px) 100vw, 1000px\" \/>            <\/li>\r\n                    <li class=\"blocks-gallery-item\">\r\n                <img decoding=\"async\" width=\"1000\" height=\"667\" src=\"https:\/\/empiezapori.com\/wp-content\/uploads\/2024\/11\/empiezapori-fiesta-nacional-espana-consulado-shanghai-10.jpg\" class=\"attachment-large size-large\" alt=\"\" srcset=\"https:\/\/empiezapori.com\/wp-content\/uploads\/2024\/11\/empiezapori-fiesta-nacional-espana-consulado-shanghai-10.jpg 1000w, https:\/\/empiezapori.com\/wp-content\/uploads\/2024\/11\/empiezapori-fiesta-nacional-espana-consulado-shanghai-10-300x200.jpg 300w, https:\/\/empiezapori.com\/wp-content\/uploads\/2024\/11\/empiezapori-fiesta-nacional-espana-consulado-shanghai-10-768x512.jpg 768w, https:\/\/empiezapori.com\/wp-content\/uploads\/2024\/11\/empiezapori-fiesta-nacional-espana-consulado-shanghai-10-500x334.jpg 500w, https:\/\/empiezapori.com\/wp-content\/uploads\/2024\/11\/empiezapori-fiesta-nacional-espana-consulado-shanghai-10-800x534.jpg 800w\" sizes=\"(max-width: 1000px) 100vw, 1000px\" \/>            <\/li>\r\n                    <li class=\"blocks-gallery-item\">\r\n                <img decoding=\"async\" width=\"1000\" height=\"667\" src=\"https:\/\/empiezapori.com\/wp-content\/uploads\/2024\/11\/empiezapori-fiesta-nacional-espana-consulado-shanghai-11.jpg\" class=\"attachment-large size-large\" alt=\"\" srcset=\"https:\/\/empiezapori.com\/wp-content\/uploads\/2024\/11\/empiezapori-fiesta-nacional-espana-consulado-shanghai-11.jpg 1000w, https:\/\/empiezapori.com\/wp-content\/uploads\/2024\/11\/empiezapori-fiesta-nacional-espana-consulado-shanghai-11-300x200.jpg 300w, https:\/\/empiezapori.com\/wp-content\/uploads\/2024\/11\/empiezapori-fiesta-nacional-espana-consulado-shanghai-11-768x512.jpg 768w, https:\/\/empiezapori.com\/wp-content\/uploads\/2024\/11\/empiezapori-fiesta-nacional-espana-consulado-shanghai-11-500x334.jpg 500w, https:\/\/empiezapori.com\/wp-content\/uploads\/2024\/11\/empiezapori-fiesta-nacional-espana-consulado-shanghai-11-800x534.jpg 800w\" sizes=\"(max-width: 1000px) 100vw, 1000px\" \/>            <\/li>\r\n            <\/ul>\r\n<\/figure>\r\n<\/div>\r\n<!--Cliente-->\r\n<div>\r\n\tCliente: \r\n\t<ul id=\"ul_cliente\">\r\n\t\t    <li id=\"li_cliente\">\r\n\t    \t<!--<a href=\"\"><\/a> -->\r\n\t\t\tConsulado de Espa\u00f1a en Shanghai\t    <\/li>\r\n\t\t<\/ul>\r\n<\/div><\/div>\n<\/div><\/div>\n\n<p><\/p>\n","protected":false},"excerpt":{"rendered":"<p>Concepte i elements del disseny Pel disseny, ens inspirem en la rica tradici\u00f3 del flamenc, integrant elements visuals emblem\u00e0tics com: Tots aquests elements es van unir en una figura principal que va servir de base per a cada pe\u00e7a de l\u02bcesdeveniment, assegurant cohesi\u00f3 visual i una identitat memorable. La paleta de colors utilitzada (vermell, blanc, [&hellip;]<\/p>\n","protected":false},"author":1,"featured_media":34608,"menu_order":0,"comment_status":"closed","ping_status":"closed","template":"","format":"standard","meta":{"_acf_changed":false,"_seopress_robots_primary_cat":"","_seopress_titles_title":"Imatge corporativa de la Festa Nacional d\u00b4Espanya 2024","_seopress_titles_desc":"Creem cartelleria, invitacions, men\u00fas, photocalls... cuidant cada detall del teu esdeveniment per transmetre els valors de la teva marca.","_seopress_robots_index":"","inline_featured_image":false,"_uag_custom_page_level_css":"","_kad_blocks_custom_css":"","_kad_blocks_head_custom_js":"","_kad_blocks_body_custom_js":"","_kad_blocks_footer_custom_js":"","site-sidebar-layout":"default","site-content-layout":"","ast-site-content-layout":"default","site-content-style":"default","site-sidebar-style":"default","ast-global-header-display":"","ast-banner-title-visibility":"","ast-main-header-display":"","ast-hfb-above-header-display":"","ast-hfb-below-header-display":"","ast-hfb-mobile-header-display":"","site-post-title":"","ast-breadcrumbs-content":"","ast-featured-img":"","footer-sml-layout":"","ast-disable-related-posts":"","theme-transparent-header-meta":"","adv-header-id-meta":"","stick-header-meta":"","header-above-stick-meta":"","header-main-stick-meta":"","header-below-stick-meta":"","astra-migrate-meta-layouts":"default","ast-page-background-enabled":"default","ast-page-background-meta":{"desktop":{"background-color":"","background-image":"","background-repeat":"repeat","background-position":"center center","background-size":"auto","background-attachment":"scroll","background-type":"","background-media":"","overlay-type":"","overlay-color":"","overlay-opacity":"","overlay-gradient":""},"tablet":{"background-color":"","background-image":"","background-repeat":"repeat","background-position":"center center","background-size":"auto","background-attachment":"scroll","background-type":"","background-media":"","overlay-type":"","overlay-color":"","overlay-opacity":"","overlay-gradient":""},"mobile":{"background-color":"","background-image":"","background-repeat":"repeat","background-position":"center center","background-size":"auto","background-attachment":"scroll","background-type":"","background-media":"","overlay-type":"","overlay-color":"","overlay-opacity":"","overlay-gradient":""}},"ast-content-background-meta":{"desktop":{"background-color":"var(--ast-global-color-5)","background-image":"","background-repeat":"repeat","background-position":"center center","background-size":"auto","background-attachment":"scroll","background-type":"","background-media":"","overlay-type":"","overlay-color":"","overlay-opacity":"","overlay-gradient":""},"tablet":{"background-color":"var(--ast-global-color-5)","background-image":"","background-repeat":"repeat","background-position":"center center","background-size":"auto","background-attachment":"scroll","background-type":"","background-media":"","overlay-type":"","overlay-color":"","overlay-opacity":"","overlay-gradient":""},"mobile":{"background-color":"var(--ast-global-color-5)","background-image":"","background-repeat":"repeat","background-position":"center center","background-size":"auto","background-attachment":"scroll","background-type":"","background-media":"","overlay-type":"","overlay-color":"","overlay-opacity":"","overlay-gradient":""}},"_vp_format_video_url":"","_vp_image_focal_point":[],"footnotes":""},"portfolio_category":[756,706,720,702],"portfolio_tag":[],"class_list":["post-34643","portfolio","type-portfolio","status-publish","format-standard","has-post-thumbnail","hentry","portfolio_category-creacion-de-campanas-publicitarias-ca","portfolio_category-disseny-corporatiu","portfolio_category-disseny-de-logotips","portfolio_category-disseny-grafic"],"acf":[],"taxonomy_info":{"portfolio_category":[{"value":756,"label":"Creaci\u00f3n de campa\u00f1as publicitarias"},{"value":706,"label":"Disseny corporatiu"},{"value":720,"label":"Disseny de logotips"},{"value":702,"label":"Disseny gr\u00e0fic"}]},"featured_image_src_large":["https:\/\/empiezapori.com\/wp-content\/uploads\/2024\/11\/empiezapori-fiesta-nacional-espana-consulado-shanghai-02-682x1024.jpg",682,1024,true],"author_info":{"display_name":"Administrador EXI","author_link":"https:\/\/empiezapori.com\/ca\/author\/empiezapori\/"},"comment_info":0,"uagb_featured_image_src":{"full":["https:\/\/empiezapori.com\/wp-content\/uploads\/2024\/11\/empiezapori-fiesta-nacional-espana-consulado-shanghai-02.jpg",800,1202,false],"thumbnail":["https:\/\/empiezapori.com\/wp-content\/uploads\/2024\/11\/empiezapori-fiesta-nacional-espana-consulado-shanghai-02-150x150.jpg",150,150,true],"medium":["https:\/\/empiezapori.com\/wp-content\/uploads\/2024\/11\/empiezapori-fiesta-nacional-espana-consulado-shanghai-02-200x300.jpg",200,300,true],"medium_large":["https:\/\/empiezapori.com\/wp-content\/uploads\/2024\/11\/empiezapori-fiesta-nacional-espana-consulado-shanghai-02-768x1154.jpg",768,1154,true],"large":["https:\/\/empiezapori.com\/wp-content\/uploads\/2024\/11\/empiezapori-fiesta-nacional-espana-consulado-shanghai-02-682x1024.jpg",682,1024,true],"1536x1536":["https:\/\/empiezapori.com\/wp-content\/uploads\/2024\/11\/empiezapori-fiesta-nacional-espana-consulado-shanghai-02.jpg",800,1202,false],"2048x2048":["https:\/\/empiezapori.com\/wp-content\/uploads\/2024\/11\/empiezapori-fiesta-nacional-espana-consulado-shanghai-02.jpg",800,1202,false],"vp_sm":["https:\/\/empiezapori.com\/wp-content\/uploads\/2024\/11\/empiezapori-fiesta-nacional-espana-consulado-shanghai-02-500x751.jpg",500,751,true],"vp_md":["https:\/\/empiezapori.com\/wp-content\/uploads\/2024\/11\/empiezapori-fiesta-nacional-espana-consulado-shanghai-02.jpg",800,1202,false],"vp_lg":["https:\/\/empiezapori.com\/wp-content\/uploads\/2024\/11\/empiezapori-fiesta-nacional-espana-consulado-shanghai-02.jpg",800,1202,false],"vp_xl":["https:\/\/empiezapori.com\/wp-content\/uploads\/2024\/11\/empiezapori-fiesta-nacional-espana-consulado-shanghai-02.jpg",800,1202,false],"vp_sm_popup":["https:\/\/empiezapori.com\/wp-content\/uploads\/2024\/11\/empiezapori-fiesta-nacional-espana-consulado-shanghai-02-500x751.jpg",500,751,true],"vp_md_popup":["https:\/\/empiezapori.com\/wp-content\/uploads\/2024\/11\/empiezapori-fiesta-nacional-espana-consulado-shanghai-02.jpg",800,1202,false],"vp_xl_popup":["https:\/\/empiezapori.com\/wp-content\/uploads\/2024\/11\/empiezapori-fiesta-nacional-espana-consulado-shanghai-02.jpg",800,1202,false]},"uagb_author_info":{"display_name":"Administrador EXI","author_link":"https:\/\/empiezapori.com\/ca\/author\/empiezapori\/"},"uagb_comment_info":0,"uagb_excerpt":"Concepte i elements del disseny Pel disseny, ens inspirem en la rica tradici\u00f3 del flamenc, integrant elements visuals emblem\u00e0tics com: Tots aquests elements es van unir en una figura principal que va servir de base per a cada pe\u00e7a de l\u02bcesdeveniment, assegurant cohesi\u00f3 visual i una identitat memorable. La paleta de colors utilitzada (vermell, blanc,&hellip;","_links":{"self":[{"href":"https:\/\/empiezapori.com\/ca\/wp-json\/wp\/v2\/portfolio\/34643","targetHints":{"allow":["GET"]}}],"collection":[{"href":"https:\/\/empiezapori.com\/ca\/wp-json\/wp\/v2\/portfolio"}],"about":[{"href":"https:\/\/empiezapori.com\/ca\/wp-json\/wp\/v2\/types\/portfolio"}],"author":[{"embeddable":true,"href":"https:\/\/empiezapori.com\/ca\/wp-json\/wp\/v2\/users\/1"}],"replies":[{"embeddable":true,"href":"https:\/\/empiezapori.com\/ca\/wp-json\/wp\/v2\/comments?post=34643"}],"version-history":[{"count":0,"href":"https:\/\/empiezapori.com\/ca\/wp-json\/wp\/v2\/portfolio\/34643\/revisions"}],"wp:featuredmedia":[{"embeddable":true,"href":"https:\/\/empiezapori.com\/ca\/wp-json\/wp\/v2\/media\/34608"}],"wp:attachment":[{"href":"https:\/\/empiezapori.com\/ca\/wp-json\/wp\/v2\/media?parent=34643"}],"wp:term":[{"taxonomy":"portfolio_category","embeddable":true,"href":"https:\/\/empiezapori.com\/ca\/wp-json\/wp\/v2\/portfolio_category?post=34643"},{"taxonomy":"portfolio_tag","embeddable":true,"href":"https:\/\/empiezapori.com\/ca\/wp-json\/wp\/v2\/portfolio_tag?post=34643"}],"curies":[{"name":"wp","href":"https:\/\/api.w.org\/{rel}","templated":true}]}}